{"id":1621,"date":"2022-09-15T11:20:40","date_gmt":"2022-09-15T09:20:40","guid":{"rendered":"https:\/\/www.castello-seeschloss.ch\/?page_id=1621\/"},"modified":"2026-03-26T12:51:27","modified_gmt":"2026-03-26T11:51:27","slug":"ristorante-al-lago","status":"publish","type":"page","link":"https:\/\/www.castello-seeschloss.ch\/de\/ristorante-al-lago\/","title":{"rendered":"Ristorante al Lago"},"content":{"rendered":"<\/p>\n<div id='full_slider_1'  class='avia-fullwidth-slider main_color avia-shadow   avia-builder-el-0  el_before_av_heading  avia-builder-el-first   container_wrap fullsize'  ><div  class='avia-slideshow av-xd2uh1-297907b7409c90db75d950d25d11b689 avia-slideshow-no scaling av_slideshow_full avia-slide-slider av-slideshow-ui av-control-default av-slideshow-manual av-loop-once av-loop-manual-endless av-default-height-applied   avia-slideshow-1' data-slideshow-options=\"{&quot;animation&quot;:&quot;slide&quot;,&quot;autoplay&quot;:false,&quot;loop_autoplay&quot;:&quot;once&quot;,&quot;interval&quot;:5,&quot;loop_manual&quot;:&quot;manual-endless&quot;,&quot;autoplay_stopper&quot;:false,&quot;noNavigation&quot;:false,&quot;bg_slider&quot;:false,&quot;keep_padding&quot;:false,&quot;hoverpause&quot;:false,&quot;show_slide_delay&quot;:0}\"  itemprop=\"image\" itemscope=\"itemscope\" itemtype=\"https:\/\/schema.org\/ImageObject\" ><ul class='avia-slideshow-inner ' style='padding-bottom: 28.666666666667%;'><li  class='avia-slideshow-slide av-xd2uh1-297907b7409c90db75d950d25d11b689__0  slide-1 slide-odd'><div data-rel='slideshow-1' class='avia-slide-wrap '   ><img decoding=\"async\" fetchpriority=\"high\" class=\"wp-image-10738 avia-img-lazy-loading-not-10738\"  src=\"https:\/\/www.castello-seeschloss.ch\/wp-content\/uploads\/2024\/03\/castello-seeschloss-ascona-schweiz-romantikhotel-restaurant-al-lago-aussenansicht-1500x430-1.jpg\" width=\"1500\" height=\"430\" title='Castello Seeschloss Ascona Schweiz Romantikhotel (Restaurant Al Lago \/ Aussenansicht) - 1500x430' alt=''  itemprop=\"thumbnailUrl\"  style='min-height:400px; min-width:1396px; ' \/><\/div><\/li><li  class='avia-slideshow-slide av-xd2uh1-297907b7409c90db75d950d25d11b689__1  slide-2 slide-even'><div data-rel='slideshow-1' class='avia-slide-wrap '   ><img decoding=\"async\" fetchpriority=\"high\" class=\"wp-image-10750 avia-img-lazy-loading-not-10750\"  src=\"https:\/\/www.castello-seeschloss.ch\/wp-content\/uploads\/2024\/03\/castello-seeschloss-ascona-schweiz-romantikhotel-restaurant-al-lago-innenansicht-1500x430-1.jpg\" width=\"1500\" height=\"430\" title='Castello Seeschloss Ascona Schweiz Romantikhotel (Restaurant Al Lago \/ Innenansicht) - 1500x430' alt=''  itemprop=\"thumbnailUrl\"  style='min-height:400px; min-width:1396px; ' \/><\/div><\/li><li  class='avia-slideshow-slide av-xd2uh1-297907b7409c90db75d950d25d11b689__2  slide-3 slide-odd'><div data-rel='slideshow-1' class='avia-slide-wrap '   ><img decoding=\"async\" fetchpriority=\"high\" class=\"wp-image-10742 avia-img-lazy-loading-not-10742\"  src=\"https:\/\/www.castello-seeschloss.ch\/wp-content\/uploads\/2024\/03\/castello-seeschloss-ascona-schweiz-romantikhotel-restaurant-al-lago-blick-auf-den-see-1500x430-1.jpg\" width=\"1500\" height=\"430\" title='Castello Seeschloss Ascona Schweiz Romantikhotel (Restaurant Al Lago \/ Blick auf den See) - 1500x430' alt=''  itemprop=\"thumbnailUrl\"  style='min-height:400px; min-width:1396px; ' \/><\/div><\/li><li  class='avia-slideshow-slide av-xd2uh1-297907b7409c90db75d950d25d11b689__3  slide-4 slide-even'><div data-rel='slideshow-1' class='avia-slide-wrap '   ><img decoding=\"async\" fetchpriority=\"high\" class=\"wp-image-10754 avia-img-lazy-loading-not-10754\"  src=\"https:\/\/www.castello-seeschloss.ch\/wp-content\/uploads\/2024\/03\/castello-seeschloss-ascona-schweiz-romantikhotel-restaurant-al-lago-rosette-1500x430-1.jpg\" width=\"1500\" height=\"430\" title='Castello Seeschloss Ascona Schweiz Romantikhotel (Restaurant Al Lago \/ Rosette) - 1500x430' alt=''  itemprop=\"thumbnailUrl\"  style='min-height:400px; min-width:1396px; ' \/><\/div><\/li><li  class='avia-slideshow-slide av-xd2uh1-297907b7409c90db75d950d25d11b689__4  slide-5 slide-odd'><div data-rel='slideshow-1' class='avia-slide-wrap '   ><img decoding=\"async\" fetchpriority=\"high\" class=\"wp-image-10746 avia-img-lazy-loading-not-10746\"  src=\"https:\/\/www.castello-seeschloss.ch\/wp-content\/uploads\/2024\/03\/castello-seeschloss-ascona-schweiz-romantikhotel-restaurant-al-lago-buescion-1500x430-1.jpg\" width=\"1500\" height=\"430\" title='Castello Seeschloss Ascona Schweiz Romantikhotel (Restaurant Al Lago \/ B\u00fcscion) - 1500x430' alt=''  itemprop=\"thumbnailUrl\"  style='min-height:400px; min-width:1396px; ' \/><\/div><\/li><li  class='avia-slideshow-slide av-xd2uh1-297907b7409c90db75d950d25d11b689__5  slide-6 slide-even'><div data-rel='slideshow-1' class='avia-slide-wrap '   ><img decoding=\"async\" fetchpriority=\"high\" class=\"wp-image-10758 avia-img-lazy-loading-not-10758\"  src=\"https:\/\/www.castello-seeschloss.ch\/wp-content\/uploads\/2024\/03\/castello-seeschloss-ascona-schweiz-romantikhotel-restaurant-al-lago-schweinebauch-1500x430-1.jpg\" width=\"1500\" height=\"430\" title='Castello Seeschloss Ascona Schweiz Romantikhotel (Restaurant Al Lago \/ Schweinebauch) - 1500x430' alt=''  itemprop=\"thumbnailUrl\"  style='min-height:400px; min-width:1396px; ' \/><\/div><\/li><\/ul><div class='avia-slideshow-arrows avia-slideshow-controls' ><a href='#prev' class='prev-slide  avia-svg-icon avia-font-svg_entypo-fontello' data-av_svg_icon='left-open-big' data-av_iconset='svg_entypo-fontello' tabindex='-1' title=\"Zur\u00fcck\"><svg version=\"1.1\" xmlns=\"http:\/\/www.w3.org\/2000\/svg\" width=\"15\" height=\"32\" viewBox=\"0 0 15 32\" preserveAspectRatio=\"xMidYMid meet\" aria-labelledby='av-svg-title-1' aria-describedby='av-svg-desc-1' role=\"graphics-symbol\" aria-hidden=\"true\">\n<title id='av-svg-title-1'>Zur\u00fcck<\/title>\n<desc id='av-svg-desc-1'>Zur\u00fcck<\/desc>\n<path d=\"M14.464 27.84q0.832 0.832 0 1.536-0.832 0.832-1.536 0l-12.544-12.608q-0.768-0.768 0-1.6l12.544-12.608q0.704-0.832 1.536 0 0.832 0.704 0 1.536l-11.456 11.904z\"><\/path>\n<\/svg><span class='avia_hidden_link_text'>Zur\u00fcck<\/span><\/a><a href='#next' class='next-slide  avia-svg-icon avia-font-svg_entypo-fontello' data-av_svg_icon='right-open-big' data-av_iconset='svg_entypo-fontello' tabindex='-1' title=\"Weiter\"><svg version=\"1.1\" xmlns=\"http:\/\/www.w3.org\/2000\/svg\" width=\"15\" height=\"32\" viewBox=\"0 0 15 32\" preserveAspectRatio=\"xMidYMid meet\" aria-labelledby='av-svg-title-2' aria-describedby='av-svg-desc-2' role=\"graphics-symbol\" aria-hidden=\"true\">\n<title id='av-svg-title-2'>Weiter<\/title>\n<desc id='av-svg-desc-2'>Weiter<\/desc>\n<path d=\"M0.416 27.84l11.456-11.84-11.456-11.904q-0.832-0.832 0-1.536 0.832-0.832 1.536 0l12.544 12.608q0.768 0.832 0 1.6l-12.544 12.608q-0.704 0.832-1.536 0-0.832-0.704 0-1.536z\"><\/path>\n<\/svg><span class='avia_hidden_link_text'>Weiter<\/span><\/a><\/div><div class='avia-slideshow-dots avia-slideshow-controls'><a href='#1' class='goto-slide active' >1<\/a><a href='#2' class='goto-slide ' >2<\/a><a href='#3' class='goto-slide ' >3<\/a><a href='#4' class='goto-slide ' >4<\/a><a href='#5' class='goto-slide ' >5<\/a><a href='#6' class='goto-slide ' >6<\/a><\/div><\/div><\/div><div id='after_full_slider_1'  class='main_color av_default_container_wrap container_wrap fullsize'  ><div class='container av-section-cont-open' ><div class='template-page content  av-content-full alpha units'><div class='post-entry post-entry-type-page post-entry-1621'><div class='entry-content-wrapper clearfix'>\n\n<style type=\"text\/css\" data-created_by=\"avia_inline_auto\" id=\"style-css-av-j5pf9x-dcea2455015310d4bbd355b97ffd636a\">\n#top .av-special-heading.av-j5pf9x-dcea2455015310d4bbd355b97ffd636a{\npadding-bottom:20px;\nfont-size:40px;\n}\nbody .av-special-heading.av-j5pf9x-dcea2455015310d4bbd355b97ffd636a .av-special-heading-tag .heading-char{\nfont-size:25px;\n}\n#top #wrap_all .av-special-heading.av-j5pf9x-dcea2455015310d4bbd355b97ffd636a .av-special-heading-tag{\nfont-size:40px;\n}\n.av-special-heading.av-j5pf9x-dcea2455015310d4bbd355b97ffd636a .av-subheading{\nfont-size:15px;\n}\n\n@media only screen and (min-width: 480px) and (max-width: 767px){ \n#top #wrap_all .av-special-heading.av-j5pf9x-dcea2455015310d4bbd355b97ffd636a .av-special-heading-tag{\nfont-size:0.8em;\n}\n}\n\n@media only screen and (max-width: 479px){ \n#top #wrap_all .av-special-heading.av-j5pf9x-dcea2455015310d4bbd355b97ffd636a .av-special-heading-tag{\nfont-size:0.8em;\n}\n}\n<\/style>\n<div  class='av-special-heading av-j5pf9x-dcea2455015310d4bbd355b97ffd636a av-special-heading-h1 blockquote modern-quote modern-centered  avia-builder-el-1  el_after_av_slideshow_full  el_before_av_gallery  avia-builder-el-first  av-inherit-size'><h1 class='av-special-heading-tag '  itemprop=\"headline\"  >Ristorante al \u00bbLago\u00ab<\/h1><div class=\"special-heading-border\"><div class=\"special-heading-inner-border\"><\/div><\/div><\/div>\n\n<style type=\"text\/css\" data-created_by=\"avia_inline_auto\" id=\"style-css-av-hgo2c5-fed6bf542b407e24a9b2bc8f99e8cb52\">\n#top .avia-gallery.av-hgo2c5-fed6bf542b407e24a9b2bc8f99e8cb52 .avia-gallery-thumb a{\nwidth:33.3333%;\n}\n<\/style>\n<div  class='avia-gallery av-hgo2c5-fed6bf542b407e24a9b2bc8f99e8cb52 avia_animate_when_visible  avia-builder-el-2  el_after_av_heading  el_before_av_partner  avia_lazyload avia-gallery-animate avia-gallery-1'  itemprop=\"image\" itemscope=\"itemscope\" itemtype=\"https:\/\/schema.org\/ImageObject\" ><meta itemprop=\"contentURL\" content=\"https:\/\/www.castello-seeschloss.ch\/de\/ristorante-al-lago\/\"><div class='avia-gallery-thumb'><a href=\"https:\/\/www.castello-seeschloss.ch\/wp-content\/uploads\/2017\/01\/DSC4535-1030x687.jpg\" data-srcset=\"https:\/\/www.castello-seeschloss.ch\/wp-content\/uploads\/2017\/01\/DSC4535-1030x687.jpg 1030w, https:\/\/www.castello-seeschloss.ch\/wp-content\/uploads\/2017\/01\/DSC4535-300x200.jpg 300w, https:\/\/www.castello-seeschloss.ch\/wp-content\/uploads\/2017\/01\/DSC4535-768x512.jpg 768w, https:\/\/www.castello-seeschloss.ch\/wp-content\/uploads\/2017\/01\/DSC4535.jpg 1200w, https:\/\/www.castello-seeschloss.ch\/wp-content\/uploads\/2017\/01\/DSC4535-705x470.jpg 705w, https:\/\/www.castello-seeschloss.ch\/wp-content\/uploads\/2017\/01\/DSC4535-450x300.jpg 450w\" data-sizes=\"(max-width: 1024px) 100vw, 1024px\" data-rel='gallery-1' data-prev-img='https:\/\/www.castello-seeschloss.ch\/wp-content\/uploads\/2017\/01\/DSC4535-495x400.jpg' class='first_thumb lightbox ' data-onclick='1' title='_DSC4535'  itemprop=\"thumbnailUrl\"  ><img decoding=\"async\" fetchpriority=\"high\" class=\"wp-image-2036 avia-img-lazy-loading-not-2036\"   src=\"https:\/\/www.castello-seeschloss.ch\/wp-content\/uploads\/2017\/01\/DSC4535-260x185.jpg\" width=\"260\" height=\"185\"  title='_DSC4535' alt='' \/><div class='big-prev-fake'><img decoding=\"async\" fetchpriority=\"high\" class=\"wp-image-2036 avia-img-lazy-loading-not-2036\"  width=\"495\" height=\"400\" src=\"https:\/\/www.castello-seeschloss.ch\/wp-content\/uploads\/2017\/01\/DSC4535-495x400.jpg\" title='_DSC4535' alt='' srcset=\"https:\/\/www.castello-seeschloss.ch\/wp-content\/uploads\/2017\/01\/DSC4535-495x400.jpg 495w, https:\/\/www.castello-seeschloss.ch\/wp-content\/uploads\/2017\/01\/DSC4535-845x684.jpg 845w\" sizes=\"(max-width: 495px) 100vw, 495px\" \/><\/div><\/a><a href=\"https:\/\/www.castello-seeschloss.ch\/wp-content\/uploads\/2017\/01\/al-la-carte-Pavillon-Richtung-Turm-687x1030.jpg\" data-srcset=\"https:\/\/www.castello-seeschloss.ch\/wp-content\/uploads\/2017\/01\/al-la-carte-Pavillon-Richtung-Turm-687x1030.jpg 687w, https:\/\/www.castello-seeschloss.ch\/wp-content\/uploads\/2017\/01\/al-la-carte-Pavillon-Richtung-Turm-200x300.jpg 200w, https:\/\/www.castello-seeschloss.ch\/wp-content\/uploads\/2017\/01\/al-la-carte-Pavillon-Richtung-Turm-768x1152.jpg 768w, https:\/\/www.castello-seeschloss.ch\/wp-content\/uploads\/2017\/01\/al-la-carte-Pavillon-Richtung-Turm-1000x1500.jpg 1000w, https:\/\/www.castello-seeschloss.ch\/wp-content\/uploads\/2017\/01\/al-la-carte-Pavillon-Richtung-Turm-470x705.jpg 470w, https:\/\/www.castello-seeschloss.ch\/wp-content\/uploads\/2017\/01\/al-la-carte-Pavillon-Richtung-Turm-450x675.jpg 450w, https:\/\/www.castello-seeschloss.ch\/wp-content\/uploads\/2017\/01\/al-la-carte-Pavillon-Richtung-Turm.jpg 1200w\" data-sizes=\"(max-width: 683px) 100vw, 683px\" data-rel='gallery-1' data-prev-img='https:\/\/www.castello-seeschloss.ch\/wp-content\/uploads\/2017\/01\/al-la-carte-Pavillon-Richtung-Turm-495x400.jpg' class='lightbox ' data-onclick='2' title='al la carte Pavillon Richtung Turm'  itemprop=\"thumbnailUrl\"  ><img decoding=\"async\" fetchpriority=\"high\" class=\"wp-image-2034 avia-img-lazy-loading-not-2034\"   src=\"https:\/\/www.castello-seeschloss.ch\/wp-content\/uploads\/2017\/01\/al-la-carte-Pavillon-Richtung-Turm-260x185.jpg\" width=\"260\" height=\"185\"  title='al la carte Pavillon Richtung Turm' alt='' \/><div class='big-prev-fake'><img decoding=\"async\" fetchpriority=\"high\" class=\"wp-image-2034 avia-img-lazy-loading-not-2034\"  width=\"495\" height=\"400\" src=\"https:\/\/www.castello-seeschloss.ch\/wp-content\/uploads\/2017\/01\/al-la-carte-Pavillon-Richtung-Turm-495x400.jpg\" title='al la carte Pavillon Richtung Turm' alt='' srcset=\"https:\/\/www.castello-seeschloss.ch\/wp-content\/uploads\/2017\/01\/al-la-carte-Pavillon-Richtung-Turm-495x400.jpg 495w, https:\/\/www.castello-seeschloss.ch\/wp-content\/uploads\/2017\/01\/al-la-carte-Pavillon-Richtung-Turm-845x684.jpg 845w\" sizes=\"(max-width: 495px) 100vw, 495px\" \/><\/div><\/a><a href=\"https:\/\/www.castello-seeschloss.ch\/wp-content\/uploads\/2017\/03\/Castello_Seeschloss_0119_KL-687x1030.jpg\" data-srcset=\"https:\/\/www.castello-seeschloss.ch\/wp-content\/uploads\/2017\/03\/Castello_Seeschloss_0119_KL-687x1030.jpg 687w, https:\/\/www.castello-seeschloss.ch\/wp-content\/uploads\/2017\/03\/Castello_Seeschloss_0119_KL-200x300.jpg 200w, https:\/\/www.castello-seeschloss.ch\/wp-content\/uploads\/2017\/03\/Castello_Seeschloss_0119_KL-768x1152.jpg 768w, https:\/\/www.castello-seeschloss.ch\/wp-content\/uploads\/2017\/03\/Castello_Seeschloss_0119_KL-1000x1500.jpg 1000w, https:\/\/www.castello-seeschloss.ch\/wp-content\/uploads\/2017\/03\/Castello_Seeschloss_0119_KL-470x705.jpg 470w, https:\/\/www.castello-seeschloss.ch\/wp-content\/uploads\/2017\/03\/Castello_Seeschloss_0119_KL-450x675.jpg 450w, https:\/\/www.castello-seeschloss.ch\/wp-content\/uploads\/2017\/03\/Castello_Seeschloss_0119_KL.jpg 1200w\" data-sizes=\"(max-width: 683px) 100vw, 683px\" data-rel='gallery-1' data-prev-img='https:\/\/www.castello-seeschloss.ch\/wp-content\/uploads\/2017\/03\/Castello_Seeschloss_0119_KL-495x400.jpg' class='lightbox ' data-onclick='3' title='Castello_Seeschloss_0119_KL'  itemprop=\"thumbnailUrl\"  ><img decoding=\"async\" fetchpriority=\"high\" class=\"wp-image-1955 avia-img-lazy-loading-not-1955\"   src=\"https:\/\/www.castello-seeschloss.ch\/wp-content\/uploads\/2017\/03\/Castello_Seeschloss_0119_KL-260x185.jpg\" width=\"260\" height=\"185\"  title='Castello_Seeschloss_0119_KL' alt='' \/><div class='big-prev-fake'><img decoding=\"async\" fetchpriority=\"high\" class=\"wp-image-1955 avia-img-lazy-loading-not-1955\"  width=\"495\" height=\"400\" src=\"https:\/\/www.castello-seeschloss.ch\/wp-content\/uploads\/2017\/03\/Castello_Seeschloss_0119_KL-495x400.jpg\" title='Castello_Seeschloss_0119_KL' alt='' srcset=\"https:\/\/www.castello-seeschloss.ch\/wp-content\/uploads\/2017\/03\/Castello_Seeschloss_0119_KL-495x400.jpg 495w, https:\/\/www.castello-seeschloss.ch\/wp-content\/uploads\/2017\/03\/Castello_Seeschloss_0119_KL-845x684.jpg 845w\" sizes=\"(max-width: 495px) 100vw, 495px\" \/><\/div><\/a><\/div><\/div>\n<div  class='avia-logo-element-container av-m3ecq22k-c2088952f768cd26afe03aa33d51e9af av-border-deactivate avia-logo-slider avia-content-slider avia-smallarrow-slider avia-content-slider-active noHover avia-content-slider-even  avia-builder-el-3  el_after_av_gallery  el_before_av_section  avia-builder-el-last  av-slideshow-ui av-control-default av-nav-arrows-visible av-nav-dots-visible av-no-slider-navigation av-slideshow-manual av-loop-once av-loop-manual-endless avia-content-slider1' data-slideshow-options=\"{&quot;animation&quot;:&quot;slide&quot;,&quot;autoplay&quot;:false,&quot;loop_autoplay&quot;:&quot;once&quot;,&quot;interval&quot;:5,&quot;loop_manual&quot;:&quot;manual-endless&quot;,&quot;autoplay_stopper&quot;:false,&quot;noNavigation&quot;:false,&quot;bg_slider&quot;:false,&quot;keep_padding&quot;:&quot;&quot;,&quot;hoverpause&quot;:false,&quot;show_slide_delay&quot;:0}\"><div class='avia-smallarrow-slider-heading  no-logo-slider-heading '><div class='new-special-heading'>&nbsp;<\/div><\/div><div class=\"avia-content-slider-inner\"><div class=\"slide-entry-wrap\"><div  class='slide-entry av-3xw9ut-9ba7ac89f45393ef339af28deb278674 flex_column no_margin av_one_half real-thumbnail post-entry slide-entry-overview slide-loop-1 slide-parity-odd  first'><a href=\"https:\/\/guide.michelin.com\/en\/ticino\/ascona\/restaurant\/al-lago\" data-rel='slide-1' class='slide-image' title=''  target=\"_blank\"  rel=\"noopener noreferrer\"><img decoding=\"async\" fetchpriority=\"high\" width=\"180\" height=\"180\" src=\"https:\/\/www.castello-seeschloss.ch\/wp-content\/uploads\/2024\/11\/MICHELIN-2024_Selected_E-label-180x180.png\" class=\"wp-image-13691 avia-img-lazy-loading-not-13691 attachment-square size-square\" alt=\"\" srcset=\"https:\/\/www.castello-seeschloss.ch\/wp-content\/uploads\/2024\/11\/MICHELIN-2024_Selected_E-label-180x180.png 180w, https:\/\/www.castello-seeschloss.ch\/wp-content\/uploads\/2024\/11\/MICHELIN-2024_Selected_E-label-300x300.png 300w, https:\/\/www.castello-seeschloss.ch\/wp-content\/uploads\/2024\/11\/MICHELIN-2024_Selected_E-label-150x150.png 150w, https:\/\/www.castello-seeschloss.ch\/wp-content\/uploads\/2024\/11\/MICHELIN-2024_Selected_E-label-36x36.png 36w, https:\/\/www.castello-seeschloss.ch\/wp-content\/uploads\/2024\/11\/MICHELIN-2024_Selected_E-label-705x705.png 705w, https:\/\/www.castello-seeschloss.ch\/wp-content\/uploads\/2024\/11\/MICHELIN-2024_Selected_E-label.png 712w\" sizes=\"(max-width: 180px) 100vw, 180px\" \/><\/a><\/div><div  class='slide-entry av-2fa6j9-640ec2c541fdb3d1ea697c583435ff92 flex_column no_margin av_one_half real-thumbnail post-entry slide-entry-overview slide-loop-2 slide-parity-even post-entry-last '><a href=\"https:\/\/www.gaultmillau.ch\/restaurants\/romantik-hotel-castello-seeschloss-729707\" data-rel='slide-1' class='slide-image' title=''  target=\"_blank\"  rel=\"noopener noreferrer\"><img decoding=\"async\" fetchpriority=\"high\" width=\"180\" height=\"180\" src=\"https:\/\/www.castello-seeschloss.ch\/wp-content\/uploads\/2024\/11\/gm13B-180x180.webp\" class=\"wp-image-13757 avia-img-lazy-loading-not-13757 attachment-square size-square\" alt=\"\" srcset=\"https:\/\/www.castello-seeschloss.ch\/wp-content\/uploads\/2024\/11\/gm13B-180x180.webp 180w, https:\/\/www.castello-seeschloss.ch\/wp-content\/uploads\/2024\/11\/gm13B-150x150.webp 150w, https:\/\/www.castello-seeschloss.ch\/wp-content\/uploads\/2024\/11\/gm13B-36x36.webp 36w\" sizes=\"(max-width: 180px) 100vw, 180px\" \/><\/a><\/div><\/div><\/div><\/div>\n<\/div><\/div><\/div><!-- close content main div --><\/div><\/div>\n<style type=\"text\/css\" data-created_by=\"avia_inline_auto\" id=\"style-css-av-my2z3p-dbba7b61b8d2128aedcd03c2a97b180c\">\n.avia-section.av-my2z3p-dbba7b61b8d2128aedcd03c2a97b180c .av-extra-border-element .av-extra-border-inner{\nbackground-color:#ffffff;\n}\n<\/style>\n<div id='av_section_1'  class='avia-section av-my2z3p-dbba7b61b8d2128aedcd03c2a97b180c main_color avia-section-no-padding avia-no-border-styling  avia-builder-el-4  el_after_av_partner  el_before_av_section  avia-bg-style-scroll av-arrow-down-section container_wrap fullsize'  ><div class='container av-section-cont-open' ><div class='template-page content  av-content-full alpha units'><div class='post-entry post-entry-type-page post-entry-1621'><div class='entry-content-wrapper clearfix'>\n\n<style type=\"text\/css\" data-created_by=\"avia_inline_auto\" id=\"style-css-av-fcuaqd-ae7f1968ef3d9f7462d9b5fda28df018\">\n.flex_column.av-fcuaqd-ae7f1968ef3d9f7462d9b5fda28df018{\nborder-radius:0px 0px 0px 0px;\npadding:0px 0px 0px 0px;\n}\n<\/style>\n<div  class='flex_column av-fcuaqd-ae7f1968ef3d9f7462d9b5fda28df018 av_two_third  avia-builder-el-5  el_before_av_one_third  avia-builder-el-first  first flex_column_div av-zero-column-padding  '     ><p><section  class='av_textblock_section av-ep3yk5-d69561eba7178b2d02c3781d4f607b01 '   itemscope=\"itemscope\" itemtype=\"https:\/\/schema.org\/CreativeWork\" ><div class='avia_textblock'  itemprop=\"text\" ><p><strong>Ihr Genuss direkt am Lago Maggiore<\/strong><br \/>\nUnser Ristorante \u201eal Lago\u201c im malerischen Schlossgarten, direkt an der Piazza von Ascona, ist eine gr\u00fcne Oase mit atemberaubendem Blick auf den Lago Maggiore und die Brissago-Inseln.<\/p>\n<p><strong>Kulinarische Vielfalt zu jeder Tageszeit<\/strong><br \/>\nMittags servieren wir Ihnen k\u00f6stliche Tagesmen\u00fcs, s\u00fc\u00dfe und herzhafte Snacks sowie hausgemachte Kuchen, Eiscreme und feinste Kaffeespezialit\u00e4ten.<br \/>\nAm Abend verwandelt sich das Restaurant in eine elegante Genusswelt, die ein unvergleichliches Gesamterlebnis bietet.<\/p>\n<p><strong>Erleben Sie regionale K\u00fcche mit italienischem Flair<\/strong><br \/>\nAb 12:00 Uhr erwartet Sie eine Auswahl von feinen Tagestellern, kleinen Snacks bis hin zu exquisiten \u00c0-la-carte-Gerichten. Unser K\u00fcchenchef Alberto Pavan und sein Team verw\u00f6hnen Sie mit regionalen Kreationen, die die Leichtigkeit Italiens, frische Zutaten und eine Vielfalt an Kr\u00e4utern vereinen.<\/p>\n<p><strong>Ein unvergleichlicher Ort am See<\/strong><br \/>\nMitten im bl\u00fchenden Schlossgarten und direkt am Ufer des Lago Maggiore genie\u00dfen Sie einzigartige Gerichte in traumhaftem Ambiente. Lassen Sie sich an diesem besonderen Ort kulinarisch verw\u00f6hnen.<\/p>\n<h2><\/h2>\n<h2><\/h2>\n<h2><\/h2>\n<\/div><\/section><br \/>\n<div  class='av-catalogue-container av-lv4b16zy-4de2cdefea15a73332c9795cd3a06556  avia-builder-el-7  el_after_av_textblock  avia-builder-el-last  cc-menu-cards'><ul class='av-catalogue-list'>\n<li><div class='av-catalogue-item av-lv4b0s8m-5b5b24b5e5a9d1aa016f258dc76b141e' ><div class=\"av-catalogue-item-inner\"><div class=\"av-catalogue-title-container\"><div class='av-catalogue-title'><\/div><div class='av-catalogue-price'><\/div><\/div><div class=\"av-catalogue-content\">\n<a href=\"https:\/\/www.castello-seeschloss.ch\/wp-content\/uploads\/2026\/03\/Speisekarte-Primavera-2026.pdf\" target=\"_blank\" rel=\"noopener\">Speisekarte Primavera 2026<\/a><br \/>\n<\/div><\/div><\/div><\/li>\n<li><div class='av-catalogue-item av-lv4b16ql-03a3fb70b5a0b365974050a68b25a036' ><div class=\"av-catalogue-item-inner\"><div class=\"av-catalogue-title-container\"><div class='av-catalogue-title'><\/div><div class='av-catalogue-price'><\/div><\/div><div class=\"av-catalogue-content\">\n<a href=\"https:\/\/www.castello-seeschloss.ch\/wp-content\/uploads\/2026\/03\/Weinkarte-2026.pdf\" target=\"_blank\" rel=\"noopener\">Weinkarte<\/a><br \/>\n<\/div><\/div><\/div><\/li>\n<li><div class='av-catalogue-item av-m87imfwk-5e9d649ca3fae0bea99ac65b1deff7c9' ><div class=\"av-catalogue-item-inner\"><div class=\"av-catalogue-title-container\"><div class='av-catalogue-title'><\/div><div class='av-catalogue-price'><\/div><\/div><div class=\"av-catalogue-content\">\n<strong><a href=\"https:\/\/www.castello-seeschloss.ch\/wp-content\/uploads\/2025\/03\/Carta-snack-2025.pdf\" target=\"_blank\" rel=\"noopener\">Snack Karte 12.00-17.30<\/a><\/strong><br \/>\n<\/div><\/div><\/div><\/li>\n<\/ul><\/div><\/p><\/div>\n<style type=\"text\/css\" data-created_by=\"avia_inline_auto\" id=\"style-css-av-25gj1x-ebf62a8925157d9c7fa62f6284162e22\">\n.flex_column.av-25gj1x-ebf62a8925157d9c7fa62f6284162e22{\nborder-radius:0px 0px 0px 0px;\npadding:0px 0px 0px 0px;\n}\n<\/style>\n<div  class='flex_column av-25gj1x-ebf62a8925157d9c7fa62f6284162e22 av_one_third  avia-builder-el-8  el_after_av_two_third  avia-builder-el-last  flex_column_div av-zero-column-padding  '     ><p>\n<style type=\"text\/css\" data-created_by=\"avia_inline_auto\" id=\"style-css-av-m839ehw6-92b32257a72bb3ea1129a32c310ea9f0\">\n#top .av-special-heading.av-m839ehw6-92b32257a72bb3ea1129a32c310ea9f0{\npadding-bottom:10px;\n}\nbody .av-special-heading.av-m839ehw6-92b32257a72bb3ea1129a32c310ea9f0 .av-special-heading-tag .heading-char{\nfont-size:25px;\n}\n.av-special-heading.av-m839ehw6-92b32257a72bb3ea1129a32c310ea9f0 .av-subheading{\nfont-size:15px;\n}\n<\/style>\n<div  class='av-special-heading av-m839ehw6-92b32257a72bb3ea1129a32c310ea9f0 av-special-heading-h3 blockquote modern-quote modern-centered  avia-builder-el-9  el_before_av_image  avia-builder-el-first '><h3 class='av-special-heading-tag '  itemprop=\"headline\"  >Gutscheine<\/h3><div class=\"special-heading-border\"><div class=\"special-heading-inner-border\"><\/div><\/div><\/div><br \/>\n\n<style type=\"text\/css\" data-created_by=\"avia_inline_auto\" id=\"style-css-av-m839fz2g-4226b7711369081d52a0b82ef0480ad5\">\n.avia-image-container.av-m839fz2g-4226b7711369081d52a0b82ef0480ad5 img.avia_image{\nbox-shadow:none;\n}\n.avia-image-container.av-m839fz2g-4226b7711369081d52a0b82ef0480ad5 .av-image-caption-overlay-center{\ncolor:#ffffff;\n}\n<\/style>\n<div  class='avia-image-container av-m839fz2g-4226b7711369081d52a0b82ef0480ad5 av-styling-circle av-img-linked avia-align-center  avia-builder-el-10  el_after_av_heading  el_before_av_textblock '   itemprop=\"image\" itemscope=\"itemscope\" itemtype=\"https:\/\/schema.org\/ImageObject\" ><div class=\"avia-image-container-inner\"><div class=\"avia-image-overlay-wrap\"><a href=\"https:\/\/shop.e-guma.ch\/castello-seeschloss\/de\/gutscheine\" class='avia_image '  target=\"_blank\"  rel=\"noopener noreferrer\" aria-label='Gutschein_Icon_V1'><img decoding=\"async\" fetchpriority=\"high\" class='wp-image-14139 avia-img-lazy-loading-not-14139 avia_image ' src=\"https:\/\/www.castello-seeschloss.ch\/wp-content\/uploads\/2025\/03\/Gutschein_Icon_V1.svg\" alt='Buoni Regalo' title='Gutschein_Icon_V1'   itemprop=\"thumbnailUrl\"  \/><\/a><\/div><\/div><\/div><br \/>\n<section  class='av_textblock_section av-m839gzzh-7735d5406d32e4575ef70b2002c79dbf '   itemscope=\"itemscope\" itemtype=\"https:\/\/schema.org\/CreativeWork\" ><div class='avia_textblock'  itemprop=\"text\" ><p style=\"text-align: center;\"><a href=\"https:\/\/shop.e-guma.ch\/castello-seeschloss\/de\/gutscheine\" target=\"_blank\" rel=\"noopener\">Gutschein Online bestellen<\/a><\/p>\n<\/div><\/section><\/p><\/div><\/div><\/div><\/div><!-- close content main div --><\/div><div class='av-extra-border-element border-extra-arrow-down'><div class='av-extra-border-outer'><div class='av-extra-border-inner'><\/div><\/div><\/div><\/div>\n<style type=\"text\/css\" data-created_by=\"avia_inline_auto\" id=\"style-css-av-cp6kyt-b441316f83597545201733c8b2ad212b\">\n.avia-section.av-cp6kyt-b441316f83597545201733c8b2ad212b{\nmargin-top:30px;\nmargin-bottom:130px;\n}\n<\/style>\n<div id='av_section_2'  class='avia-section av-cp6kyt-b441316f83597545201733c8b2ad212b main_color avia-section-no-padding avia-no-border-styling  avia-builder-el-12  el_after_av_section  avia-builder-el-last  avia-bg-style-scroll container_wrap fullsize'  ><div class='container av-section-cont-open' ><div class='template-page content  av-content-full alpha units'><div class='post-entry post-entry-type-page post-entry-1621'><div class='entry-content-wrapper clearfix'><\/p>\n","protected":false},"excerpt":{"rendered":"","protected":false},"author":1,"featured_media":0,"parent":0,"menu_order":0,"comment_status":"closed","ping_status":"closed","template":"","meta":{"footnotes":""},"class_list":["post-1621","page","type-page","status-publish","hentry"],"yoast_head":"<!-- This site is optimized with the Yoast SEO plugin v27.2 - https:\/\/yoast.com\/product\/yoast-seo-wordpress\/ -->\n<title>Ristorante al Lago - Romantik Hotel Castello Seeschloss<\/title>\n<meta name=\"description\" content=\"Ristorante al Lago in Ascona: mediterrane und tessiner K\u00fcche auf einer eleganten Terrasse am Lago Maggiore, ideal f\u00fcr romantische Mittag- und Abendessen.\" \/>\n<meta name=\"robots\" content=\"index, follow, max-snippet:-1, max-image-preview:large, max-video-preview:-1\" \/>\n<link rel=\"canonical\" href=\"https:\/\/www.castello-seeschloss.ch\/de\/ristorante-al-lago\/\" \/>\n<meta property=\"og:locale\" content=\"de_DE\" \/>\n<meta property=\"og:type\" content=\"article\" \/>\n<meta property=\"og:title\" content=\"Ristorante al Lago - Romantik Hotel Castello Seeschloss\" \/>\n<meta property=\"og:description\" content=\"Ristorante al Lago in Ascona: mediterrane und tessiner K\u00fcche auf einer eleganten Terrasse am Lago Maggiore, ideal f\u00fcr romantische Mittag- und Abendessen.\" \/>\n<meta property=\"og:url\" content=\"https:\/\/www.castello-seeschloss.ch\/de\/ristorante-al-lago\/\" \/>\n<meta property=\"og:site_name\" content=\"Romantik Hotel Castello Seeschloss\" \/>\n<meta property=\"article:modified_time\" content=\"2026-03-26T11:51:27+00:00\" \/>\n<meta name=\"twitter:card\" content=\"summary_large_image\" \/>\n<meta name=\"twitter:label1\" content=\"Gesch\u00e4tzte Lesezeit\" \/>\n\t<meta name=\"twitter:data1\" content=\"4\u00a0Minuten\" \/>\n<script type=\"application\/ld+json\" class=\"yoast-schema-graph\">{\"@context\":\"https:\/\/schema.org\",\"@graph\":[{\"@type\":\"WebPage\",\"@id\":\"https:\/\/www.castello-seeschloss.ch\/de\/ristorante-al-lago\/\",\"url\":\"https:\/\/www.castello-seeschloss.ch\/de\/ristorante-al-lago\/\",\"name\":\"Ristorante al Lago - Romantik Hotel Castello Seeschloss\",\"isPartOf\":{\"@id\":\"https:\/\/www.castello-seeschloss.ch\/#website\"},\"datePublished\":\"2022-09-15T09:20:40+00:00\",\"dateModified\":\"2026-03-26T11:51:27+00:00\",\"description\":\"Ristorante al Lago in Ascona: mediterrane und tessiner K\u00fcche auf einer eleganten Terrasse am Lago Maggiore, ideal f\u00fcr romantische Mittag- und Abendessen.\",\"breadcrumb\":{\"@id\":\"https:\/\/www.castello-seeschloss.ch\/de\/ristorante-al-lago\/#breadcrumb\"},\"inLanguage\":\"de\",\"potentialAction\":[{\"@type\":\"ReadAction\",\"target\":[\"https:\/\/www.castello-seeschloss.ch\/de\/ristorante-al-lago\/\"]}]},{\"@type\":\"BreadcrumbList\",\"@id\":\"https:\/\/www.castello-seeschloss.ch\/de\/ristorante-al-lago\/#breadcrumb\",\"itemListElement\":[{\"@type\":\"ListItem\",\"position\":1,\"name\":\"Startseite\",\"item\":\"https:\/\/www.castello-seeschloss.ch\/de\/romantik-hotel-in-ascona-am-lago-maggiore-castello-seeschloss\/\"},{\"@type\":\"ListItem\",\"position\":2,\"name\":\"Ristorante al Lago\"}]},{\"@type\":\"WebSite\",\"@id\":\"https:\/\/www.castello-seeschloss.ch\/#website\",\"url\":\"https:\/\/www.castello-seeschloss.ch\/\",\"name\":\"Romantik Hotel Castello Seeschloss\",\"description\":\"Ascona Tessin\",\"potentialAction\":[{\"@type\":\"SearchAction\",\"target\":{\"@type\":\"EntryPoint\",\"urlTemplate\":\"https:\/\/www.castello-seeschloss.ch\/?s={search_term_string}\"},\"query-input\":{\"@type\":\"PropertyValueSpecification\",\"valueRequired\":true,\"valueName\":\"search_term_string\"}}],\"inLanguage\":\"de\"}]}<\/script>\n<!-- \/ Yoast SEO plugin. -->","yoast_head_json":{"title":"Ristorante al Lago - Romantik Hotel Castello Seeschloss","description":"Ristorante al Lago in Ascona: mediterrane und tessiner K\u00fcche auf einer eleganten Terrasse am Lago Maggiore, ideal f\u00fcr romantische Mittag- und Abendessen.","robots":{"index":"index","follow":"follow","max-snippet":"max-snippet:-1","max-image-preview":"max-image-preview:large","max-video-preview":"max-video-preview:-1"},"canonical":"https:\/\/www.castello-seeschloss.ch\/de\/ristorante-al-lago\/","og_locale":"de_DE","og_type":"article","og_title":"Ristorante al Lago - Romantik Hotel Castello Seeschloss","og_description":"Ristorante al Lago in Ascona: mediterrane und tessiner K\u00fcche auf einer eleganten Terrasse am Lago Maggiore, ideal f\u00fcr romantische Mittag- und Abendessen.","og_url":"https:\/\/www.castello-seeschloss.ch\/de\/ristorante-al-lago\/","og_site_name":"Romantik Hotel Castello Seeschloss","article_modified_time":"2026-03-26T11:51:27+00:00","twitter_card":"summary_large_image","twitter_misc":{"Gesch\u00e4tzte Lesezeit":"4\u00a0Minuten"},"schema":{"@context":"https:\/\/schema.org","@graph":[{"@type":"WebPage","@id":"https:\/\/www.castello-seeschloss.ch\/de\/ristorante-al-lago\/","url":"https:\/\/www.castello-seeschloss.ch\/de\/ristorante-al-lago\/","name":"Ristorante al Lago - Romantik Hotel Castello Seeschloss","isPartOf":{"@id":"https:\/\/www.castello-seeschloss.ch\/#website"},"datePublished":"2022-09-15T09:20:40+00:00","dateModified":"2026-03-26T11:51:27+00:00","description":"Ristorante al Lago in Ascona: mediterrane und tessiner K\u00fcche auf einer eleganten Terrasse am Lago Maggiore, ideal f\u00fcr romantische Mittag- und Abendessen.","breadcrumb":{"@id":"https:\/\/www.castello-seeschloss.ch\/de\/ristorante-al-lago\/#breadcrumb"},"inLanguage":"de","potentialAction":[{"@type":"ReadAction","target":["https:\/\/www.castello-seeschloss.ch\/de\/ristorante-al-lago\/"]}]},{"@type":"BreadcrumbList","@id":"https:\/\/www.castello-seeschloss.ch\/de\/ristorante-al-lago\/#breadcrumb","itemListElement":[{"@type":"ListItem","position":1,"name":"Startseite","item":"https:\/\/www.castello-seeschloss.ch\/de\/romantik-hotel-in-ascona-am-lago-maggiore-castello-seeschloss\/"},{"@type":"ListItem","position":2,"name":"Ristorante al Lago"}]},{"@type":"WebSite","@id":"https:\/\/www.castello-seeschloss.ch\/#website","url":"https:\/\/www.castello-seeschloss.ch\/","name":"Romantik Hotel Castello Seeschloss","description":"Ascona Tessin","potentialAction":[{"@type":"SearchAction","target":{"@type":"EntryPoint","urlTemplate":"https:\/\/www.castello-seeschloss.ch\/?s={search_term_string}"},"query-input":{"@type":"PropertyValueSpecification","valueRequired":true,"valueName":"search_term_string"}}],"inLanguage":"de"}]}},"publishpress_future_workflow_manual_trigger":{"enabledWorkflows":[]},"_links":{"self":[{"href":"https:\/\/www.castello-seeschloss.ch\/de\/wp-json\/wp\/v2\/pages\/1621","targetHints":{"allow":["GET"]}}],"collection":[{"href":"https:\/\/www.castello-seeschloss.ch\/de\/wp-json\/wp\/v2\/pages"}],"about":[{"href":"https:\/\/www.castello-seeschloss.ch\/de\/wp-json\/wp\/v2\/types\/page"}],"author":[{"embeddable":true,"href":"https:\/\/www.castello-seeschloss.ch\/de\/wp-json\/wp\/v2\/users\/1"}],"replies":[{"embeddable":true,"href":"https:\/\/www.castello-seeschloss.ch\/de\/wp-json\/wp\/v2\/comments?post=1621"}],"version-history":[{"count":4,"href":"https:\/\/www.castello-seeschloss.ch\/de\/wp-json\/wp\/v2\/pages\/1621\/revisions"}],"predecessor-version":[{"id":15497,"href":"https:\/\/www.castello-seeschloss.ch\/de\/wp-json\/wp\/v2\/pages\/1621\/revisions\/15497"}],"wp:attachment":[{"href":"https:\/\/www.castello-seeschloss.ch\/de\/wp-json\/wp\/v2\/media?parent=1621"}],"curies":[{"name":"wp","href":"https:\/\/api.w.org\/{rel}","templated":true}]}}