{"id":681,"date":"2017-01-23T01:00:08","date_gmt":"2017-01-23T00:00:08","guid":{"rendered":"https:\/\/www.castello-seeschloss.ch\/?post_type=portfolio&#038;p=681"},"modified":"2025-04-21T11:35:37","modified_gmt":"2025-04-21T09:35:37","slug":"standardzimmer","status":"publish","type":"portfolio","link":"https:\/\/www.castello-seeschloss.ch\/de\/portfolio-item\/standardzimmer\/","title":{"rendered":"Standard Kategorie"},"content":{"rendered":"<\/p>\n\n<style type=\"text\/css\" data-created_by=\"avia_inline_auto\" id=\"style-css-av-70d975-5827ae652d9be8efa74ada197044ac76\">\n.avia-section.av-70d975-5827ae652d9be8efa74ada197044ac76{\nbackground-repeat:no-repeat;\nbackground-image:url(https:\/\/www.castello-seeschloss.ch\/wp-content\/uploads\/2017\/01\/standardzimmer.jpg);\nbackground-position:50% 50%;\nbackground-attachment:scroll;\n}\n<\/style>\n<div id='av_section_1'  class='avia-section av-70d975-5827ae652d9be8efa74ada197044ac76 main_color avia-section-default avia-no-shadow  avia-builder-el-0  el_before_av_heading  avia-builder-el-first  cc-portfolio-top avia-full-stretch avia-bg-style-scroll av-minimum-height av-minimum-height-custom av-height-custom  container_wrap fullsize'  data-section-bg-repeat='stretch' data-av_minimum_height_px='300'><div class='container av-section-cont-open' style='height:300px'><main  role=\"main\" itemprop=\"mainContentOfPage\"  class='template-page content  av-content-full alpha units'><div class='post-entry post-entry-type-page post-entry-681'><div class='entry-content-wrapper clearfix'>\n<div class='flex_column_table av-6wah8x-aab795a28623364da6e34b19306f6be9 sc-av_one_half av-equal-height-column-flextable'>\n<style type=\"text\/css\" data-created_by=\"avia_inline_auto\" id=\"style-css-av-6wah8x-aab795a28623364da6e34b19306f6be9\">\n#top .flex_column_table.av-equal-height-column-flextable.av-6wah8x-aab795a28623364da6e34b19306f6be9{\nmargin-top:75px;\nmargin-bottom:0px;\n}\n.flex_column.av-6wah8x-aab795a28623364da6e34b19306f6be9{\nborder-radius:0px 0px 0px 0px;\npadding:30px 30px 30px 30px;\nbackground-color:rgba(255,255,255,0.6);\n}\n<\/style>\n<div  class='flex_column av-6wah8x-aab795a28623364da6e34b19306f6be9 av_one_half  avia-builder-el-1  el_before_av_one_half  avia-builder-el-first  first no_margin flex_column_table_cell av-equal-height-column av-align-top  '     ><style type=\"text\/css\" data-created_by=\"avia_inline_auto\" id=\"style-css-av-o2861-41e8819757949154d4b4663bf617b28f\">\n#top .avia-gallery.av-o2861-41e8819757949154d4b4663bf617b28f .avia-gallery-thumb a{\nwidth:20%;\n}\n<\/style>\n<div  class='avia-gallery av-o2861-41e8819757949154d4b4663bf617b28f avia_animate_when_visible  avia-builder-el-2  avia-builder-el-no-sibling  avia_lazyload av-slideshow-ui av-loop-manual-endless av-control-hidden av-navigate-arrows hover-effect av-control-hidden avia-gallery-animate avia-gallery-1'  itemprop=\"image\" itemscope=\"itemscope\" itemtype=\"https:\/\/schema.org\/ImageObject\" ><meta itemprop=\"contentURL\" content=\"https:\/\/www.castello-seeschloss.ch\/de\/portfolio-item\/standardzimmer\/\"><div class='avia-gallery-big-wrapper'><a class='avia-gallery-big fakeLightbox lightbox avia-gallery-big-crop-thumb ' href=\"https:\/\/www.castello-seeschloss.ch\/wp-content\/uploads\/2017\/01\/standardzimmer-1030x687.jpg\" data-srcset=\"https:\/\/www.castello-seeschloss.ch\/wp-content\/uploads\/2017\/01\/standardzimmer-1030x687.jpg 1030w, https:\/\/www.castello-seeschloss.ch\/wp-content\/uploads\/2017\/01\/standardzimmer-300x200.jpg 300w, https:\/\/www.castello-seeschloss.ch\/wp-content\/uploads\/2017\/01\/standardzimmer-768x512.jpg 768w, https:\/\/www.castello-seeschloss.ch\/wp-content\/uploads\/2017\/01\/standardzimmer.jpg 1200w, https:\/\/www.castello-seeschloss.ch\/wp-content\/uploads\/2017\/01\/standardzimmer-705x470.jpg 705w, https:\/\/www.castello-seeschloss.ch\/wp-content\/uploads\/2017\/01\/standardzimmer-450x300.jpg 450w\" data-sizes=\"(max-width: 1024px) 100vw, 1024px\"  data-onclick='1' title='Standardzimmer' ><span class='avia-gallery-big-inner'  itemprop=\"thumbnailUrl\" ><img decoding=\"async\" fetchpriority=\"high\" class=\"wp-image-698 avia-img-lazy-loading-not-698\"  width=\"845\" height=\"684\" src=\"https:\/\/www.castello-seeschloss.ch\/wp-content\/uploads\/2017\/01\/standardzimmer-845x684.jpg\" title='' alt='' srcset=\"https:\/\/www.castello-seeschloss.ch\/wp-content\/uploads\/2017\/01\/standardzimmer-845x684.jpg 845w, https:\/\/www.castello-seeschloss.ch\/wp-content\/uploads\/2017\/01\/standardzimmer-495x400.jpg 495w\" sizes=\"(max-width: 845px) 100vw, 845px\" \/><span class='avia-gallery-caption'>Standardzimmer<\/span><\/span><\/a><\/div><div class='avia-gallery-thumb'><a href=\"https:\/\/www.castello-seeschloss.ch\/wp-content\/uploads\/2017\/01\/standardzimmer-1030x687.jpg\" data-srcset=\"https:\/\/www.castello-seeschloss.ch\/wp-content\/uploads\/2017\/01\/standardzimmer-1030x687.jpg 1030w, https:\/\/www.castello-seeschloss.ch\/wp-content\/uploads\/2017\/01\/standardzimmer-300x200.jpg 300w, https:\/\/www.castello-seeschloss.ch\/wp-content\/uploads\/2017\/01\/standardzimmer-768x512.jpg 768w, https:\/\/www.castello-seeschloss.ch\/wp-content\/uploads\/2017\/01\/standardzimmer.jpg 1200w, https:\/\/www.castello-seeschloss.ch\/wp-content\/uploads\/2017\/01\/standardzimmer-705x470.jpg 705w, https:\/\/www.castello-seeschloss.ch\/wp-content\/uploads\/2017\/01\/standardzimmer-450x300.jpg 450w\" data-sizes=\"(max-width: 1024px) 100vw, 1024px\" data-rel='gallery-1' data-prev-img='https:\/\/www.castello-seeschloss.ch\/wp-content\/uploads\/2017\/01\/standardzimmer-845x684.jpg' class='first_thumb lightbox ' data-onclick='1' title='Standardzimmer'  itemprop=\"thumbnailUrl\"  ><img decoding=\"async\" fetchpriority=\"high\" class=\"wp-image-698 avia-img-lazy-loading-not-698\"  data-avia-tooltip='Standardzimmer' src=\"https:\/\/www.castello-seeschloss.ch\/wp-content\/uploads\/2017\/01\/standardzimmer-180x180.jpg\" width=\"180\" height=\"180\"  title='' alt='' srcset=\"https:\/\/www.castello-seeschloss.ch\/wp-content\/uploads\/2017\/01\/standardzimmer-180x180.jpg 180w, https:\/\/www.castello-seeschloss.ch\/wp-content\/uploads\/2017\/01\/standardzimmer-80x80.jpg 80w, https:\/\/www.castello-seeschloss.ch\/wp-content\/uploads\/2017\/01\/standardzimmer-36x36.jpg 36w, https:\/\/www.castello-seeschloss.ch\/wp-content\/uploads\/2017\/01\/standardzimmer-120x120.jpg 120w, https:\/\/www.castello-seeschloss.ch\/wp-content\/uploads\/2017\/01\/standardzimmer-450x450.jpg 450w\" sizes=\"(max-width: 180px) 100vw, 180px\" \/><div class='big-prev-fake'><img decoding=\"async\" fetchpriority=\"high\" class=\"wp-image-698 avia-img-lazy-loading-not-698\"  width=\"845\" height=\"684\" src=\"https:\/\/www.castello-seeschloss.ch\/wp-content\/uploads\/2017\/01\/standardzimmer-845x684.jpg\" title='' alt='' srcset=\"https:\/\/www.castello-seeschloss.ch\/wp-content\/uploads\/2017\/01\/standardzimmer-845x684.jpg 845w, https:\/\/www.castello-seeschloss.ch\/wp-content\/uploads\/2017\/01\/standardzimmer-495x400.jpg 495w\" sizes=\"(max-width: 845px) 100vw, 845px\" \/><\/div><\/a><a href=\"https:\/\/www.castello-seeschloss.ch\/wp-content\/uploads\/2017\/01\/36-1-1024x683.jpg\" data-srcset=\"https:\/\/www.castello-seeschloss.ch\/wp-content\/uploads\/2017\/01\/36-1-1024x683.jpg 1024w, https:\/\/www.castello-seeschloss.ch\/wp-content\/uploads\/2017\/01\/36-1-300x200.jpg 300w, https:\/\/www.castello-seeschloss.ch\/wp-content\/uploads\/2017\/01\/36-1-768x512.jpg 768w, https:\/\/www.castello-seeschloss.ch\/wp-content\/uploads\/2017\/01\/36-1-1536x1024.jpg 1536w, https:\/\/www.castello-seeschloss.ch\/wp-content\/uploads\/2017\/01\/36-1-2048x1365.jpg 2048w, https:\/\/www.castello-seeschloss.ch\/wp-content\/uploads\/2017\/01\/36-1-1500x1000.jpg 1500w, https:\/\/www.castello-seeschloss.ch\/wp-content\/uploads\/2017\/01\/36-1-705x470.jpg 705w\" data-sizes=\"(max-width: 1024px) 100vw, 1024px\" data-rel='gallery-1' data-prev-img='https:\/\/www.castello-seeschloss.ch\/wp-content\/uploads\/2017\/01\/36-1-845x684.jpg' class='lightbox ' data-onclick='2' title='Standardzimmer'  itemprop=\"thumbnailUrl\"  ><img decoding=\"async\" fetchpriority=\"high\" class=\"wp-image-13388 avia-img-lazy-loading-not-13388\"  data-avia-tooltip='Standardzimmer' src=\"https:\/\/www.castello-seeschloss.ch\/wp-content\/uploads\/2017\/01\/36-1-180x180.jpg\" width=\"180\" height=\"180\"  title='36' alt='' srcset=\"https:\/\/www.castello-seeschloss.ch\/wp-content\/uploads\/2017\/01\/36-1-180x180.jpg 180w, https:\/\/www.castello-seeschloss.ch\/wp-content\/uploads\/2017\/01\/36-1-150x150.jpg 150w, https:\/\/www.castello-seeschloss.ch\/wp-content\/uploads\/2017\/01\/36-1-36x36.jpg 36w\" sizes=\"(max-width: 180px) 100vw, 180px\" \/><div class='big-prev-fake'><img decoding=\"async\" fetchpriority=\"high\" class=\"wp-image-13388 avia-img-lazy-loading-not-13388\"  width=\"845\" height=\"684\" src=\"https:\/\/www.castello-seeschloss.ch\/wp-content\/uploads\/2017\/01\/36-1-845x684.jpg\" title='36' alt='' srcset=\"https:\/\/www.castello-seeschloss.ch\/wp-content\/uploads\/2017\/01\/36-1-845x684.jpg 845w, https:\/\/www.castello-seeschloss.ch\/wp-content\/uploads\/2017\/01\/36-1-495x400.jpg 495w\" sizes=\"(max-width: 845px) 100vw, 845px\" \/><\/div><\/a><a href=\"https:\/\/www.castello-seeschloss.ch\/wp-content\/uploads\/2017\/01\/108-Front-1024x683.jpg\" data-srcset=\"https:\/\/www.castello-seeschloss.ch\/wp-content\/uploads\/2017\/01\/108-Front-1024x683.jpg 1024w, https:\/\/www.castello-seeschloss.ch\/wp-content\/uploads\/2017\/01\/108-Front-300x200.jpg 300w, https:\/\/www.castello-seeschloss.ch\/wp-content\/uploads\/2017\/01\/108-Front-768x512.jpg 768w, https:\/\/www.castello-seeschloss.ch\/wp-content\/uploads\/2017\/01\/108-Front-scaled.jpg 1200w, https:\/\/www.castello-seeschloss.ch\/wp-content\/uploads\/2017\/01\/108-Front-705x470.jpg 705w\" data-sizes=\"(max-width: 1024px) 100vw, 1024px\" data-rel='gallery-1' data-prev-img='https:\/\/www.castello-seeschloss.ch\/wp-content\/uploads\/2017\/01\/108-Front-845x684.jpg' class='lightbox ' data-onclick='3' title='Standardzimmer'  itemprop=\"thumbnailUrl\"  ><img decoding=\"async\" fetchpriority=\"high\" class=\"wp-image-13371 avia-img-lazy-loading-not-13371\"  data-avia-tooltip='Standardzimmer' src=\"https:\/\/www.castello-seeschloss.ch\/wp-content\/uploads\/2017\/01\/108-Front-180x180.jpg\" width=\"180\" height=\"180\"  title='108 Front' alt='' srcset=\"https:\/\/www.castello-seeschloss.ch\/wp-content\/uploads\/2017\/01\/108-Front-180x180.jpg 180w, https:\/\/www.castello-seeschloss.ch\/wp-content\/uploads\/2017\/01\/108-Front-150x150.jpg 150w, https:\/\/www.castello-seeschloss.ch\/wp-content\/uploads\/2017\/01\/108-Front-36x36.jpg 36w\" sizes=\"(max-width: 180px) 100vw, 180px\" \/><div class='big-prev-fake'><img decoding=\"async\" fetchpriority=\"high\" class=\"wp-image-13371 avia-img-lazy-loading-not-13371\"  width=\"845\" height=\"684\" src=\"https:\/\/www.castello-seeschloss.ch\/wp-content\/uploads\/2017\/01\/108-Front-845x684.jpg\" title='108 Front' alt='' srcset=\"https:\/\/www.castello-seeschloss.ch\/wp-content\/uploads\/2017\/01\/108-Front-845x684.jpg 845w, https:\/\/www.castello-seeschloss.ch\/wp-content\/uploads\/2017\/01\/108-Front-495x400.jpg 495w\" sizes=\"(max-width: 845px) 100vw, 845px\" \/><\/div><\/a><a href=\"https:\/\/www.castello-seeschloss.ch\/wp-content\/uploads\/2017\/01\/Bad-Standard-1024x901.jpg\" data-srcset=\"https:\/\/www.castello-seeschloss.ch\/wp-content\/uploads\/2017\/01\/Bad-Standard-1024x901.jpg 1024w, https:\/\/www.castello-seeschloss.ch\/wp-content\/uploads\/2017\/01\/Bad-Standard-300x264.jpg 300w, https:\/\/www.castello-seeschloss.ch\/wp-content\/uploads\/2017\/01\/Bad-Standard-768x675.jpg 768w, https:\/\/www.castello-seeschloss.ch\/wp-content\/uploads\/2017\/01\/Bad-Standard-scaled.jpg 1200w, https:\/\/www.castello-seeschloss.ch\/wp-content\/uploads\/2017\/01\/Bad-Standard-705x620.jpg 705w\" data-sizes=\"(max-width: 1024px) 100vw, 1024px\" data-rel='gallery-1' data-prev-img='https:\/\/www.castello-seeschloss.ch\/wp-content\/uploads\/2017\/01\/Bad-Standard-845x684.jpg' class='lightbox ' data-onclick='4' title='Bad Standardzimmr'  itemprop=\"thumbnailUrl\"  ><img decoding=\"async\" fetchpriority=\"high\" class=\"wp-image-13380 avia-img-lazy-loading-not-13380\"  data-avia-tooltip='Bad Standardzimmr' src=\"https:\/\/www.castello-seeschloss.ch\/wp-content\/uploads\/2017\/01\/Bad-Standard-180x180.jpg\" width=\"180\" height=\"180\"  title='Bad Standard' alt='' srcset=\"https:\/\/www.castello-seeschloss.ch\/wp-content\/uploads\/2017\/01\/Bad-Standard-180x180.jpg 180w, https:\/\/www.castello-seeschloss.ch\/wp-content\/uploads\/2017\/01\/Bad-Standard-150x150.jpg 150w, https:\/\/www.castello-seeschloss.ch\/wp-content\/uploads\/2017\/01\/Bad-Standard-36x36.jpg 36w\" sizes=\"(max-width: 180px) 100vw, 180px\" \/><div class='big-prev-fake'><img decoding=\"async\" fetchpriority=\"high\" class=\"wp-image-13380 avia-img-lazy-loading-not-13380\"  width=\"845\" height=\"684\" src=\"https:\/\/www.castello-seeschloss.ch\/wp-content\/uploads\/2017\/01\/Bad-Standard-845x684.jpg\" title='Bad Standard' alt='' srcset=\"https:\/\/www.castello-seeschloss.ch\/wp-content\/uploads\/2017\/01\/Bad-Standard-845x684.jpg 845w, https:\/\/www.castello-seeschloss.ch\/wp-content\/uploads\/2017\/01\/Bad-Standard-495x400.jpg 495w\" sizes=\"(max-width: 845px) 100vw, 845px\" \/><\/div><\/a><a href=\"https:\/\/www.castello-seeschloss.ch\/wp-content\/uploads\/2017\/01\/Terrasse-Std-1-1024x683.jpg\" data-srcset=\"https:\/\/www.castello-seeschloss.ch\/wp-content\/uploads\/2017\/01\/Terrasse-Std-1-1024x683.jpg 1024w, https:\/\/www.castello-seeschloss.ch\/wp-content\/uploads\/2017\/01\/Terrasse-Std-1-300x200.jpg 300w, https:\/\/www.castello-seeschloss.ch\/wp-content\/uploads\/2017\/01\/Terrasse-Std-1-768x512.jpg 768w, https:\/\/www.castello-seeschloss.ch\/wp-content\/uploads\/2017\/01\/Terrasse-Std-1-scaled.jpg 1200w, https:\/\/www.castello-seeschloss.ch\/wp-content\/uploads\/2017\/01\/Terrasse-Std-1-705x470.jpg 705w\" data-sizes=\"(max-width: 1024px) 100vw, 1024px\" data-rel='gallery-1' data-prev-img='https:\/\/www.castello-seeschloss.ch\/wp-content\/uploads\/2017\/01\/Terrasse-Std-1-845x684.jpg' class='lightbox ' data-onclick='5' title='Balkon Standard Marionette'  itemprop=\"thumbnailUrl\"  ><img decoding=\"async\" fetchpriority=\"high\" class=\"wp-image-13408 avia-img-lazy-loading-not-13408\"  data-avia-tooltip='Balkon Standard Marionette' src=\"https:\/\/www.castello-seeschloss.ch\/wp-content\/uploads\/2017\/01\/Terrasse-Std-1-180x180.jpg\" width=\"180\" height=\"180\"  title='Terrasse Std 1' alt='' srcset=\"https:\/\/www.castello-seeschloss.ch\/wp-content\/uploads\/2017\/01\/Terrasse-Std-1-180x180.jpg 180w, https:\/\/www.castello-seeschloss.ch\/wp-content\/uploads\/2017\/01\/Terrasse-Std-1-150x150.jpg 150w, https:\/\/www.castello-seeschloss.ch\/wp-content\/uploads\/2017\/01\/Terrasse-Std-1-36x36.jpg 36w\" sizes=\"(max-width: 180px) 100vw, 180px\" \/><div class='big-prev-fake'><img decoding=\"async\" fetchpriority=\"high\" class=\"wp-image-13408 avia-img-lazy-loading-not-13408\"  width=\"845\" height=\"684\" src=\"https:\/\/www.castello-seeschloss.ch\/wp-content\/uploads\/2017\/01\/Terrasse-Std-1-845x684.jpg\" title='Terrasse Std 1' alt='' srcset=\"https:\/\/www.castello-seeschloss.ch\/wp-content\/uploads\/2017\/01\/Terrasse-Std-1-845x684.jpg 845w, https:\/\/www.castello-seeschloss.ch\/wp-content\/uploads\/2017\/01\/Terrasse-Std-1-495x400.jpg 495w\" sizes=\"(max-width: 845px) 100vw, 845px\" \/><\/div><\/a><a href=\"https:\/\/www.castello-seeschloss.ch\/wp-content\/uploads\/2017\/01\/Balkon-STD-1024x683.jpg\" data-srcset=\"https:\/\/www.castello-seeschloss.ch\/wp-content\/uploads\/2017\/01\/Balkon-STD-1024x683.jpg 1024w, https:\/\/www.castello-seeschloss.ch\/wp-content\/uploads\/2017\/01\/Balkon-STD-300x200.jpg 300w, https:\/\/www.castello-seeschloss.ch\/wp-content\/uploads\/2017\/01\/Balkon-STD-768x512.jpg 768w, https:\/\/www.castello-seeschloss.ch\/wp-content\/uploads\/2017\/01\/Balkon-STD-scaled.jpg 1200w, https:\/\/www.castello-seeschloss.ch\/wp-content\/uploads\/2017\/01\/Balkon-STD-705x470.jpg 705w\" data-sizes=\"(max-width: 1024px) 100vw, 1024px\" data-rel='gallery-1' data-prev-img='https:\/\/www.castello-seeschloss.ch\/wp-content\/uploads\/2017\/01\/Balkon-STD-845x684.jpg' class='first_thumb lightbox ' data-onclick='6' title='Balkon Standardzimmer 1 Stock Haupthaus'  itemprop=\"thumbnailUrl\"  ><img decoding=\"async\" fetchpriority=\"high\" class=\"wp-image-13404 avia-img-lazy-loading-not-13404\"  data-avia-tooltip='Balkon Standardzimmer 1 Stock Haupthaus' src=\"https:\/\/www.castello-seeschloss.ch\/wp-content\/uploads\/2017\/01\/Balkon-STD-180x180.jpg\" width=\"180\" height=\"180\"  title='Balkon STD' alt='' srcset=\"https:\/\/www.castello-seeschloss.ch\/wp-content\/uploads\/2017\/01\/Balkon-STD-180x180.jpg 180w, https:\/\/www.castello-seeschloss.ch\/wp-content\/uploads\/2017\/01\/Balkon-STD-150x150.jpg 150w, https:\/\/www.castello-seeschloss.ch\/wp-content\/uploads\/2017\/01\/Balkon-STD-36x36.jpg 36w\" sizes=\"(max-width: 180px) 100vw, 180px\" \/><div class='big-prev-fake'><img decoding=\"async\" fetchpriority=\"high\" class=\"wp-image-13404 avia-img-lazy-loading-not-13404\"  width=\"845\" height=\"684\" src=\"https:\/\/www.castello-seeschloss.ch\/wp-content\/uploads\/2017\/01\/Balkon-STD-845x684.jpg\" title='Balkon STD' alt='' srcset=\"https:\/\/www.castello-seeschloss.ch\/wp-content\/uploads\/2017\/01\/Balkon-STD-845x684.jpg 845w, https:\/\/www.castello-seeschloss.ch\/wp-content\/uploads\/2017\/01\/Balkon-STD-495x400.jpg 495w\" sizes=\"(max-width: 845px) 100vw, 845px\" \/><\/div><\/a><\/div><\/div><\/div>\n<style type=\"text\/css\" data-created_by=\"avia_inline_auto\" id=\"style-css-av-6kftoh-e6b024f37e0798da87215a341eb0d491\">\n#top .flex_column_table.av-equal-height-column-flextable.av-6kftoh-e6b024f37e0798da87215a341eb0d491{\nmargin-top:75px;\nmargin-bottom:0px;\n}\n.flex_column.av-6kftoh-e6b024f37e0798da87215a341eb0d491{\nborder-radius:0px 0px 0px 0px;\npadding:30px 30px 30px 30px;\nbackground-color:#ffffff;\n}\n<\/style>\n<div  class='flex_column av-6kftoh-e6b024f37e0798da87215a341eb0d491 av_one_half  avia-builder-el-3  el_after_av_one_half  avia-builder-el-last  no_margin flex_column_table_cell av-equal-height-column av-align-top  '     ><p><div  class='avia-button-wrap av-6cyg5d-aed50947dac80c71f96f4e962d04f313-wrap avia-button-center  avia-builder-el-4  el_before_av_textblock  avia-builder-el-first '><a href='https:\/\/ibe.romantikhotels.com\/channels\/romantikhotel-castello-seeschloss#start'  class='avia-button av-6cyg5d-aed50947dac80c71f96f4e962d04f313 av-link-btn avia-icon_select-yes-right-icon avia-size-large avia-position-center avia-color-theme-color'  target=\"_blank\"  rel=\"noopener noreferrer\"  aria-label=\"Jetzt buchen\"><span class='avia_iconbox_title' >Jetzt buchen<\/span><span class='avia_button_icon avia_button_icon_right avia-iconfont avia-font-entypo-fontello' data-av_icon='\ue832' data-av_iconfont='entypo-fontello' ><\/span><\/a><\/div><br \/>\n<section  class='av_textblock_section av-j3g7l-e36038a5ed29fb14a7a125ba659377a8 '   itemscope=\"itemscope\" itemtype=\"https:\/\/schema.org\/CreativeWork\" ><div class='avia_textblock'  itemprop=\"text\" ><p><b>Standard Kategorie<\/b><\/p>\n<p>Die Doppelzimmer Standard sindausgestattet mit Bad\/WC oder Dusche\/WC, F\u00f6n, Minibar, Telefon, TV\/Radio, Wi-Fi, Klimaanlage und bieten Sicht auf den bl\u00fchenden Garten und\/oder das Aussenschwimmbad. Die meisten Zimmer sind mit Balkon oder Terrasse und befinden sich im Haupthaus oder Haus am Schwimmbad.<\/p>\n<\/div><\/section><\/p><\/div><\/div><!--close column table wrapper. Autoclose: 1 -->\n<\/div><\/div><\/main><!-- close content main element --><\/div><\/div><div id='after_section_1'  class='main_color av_default_container_wrap container_wrap fullsize'  ><div class='container av-section-cont-open' ><div class='template-page content  av-content-full alpha units'><div class='post-entry post-entry-type-page post-entry-681'><div class='entry-content-wrapper clearfix'>\n\n<style type=\"text\/css\" data-created_by=\"avia_inline_auto\" id=\"style-css-av-5tu6dd-10bed74c4ee4448221551294260ed4d2\">\n#top .av-special-heading.av-5tu6dd-10bed74c4ee4448221551294260ed4d2{\npadding-bottom:20px;\nfont-size:40px;\n}\nbody .av-special-heading.av-5tu6dd-10bed74c4ee4448221551294260ed4d2 .av-special-heading-tag .heading-char{\nfont-size:25px;\n}\n#top #wrap_all .av-special-heading.av-5tu6dd-10bed74c4ee4448221551294260ed4d2 .av-special-heading-tag{\nfont-size:40px;\n}\n.av-special-heading.av-5tu6dd-10bed74c4ee4448221551294260ed4d2 .av-subheading{\nfont-size:15px;\n}\n\n@media only screen and (min-width: 480px) and (max-width: 767px){ \n#top #wrap_all .av-special-heading.av-5tu6dd-10bed74c4ee4448221551294260ed4d2 .av-special-heading-tag{\nfont-size:0.8em;\n}\n}\n\n@media only screen and (max-width: 479px){ \n#top #wrap_all .av-special-heading.av-5tu6dd-10bed74c4ee4448221551294260ed4d2 .av-special-heading-tag{\nfont-size:0.8em;\n}\n}\n<\/style>\n<div  class='av-special-heading av-5tu6dd-10bed74c4ee4448221551294260ed4d2 av-special-heading-h1 blockquote modern-quote modern-centered  avia-builder-el-6  el_after_av_section  el_before_av_table  avia-builder-el-first  av-inherit-size'><h1 class='av-special-heading-tag '  itemprop=\"headline\"  >Standardzimmer (16 &#8211; 20 m\u00b2)<\/h1><div class='av-subheading av-subheading_below'><p>ab CHF 250.- \/ Nacht<\/p>\n<\/div><div class=\"special-heading-border\"><div class=\"special-heading-inner-border\"><\/div><\/div><\/div>\n<div class='avia-data-table-wrap av-5s3i75-13bf377d875567aaa2232748a8905d6b avia_responsive_table avia-table-1'><table  class='avia-table avia-data-table avia_pricing_minimal  avia-builder-el-7  el_after_av_heading  el_before_av_textblock '  itemscope=\"itemscope\" itemtype=\"https:\/\/schema.org\/Table\" ><tbody><tr class='avia-heading-row'><th class='avia-highlight-col'>\u00a0<\/th><th class=''>Vor- Mittel- und Nachsaison*<\/th><th class=''>Hauptsaison*<\/th><\/tr><tr class=''><td class='avia-highlight-col'>Doppelzimmer<\/td><td class=''>CHF 250.\u2013 bis CHF 310.\u2013<\/td><td class=''>CHF 350.\u2013 bis CHF 360.\u2013<\/td><\/tr><\/tbody><\/table><\/div><style type='text\/css'>.avia-table-1 td:nth-of-type(1):before { content: '\u00a0'; } .avia-table-1 td:nth-of-type(2):before { content: 'Vor- Mittel- und Nachsaison*'; } .avia-table-1 td:nth-of-type(3):before { content: 'Hauptsaison*'; } <\/style>\n\n<style type=\"text\/css\" data-created_by=\"avia_inline_auto\" id=\"style-css-av-ltipb2l0-3ce86dcb1c059d97d9a45c898bd27b01\">\n#top .av_textblock_section.av-ltipb2l0-3ce86dcb1c059d97d9a45c898bd27b01 .avia_textblock{\ntext-align:center;\n}\n<\/style>\n<section  class='av_textblock_section av-ltipb2l0-3ce86dcb1c059d97d9a45c898bd27b01 '   itemscope=\"itemscope\" itemtype=\"https:\/\/schema.org\/CreativeWork\" ><div class='avia_textblock'  itemprop=\"text\" ><p>Die Preise gelten pro Zimmer und pro \u00dcbernachtung inklusive Fr\u00fchst\u00fccksbuffet und MwSt., zzgl. City Tax CHF 4.50 pro Person und Nacht.<\/p>\n<\/div><\/section>\n<\/div><\/div><\/div><!-- close content main div --><\/div><\/div><div id='av_section_2'  class='avia-section av-67ho1l-0446dab93c75d980010d0d9b4574b3e2 main_color avia-section-no-padding avia-no-border-styling  avia-builder-el-9  el_after_av_textblock  avia-builder-el-last  cc-portfolio-bottom avia-bg-style-scroll container_wrap fullsize'  ><div class='container av-section-cont-open' ><div class='template-page content  av-content-full alpha units'><div class='post-entry post-entry-type-page post-entry-681'><div class='entry-content-wrapper clearfix'>\n\n<style type=\"text\/css\" data-created_by=\"avia_inline_auto\" id=\"style-css-av-3jx2xl-09f7eb5d8bb1d4f030bc0456904a6088\">\n#top .hr.av-3jx2xl-09f7eb5d8bb1d4f030bc0456904a6088{\nmargin-top:0px;\nmargin-bottom:50px;\n}\n.hr.av-3jx2xl-09f7eb5d8bb1d4f030bc0456904a6088 .hr-inner{\nwidth:45%;\nborder-color:#adadad;\nmax-width:45%;\n}\n.hr.av-3jx2xl-09f7eb5d8bb1d4f030bc0456904a6088 .av-seperator-icon{\ncolor:#d86025;\n}\n.hr.av-3jx2xl-09f7eb5d8bb1d4f030bc0456904a6088 .av-seperator-icon.avia-svg-icon svg:first-child{\nfill:#d86025;\nstroke:#d86025;\n}\n<\/style>\n<div  class='hr av-3jx2xl-09f7eb5d8bb1d4f030bc0456904a6088 hr-custom  avia-builder-el-10  el_before_av_one_fourth  avia-builder-el-first  hr-center hr-icon-yes'><span class='hr-inner inner-border-av-border-thin'><span class=\"hr-inner-style\"><\/span><\/span><span class='av-seperator-icon avia-iconfont avia-font-entypo-fontello' data-av_icon='\ue8ce' data-av_iconfont='entypo-fontello' ><\/span><span class='hr-inner inner-border-av-border-thin'><span class=\"hr-inner-style\"><\/span><\/span><\/div>\n\n<style type=\"text\/css\" data-created_by=\"avia_inline_auto\" id=\"style-css-av-3byr29-70668de6a6cf3d5c35c7f0bfc2a94cbb\">\n#top .flex_column.av-3byr29-70668de6a6cf3d5c35c7f0bfc2a94cbb{\nmargin-top:30px;\nmargin-bottom:30px;\n}\n.flex_column.av-3byr29-70668de6a6cf3d5c35c7f0bfc2a94cbb{\nborder-radius:0px 0px 0px 0px;\npadding:0px 0px 0px 0px;\n}\n.responsive #top #wrap_all .flex_column.av-3byr29-70668de6a6cf3d5c35c7f0bfc2a94cbb{\nmargin-top:30px;\nmargin-bottom:30px;\n}\n<\/style>\n<div  class='flex_column av-3byr29-70668de6a6cf3d5c35c7f0bfc2a94cbb av_one_fourth  avia-builder-el-11  el_after_av_hr  el_before_av_one_fourth  first flex_column_div av-zero-column-padding  '     ><article  class='iconbox iconbox_left av-39h9m1-58afc5dd8ccc90b0b15731117dd9fcb7  avia-builder-el-12  avia-builder-el-no-sibling '  itemscope=\"itemscope\" itemtype=\"https:\/\/schema.org\/CreativeWork\" ><div class=\"iconbox_content\"><header class=\"entry-content-header\" aria-label=\"Icon: 1-2 G\u00e4ste\"><div class='iconbox_icon heading-color avia-iconfont avia-font-entypo-fontello' data-av_icon='\ue80b' data-av_iconfont='entypo-fontello'  ><\/div><h3 class='iconbox_content_title '  itemprop=\"headline\" >1-2 G\u00e4ste<\/h3><\/header><div class='iconbox_content_container '  itemprop=\"text\" ><p>Gem\u00fctliches\u00a0Hotelzimmer<\/p>\n<\/div><\/div><footer class=\"entry-footer\"><\/footer><\/article><\/div>\n<style type=\"text\/css\" data-created_by=\"avia_inline_auto\" id=\"style-css-av-30tgax-4c2d3334ae9abe5a8270b44608acc06f\">\n#top .flex_column.av-30tgax-4c2d3334ae9abe5a8270b44608acc06f{\nmargin-top:30px;\nmargin-bottom:30px;\n}\n.flex_column.av-30tgax-4c2d3334ae9abe5a8270b44608acc06f{\nborder-radius:0px 0px 0px 0px;\npadding:0px 0px 0px 0px;\n}\n.responsive #top #wrap_all .flex_column.av-30tgax-4c2d3334ae9abe5a8270b44608acc06f{\nmargin-top:30px;\nmargin-bottom:30px;\n}\n<\/style>\n<div  class='flex_column av-30tgax-4c2d3334ae9abe5a8270b44608acc06f av_one_fourth  avia-builder-el-13  el_after_av_one_fourth  el_before_av_one_fourth  flex_column_div av-zero-column-padding  '     ><article  class='iconbox iconbox_left av-alt4h-faaa01db150529603df42e918af2fffa  avia-builder-el-14  avia-builder-el-no-sibling '  itemscope=\"itemscope\" itemtype=\"https:\/\/schema.org\/CreativeWork\" ><div class=\"iconbox_content\"><header class=\"entry-content-header\" aria-label=\"Icon: Badezimmer\"><div class='iconbox_icon heading-color avia-iconfont avia-font-entypo-fontello' data-av_icon='\ue8cc' data-av_iconfont='entypo-fontello'  ><\/div><h3 class='iconbox_content_title '  itemprop=\"headline\" >Badezimmer<\/h3><\/header><div class='iconbox_content_container '  itemprop=\"text\" ><p>Mit Dusche oder Badewanne<\/p>\n<\/div><\/div><footer class=\"entry-footer\"><\/footer><\/article><\/div>\n<style type=\"text\/css\" data-created_by=\"avia_inline_auto\" id=\"style-css-av-2rlynt-7d8980a69aa78c1de07512c94e28373f\">\n#top .flex_column.av-2rlynt-7d8980a69aa78c1de07512c94e28373f{\nmargin-top:30px;\nmargin-bottom:30px;\n}\n.flex_column.av-2rlynt-7d8980a69aa78c1de07512c94e28373f{\nborder-radius:0px 0px 0px 0px;\npadding:0px 0px 0px 0px;\n}\n.responsive #top #wrap_all .flex_column.av-2rlynt-7d8980a69aa78c1de07512c94e28373f{\nmargin-top:30px;\nmargin-bottom:30px;\n}\n<\/style>\n<div  class='flex_column av-2rlynt-7d8980a69aa78c1de07512c94e28373f av_one_fourth  avia-builder-el-15  el_after_av_one_fourth  el_before_av_one_fourth  flex_column_div av-zero-column-padding  '     ><article  class='iconbox iconbox_left av-2l0qjd-dd8634b38e6d01f59c8e162479774e1a  avia-builder-el-16  avia-builder-el-no-sibling '  itemscope=\"itemscope\" itemtype=\"https:\/\/schema.org\/CreativeWork\" ><div class=\"iconbox_content\"><header class=\"entry-content-header\" aria-label=\"Icon: Wi-Fi\"><div class='iconbox_icon heading-color avia-iconfont avia-font-entypo-fontello' data-av_icon='\ue8a7' data-av_iconfont='entypo-fontello'  ><\/div><h3 class='iconbox_content_title '  itemprop=\"headline\" >Wi-Fi<\/h3><\/header><div class='iconbox_content_container '  itemprop=\"text\" ><p>Das gesamte Hotel verf\u00fcgt \u00fcber eine kostenlose Wi-Fi Abdeckung<\/p>\n<\/div><\/div><footer class=\"entry-footer\"><\/footer><\/article><\/div>\n<style type=\"text\/css\" data-created_by=\"avia_inline_auto\" id=\"style-css-av-2exsld-be328cf6a072a0dbccb41432319c15a7\">\n#top .flex_column.av-2exsld-be328cf6a072a0dbccb41432319c15a7{\nmargin-top:30px;\nmargin-bottom:30px;\n}\n.flex_column.av-2exsld-be328cf6a072a0dbccb41432319c15a7{\nborder-radius:0px 0px 0px 0px;\npadding:0px 0px 0px 0px;\n}\n.responsive #top #wrap_all .flex_column.av-2exsld-be328cf6a072a0dbccb41432319c15a7{\nmargin-top:30px;\nmargin-bottom:30px;\n}\n<\/style>\n<div  class='flex_column av-2exsld-be328cf6a072a0dbccb41432319c15a7 av_one_fourth  avia-builder-el-17  el_after_av_one_fourth  el_before_av_one_fourth  flex_column_div av-zero-column-padding  '     ><article  class='iconbox iconbox_left av-2a85c9-68042544d47fd596379421a6cb61364e  avia-builder-el-18  avia-builder-el-no-sibling '  itemscope=\"itemscope\" itemtype=\"https:\/\/schema.org\/CreativeWork\" ><div class=\"iconbox_content\"><header class=\"entry-content-header\" aria-label=\"Icon: Swimmingpool\"><div class='iconbox_icon heading-color avia-iconfont avia-font-entypo-fontello' data-av_icon='\ue8ce' data-av_iconfont='entypo-fontello'  ><\/div><h3 class='iconbox_content_title '  itemprop=\"headline\" >Swimmingpool<\/h3><\/header><div class='iconbox_content_container '  itemprop=\"text\" ><p>Der Outdoorpool l\u00e4dt Sie zum Erholen und Entspannen ein.<\/p>\n<\/div><\/div><footer class=\"entry-footer\"><\/footer><\/article><\/div>\n<style type=\"text\/css\" data-created_by=\"avia_inline_auto\" id=\"style-css-av-22bhnl-a0c19e920e7c296db46fb90b23b3ade9\">\n#top .flex_column.av-22bhnl-a0c19e920e7c296db46fb90b23b3ade9{\nmargin-top:30px;\nmargin-bottom:30px;\n}\n.flex_column.av-22bhnl-a0c19e920e7c296db46fb90b23b3ade9{\nborder-radius:0px 0px 0px 0px;\npadding:0px 0px 0px 0px;\n}\n.responsive #top #wrap_all .flex_column.av-22bhnl-a0c19e920e7c296db46fb90b23b3ade9{\nmargin-top:30px;\nmargin-bottom:30px;\n}\n<\/style>\n<div  class='flex_column av-22bhnl-a0c19e920e7c296db46fb90b23b3ade9 av_one_fourth  avia-builder-el-19  el_after_av_one_fourth  el_before_av_one_fourth  first flex_column_div av-zero-column-padding  column-top-margin'     ><article  class='iconbox iconbox_left av-1voult-521092e2e46afa21f6bbf1edc946c8b0  avia-builder-el-20  avia-builder-el-no-sibling '  itemscope=\"itemscope\" itemtype=\"https:\/\/schema.org\/CreativeWork\" ><div class=\"iconbox_content\"><header class=\"entry-content-header\" aria-label=\"Icon: 24 Reception\"><div class='iconbox_icon heading-color avia-iconfont avia-font-entypo-fontello' data-av_icon='\ue862' data-av_iconfont='entypo-fontello'  ><\/div><h3 class='iconbox_content_title '  itemprop=\"headline\" >24 Reception<\/h3><\/header><div class='iconbox_content_container '  itemprop=\"text\" ><p>Permanent bediente Reception<\/p>\n<\/div><\/div><footer class=\"entry-footer\"><\/footer><\/article><\/div>\n<style type=\"text\/css\" data-created_by=\"avia_inline_auto\" id=\"style-css-av-1s9xg9-252eb1f59da6b4b9658d6302bdae1ce4\">\n#top .flex_column.av-1s9xg9-252eb1f59da6b4b9658d6302bdae1ce4{\nmargin-top:30px;\nmargin-bottom:30px;\n}\n.flex_column.av-1s9xg9-252eb1f59da6b4b9658d6302bdae1ce4{\nborder-radius:0px 0px 0px 0px;\npadding:0px 0px 0px 0px;\n}\n.responsive #top #wrap_all .flex_column.av-1s9xg9-252eb1f59da6b4b9658d6302bdae1ce4{\nmargin-top:30px;\nmargin-bottom:30px;\n}\n<\/style>\n<div  class='flex_column av-1s9xg9-252eb1f59da6b4b9658d6302bdae1ce4 av_one_fourth  avia-builder-el-21  el_after_av_one_fourth  el_before_av_one_fourth  flex_column_div av-zero-column-padding  column-top-margin'     ><article  class='iconbox iconbox_left av-1jo6zl-7fb774f9e438b18d57a7694d0a773a08  avia-builder-el-22  avia-builder-el-no-sibling '  itemscope=\"itemscope\" itemtype=\"https:\/\/schema.org\/CreativeWork\" ><div class=\"iconbox_content\"><header class=\"entry-content-header\" aria-label=\"Icon: Internationales TV\"><div class='iconbox_icon heading-color avia-iconfont avia-font-entypo-fontello' data-av_icon='\ue8ab' data-av_iconfont='entypo-fontello'  ><\/div><h3 class='iconbox_content_title '  itemprop=\"headline\" >Internationales TV<\/h3><\/header><div class='iconbox_content_container '  itemprop=\"text\" ><p>Jedes Zimmer verf\u00fcgt \u00fcber einen TV mit internationalem Programm<\/p>\n<\/div><\/div><footer class=\"entry-footer\"><\/footer><\/article><\/div>\n<style type=\"text\/css\" data-created_by=\"avia_inline_auto\" id=\"style-css-av-1h7dgh-9c05cc87d5089cb4a6ce761310e339df\">\n#top .flex_column.av-1h7dgh-9c05cc87d5089cb4a6ce761310e339df{\nmargin-top:30px;\nmargin-bottom:30px;\n}\n.flex_column.av-1h7dgh-9c05cc87d5089cb4a6ce761310e339df{\nborder-radius:0px 0px 0px 0px;\npadding:0px 0px 0px 0px;\n}\n.responsive #top #wrap_all .flex_column.av-1h7dgh-9c05cc87d5089cb4a6ce761310e339df{\nmargin-top:30px;\nmargin-bottom:30px;\n}\n<\/style>\n<div  class='flex_column av-1h7dgh-9c05cc87d5089cb4a6ce761310e339df av_one_fourth  avia-builder-el-23  el_after_av_one_fourth  el_before_av_one_fourth  flex_column_div av-zero-column-padding  column-top-margin'     ><article  class='iconbox iconbox_left av-170d9l-6d98f638f442b393b5efec5a65774bca  avia-builder-el-24  avia-builder-el-no-sibling '  itemscope=\"itemscope\" itemtype=\"https:\/\/schema.org\/CreativeWork\" ><div class=\"iconbox_content\"><header class=\"entry-content-header\" aria-label=\"Icon: Fr\u00fchst\u00fcck bis 11:00\"><div class='iconbox_icon heading-color avia-iconfont avia-font-entypo-fontello' data-av_icon='\ue812' data-av_iconfont='entypo-fontello'  ><\/div><h3 class='iconbox_content_title '  itemprop=\"headline\" >Fr\u00fchst\u00fcck bis 11:00<\/h3><\/header><div class='iconbox_content_container '  itemprop=\"text\" ><p>Umfangreiches Fr\u00fchst\u00fcckbuffet<\/p>\n<\/div><\/div><footer class=\"entry-footer\"><\/footer><\/article><\/div>\n<style type=\"text\/css\" data-created_by=\"avia_inline_auto\" id=\"style-css-av-14v3mp-457900ee45fdaeba2186d2241b826ba3\">\n#top .flex_column.av-14v3mp-457900ee45fdaeba2186d2241b826ba3{\nmargin-top:30px;\nmargin-bottom:30px;\n}\n.flex_column.av-14v3mp-457900ee45fdaeba2186d2241b826ba3{\nborder-radius:0px 0px 0px 0px;\npadding:0px 0px 0px 0px;\n}\n.responsive #top #wrap_all .flex_column.av-14v3mp-457900ee45fdaeba2186d2241b826ba3{\nmargin-top:30px;\nmargin-bottom:30px;\n}\n<\/style>\n<div  class='flex_column av-14v3mp-457900ee45fdaeba2186d2241b826ba3 av_one_fourth  avia-builder-el-25  el_after_av_one_fourth  el_before_av_one_full  flex_column_div av-zero-column-padding  column-top-margin'     ><article  class='iconbox iconbox_left av-ywibl-87618d7d01902eea0798391ef2d85de6  avia-builder-el-26  avia-builder-el-no-sibling '  itemscope=\"itemscope\" itemtype=\"https:\/\/schema.org\/CreativeWork\" ><div class=\"iconbox_content\"><header class=\"entry-content-header\" aria-label=\"Icon: Zimmer Service\"><div class='iconbox_icon heading-color avia-iconfont avia-font-entypo-fontello' data-av_icon='\ue83d' data-av_iconfont='entypo-fontello'  ><\/div><h3 class='iconbox_content_title '  itemprop=\"headline\" >Zimmer Service<\/h3><\/header><div class='iconbox_content_container '  itemprop=\"text\" ><p>Umfangreicher Zimmerservice<\/p>\n<\/div><\/div><footer class=\"entry-footer\"><\/footer><\/article><\/div>\n<style type=\"text\/css\" data-created_by=\"avia_inline_auto\" id=\"style-css-av-hfz09-78ec93997f58820f3176a7ab978e6963\">\n.flex_column.av-hfz09-78ec93997f58820f3176a7ab978e6963{\nborder-radius:0px 0px 0px 0px;\npadding:0px 0px 0px 0px;\n}\n<\/style>\n<div  class='flex_column av-hfz09-78ec93997f58820f3176a7ab978e6963 av_one_full  avia-builder-el-27  el_after_av_one_fourth  avia-builder-el-last  first flex_column_div av-animated-generic bottom-to-top av-zero-column-padding  column-top-margin'     ><style type=\"text\/css\" data-created_by=\"avia_inline_auto\" id=\"style-css-av-9r13l-6cbd653b88ccbd5e533f06e0f21eec85\">\n#top .av_textblock_section.av-9r13l-6cbd653b88ccbd5e533f06e0f21eec85 .avia_textblock{\ntext-align:center;\n}\n<\/style>\n<section  class='av_textblock_section av-9r13l-6cbd653b88ccbd5e533f06e0f21eec85 '   itemscope=\"itemscope\" itemtype=\"https:\/\/schema.org\/CreativeWork\" ><div class='avia_textblock'  itemprop=\"text\" ><p class=\"bodytext\">Alle unsere Zimmer sind Nichtraucherzimmer und verf\u00fcgen \u00fcber Bad\/WC oder Dusche\/WC, Klimaanlage, Minibar, Safe, Telefon, Radio\/TV und gratis Wi-Fi.<\/p>\n<\/div><\/section><\/div>\n\n","protected":false},"excerpt":{"rendered":"<p>ab CHF 250.-<\/p>\n","protected":false},"author":2,"featured_media":13388,"comment_status":"open","ping_status":"closed","template":"","meta":{"footnotes":""},"tags":[],"portfolio_entries":[24],"class_list":["post-681","portfolio","type-portfolio","status-publish","has-post-thumbnail","hentry","portfolio_entries-zimmer"],"yoast_head":"<!-- This site is optimized with the Yoast SEO plugin v27.2 - https:\/\/yoast.com\/product\/yoast-seo-wordpress\/ -->\n<title>Standard Kategorie - Romantik Hotel Castello Seeschloss<\/title>\n<meta name=\"robots\" content=\"index, follow, max-snippet:-1, max-image-preview:large, max-video-preview:-1\" \/>\n<link rel=\"canonical\" href=\"https:\/\/www.castello-seeschloss.ch\/de\/portfolio-item\/standardzimmer\/\" \/>\n<meta property=\"og:locale\" content=\"de_DE\" \/>\n<meta property=\"og:type\" content=\"article\" \/>\n<meta property=\"og:title\" content=\"Standard Kategorie - Romantik Hotel Castello Seeschloss\" \/>\n<meta property=\"og:description\" content=\"ab CHF 250.-\" \/>\n<meta property=\"og:url\" content=\"https:\/\/www.castello-seeschloss.ch\/de\/portfolio-item\/standardzimmer\/\" \/>\n<meta property=\"og:site_name\" content=\"Romantik Hotel Castello Seeschloss\" \/>\n<meta property=\"article:modified_time\" content=\"2025-04-21T09:35:37+00:00\" \/>\n<meta property=\"og:image\" content=\"https:\/\/www.castello-seeschloss.ch\/wp-content\/uploads\/2017\/01\/36-1-1024x683.jpg\" \/>\n\t<meta property=\"og:image:width\" content=\"1024\" \/>\n\t<meta property=\"og:image:height\" content=\"683\" \/>\n\t<meta property=\"og:image:type\" content=\"image\/jpeg\" \/>\n<meta name=\"twitter:card\" content=\"summary_large_image\" \/>\n<meta name=\"twitter:label1\" content=\"Gesch\u00e4tzte Lesezeit\" \/>\n\t<meta name=\"twitter:data1\" content=\"4\u00a0Minuten\" \/>\n<script type=\"application\/ld+json\" class=\"yoast-schema-graph\">{\"@context\":\"https:\/\/schema.org\",\"@graph\":[{\"@type\":\"WebPage\",\"@id\":\"https:\/\/www.castello-seeschloss.ch\/de\/portfolio-item\/standardzimmer\/\",\"url\":\"https:\/\/www.castello-seeschloss.ch\/de\/portfolio-item\/standardzimmer\/\",\"name\":\"Standard Kategorie - Romantik Hotel Castello Seeschloss\",\"isPartOf\":{\"@id\":\"https:\/\/www.castello-seeschloss.ch\/#website\"},\"primaryImageOfPage\":{\"@id\":\"https:\/\/www.castello-seeschloss.ch\/de\/portfolio-item\/standardzimmer\/#primaryimage\"},\"image\":{\"@id\":\"https:\/\/www.castello-seeschloss.ch\/de\/portfolio-item\/standardzimmer\/#primaryimage\"},\"thumbnailUrl\":\"https:\/\/www.castello-seeschloss.ch\/wp-content\/uploads\/2017\/01\/36-1-scaled.jpg\",\"datePublished\":\"2017-01-23T00:00:08+00:00\",\"dateModified\":\"2025-04-21T09:35:37+00:00\",\"breadcrumb\":{\"@id\":\"https:\/\/www.castello-seeschloss.ch\/de\/portfolio-item\/standardzimmer\/#breadcrumb\"},\"inLanguage\":\"de\",\"potentialAction\":[{\"@type\":\"ReadAction\",\"target\":[\"https:\/\/www.castello-seeschloss.ch\/de\/portfolio-item\/standardzimmer\/\"]}]},{\"@type\":\"ImageObject\",\"inLanguage\":\"de\",\"@id\":\"https:\/\/www.castello-seeschloss.ch\/de\/portfolio-item\/standardzimmer\/#primaryimage\",\"url\":\"https:\/\/www.castello-seeschloss.ch\/wp-content\/uploads\/2017\/01\/36-1-scaled.jpg\",\"contentUrl\":\"https:\/\/www.castello-seeschloss.ch\/wp-content\/uploads\/2017\/01\/36-1-scaled.jpg\",\"width\":2560,\"height\":1707,\"caption\":\"Standardzimmer\"},{\"@type\":\"BreadcrumbList\",\"@id\":\"https:\/\/www.castello-seeschloss.ch\/de\/portfolio-item\/standardzimmer\/#breadcrumb\",\"itemListElement\":[{\"@type\":\"ListItem\",\"position\":1,\"name\":\"Startseite\",\"item\":\"https:\/\/www.castello-seeschloss.ch\/de\/romantik-hotel-in-ascona-am-lago-maggiore-castello-seeschloss\/\"},{\"@type\":\"ListItem\",\"position\":2,\"name\":\"Standard Kategorie\"}]},{\"@type\":\"WebSite\",\"@id\":\"https:\/\/www.castello-seeschloss.ch\/#website\",\"url\":\"https:\/\/www.castello-seeschloss.ch\/\",\"name\":\"Romantik Hotel Castello Seeschloss\",\"description\":\"Ascona Tessin\",\"potentialAction\":[{\"@type\":\"SearchAction\",\"target\":{\"@type\":\"EntryPoint\",\"urlTemplate\":\"https:\/\/www.castello-seeschloss.ch\/?s={search_term_string}\"},\"query-input\":{\"@type\":\"PropertyValueSpecification\",\"valueRequired\":true,\"valueName\":\"search_term_string\"}}],\"inLanguage\":\"de\"}]}<\/script>\n<!-- \/ Yoast SEO plugin. -->","yoast_head_json":{"title":"Standard Kategorie - Romantik Hotel Castello Seeschloss","robots":{"index":"index","follow":"follow","max-snippet":"max-snippet:-1","max-image-preview":"max-image-preview:large","max-video-preview":"max-video-preview:-1"},"canonical":"https:\/\/www.castello-seeschloss.ch\/de\/portfolio-item\/standardzimmer\/","og_locale":"de_DE","og_type":"article","og_title":"Standard Kategorie - Romantik Hotel Castello Seeschloss","og_description":"ab CHF 250.-","og_url":"https:\/\/www.castello-seeschloss.ch\/de\/portfolio-item\/standardzimmer\/","og_site_name":"Romantik Hotel Castello Seeschloss","article_modified_time":"2025-04-21T09:35:37+00:00","og_image":[{"width":1024,"height":683,"url":"https:\/\/www.castello-seeschloss.ch\/wp-content\/uploads\/2017\/01\/36-1-1024x683.jpg","type":"image\/jpeg"}],"twitter_card":"summary_large_image","twitter_misc":{"Gesch\u00e4tzte Lesezeit":"4\u00a0Minuten"},"schema":{"@context":"https:\/\/schema.org","@graph":[{"@type":"WebPage","@id":"https:\/\/www.castello-seeschloss.ch\/de\/portfolio-item\/standardzimmer\/","url":"https:\/\/www.castello-seeschloss.ch\/de\/portfolio-item\/standardzimmer\/","name":"Standard Kategorie - Romantik Hotel Castello Seeschloss","isPartOf":{"@id":"https:\/\/www.castello-seeschloss.ch\/#website"},"primaryImageOfPage":{"@id":"https:\/\/www.castello-seeschloss.ch\/de\/portfolio-item\/standardzimmer\/#primaryimage"},"image":{"@id":"https:\/\/www.castello-seeschloss.ch\/de\/portfolio-item\/standardzimmer\/#primaryimage"},"thumbnailUrl":"https:\/\/www.castello-seeschloss.ch\/wp-content\/uploads\/2017\/01\/36-1-scaled.jpg","datePublished":"2017-01-23T00:00:08+00:00","dateModified":"2025-04-21T09:35:37+00:00","breadcrumb":{"@id":"https:\/\/www.castello-seeschloss.ch\/de\/portfolio-item\/standardzimmer\/#breadcrumb"},"inLanguage":"de","potentialAction":[{"@type":"ReadAction","target":["https:\/\/www.castello-seeschloss.ch\/de\/portfolio-item\/standardzimmer\/"]}]},{"@type":"ImageObject","inLanguage":"de","@id":"https:\/\/www.castello-seeschloss.ch\/de\/portfolio-item\/standardzimmer\/#primaryimage","url":"https:\/\/www.castello-seeschloss.ch\/wp-content\/uploads\/2017\/01\/36-1-scaled.jpg","contentUrl":"https:\/\/www.castello-seeschloss.ch\/wp-content\/uploads\/2017\/01\/36-1-scaled.jpg","width":2560,"height":1707,"caption":"Standardzimmer"},{"@type":"BreadcrumbList","@id":"https:\/\/www.castello-seeschloss.ch\/de\/portfolio-item\/standardzimmer\/#breadcrumb","itemListElement":[{"@type":"ListItem","position":1,"name":"Startseite","item":"https:\/\/www.castello-seeschloss.ch\/de\/romantik-hotel-in-ascona-am-lago-maggiore-castello-seeschloss\/"},{"@type":"ListItem","position":2,"name":"Standard Kategorie"}]},{"@type":"WebSite","@id":"https:\/\/www.castello-seeschloss.ch\/#website","url":"https:\/\/www.castello-seeschloss.ch\/","name":"Romantik Hotel Castello Seeschloss","description":"Ascona Tessin","potentialAction":[{"@type":"SearchAction","target":{"@type":"EntryPoint","urlTemplate":"https:\/\/www.castello-seeschloss.ch\/?s={search_term_string}"},"query-input":{"@type":"PropertyValueSpecification","valueRequired":true,"valueName":"search_term_string"}}],"inLanguage":"de"}]}},"publishpress_future_workflow_manual_trigger":{"enabledWorkflows":[]},"_links":{"self":[{"href":"https:\/\/www.castello-seeschloss.ch\/de\/wp-json\/wp\/v2\/portfolio\/681","targetHints":{"allow":["GET"]}}],"collection":[{"href":"https:\/\/www.castello-seeschloss.ch\/de\/wp-json\/wp\/v2\/portfolio"}],"about":[{"href":"https:\/\/www.castello-seeschloss.ch\/de\/wp-json\/wp\/v2\/types\/portfolio"}],"author":[{"embeddable":true,"href":"https:\/\/www.castello-seeschloss.ch\/de\/wp-json\/wp\/v2\/users\/2"}],"replies":[{"embeddable":true,"href":"https:\/\/www.castello-seeschloss.ch\/de\/wp-json\/wp\/v2\/comments?post=681"}],"version-history":[{"count":0,"href":"https:\/\/www.castello-seeschloss.ch\/de\/wp-json\/wp\/v2\/portfolio\/681\/revisions"}],"wp:featuredmedia":[{"embeddable":true,"href":"https:\/\/www.castello-seeschloss.ch\/de\/wp-json\/wp\/v2\/media\/13388"}],"wp:attachment":[{"href":"https:\/\/www.castello-seeschloss.ch\/de\/wp-json\/wp\/v2\/media?parent=681"}],"wp:term":[{"taxonomy":"post_tag","embeddable":true,"href":"https:\/\/www.castello-seeschloss.ch\/de\/wp-json\/wp\/v2\/tags?post=681"},{"taxonomy":"portfolio_entries","embeddable":true,"href":"https:\/\/www.castello-seeschloss.ch\/de\/wp-json\/wp\/v2\/portfolio_entries?post=681"}],"curies":[{"name":"wp","href":"https:\/\/api.w.org\/{rel}","templated":true}]}}