{"id":2228,"date":"2022-09-15T11:20:40","date_gmt":"2022-09-15T09:20:40","guid":{"rendered":"https:\/\/www.castello-seeschloss.ch\/?page_id=2228\/"},"modified":"2026-03-26T12:51:04","modified_gmt":"2026-03-26T11:51:04","slug":"ristorante-al-lago","status":"publish","type":"page","link":"https:\/\/www.castello-seeschloss.ch\/fr\/ristorante-al-lago\/","title":{"rendered":"Ristorante al Lago"},"content":{"rendered":"<\/p>\n<div id='full_slider_1'  class='avia-fullwidth-slider main_color avia-shadow   avia-builder-el-0  el_before_av_heading  avia-builder-el-first   container_wrap fullsize'  ><div  class='avia-slideshow av-xd2uh1-829c3c691365b59de67f32e0af85b19c avia-slideshow-no scaling av_slideshow_full avia-slide-slider av-slideshow-ui av-control-default av-slideshow-autoplay av-loop-endless av-loop-manual-endless av-default-height-applied   avia-slideshow-1' data-slideshow-options=\"{&quot;animation&quot;:&quot;slide&quot;,&quot;autoplay&quot;:true,&quot;loop_autoplay&quot;:&quot;endless&quot;,&quot;interval&quot;:5,&quot;loop_manual&quot;:&quot;manual-endless&quot;,&quot;autoplay_stopper&quot;:false,&quot;noNavigation&quot;:false,&quot;bg_slider&quot;:false,&quot;keep_padding&quot;:false,&quot;hoverpause&quot;:false,&quot;show_slide_delay&quot;:0}\"  itemprop=\"image\" itemscope=\"itemscope\" itemtype=\"https:\/\/schema.org\/ImageObject\" ><ul class='avia-slideshow-inner ' style='padding-bottom: 28.666666666667%;'><li  class='avia-slideshow-slide av-xd2uh1-829c3c691365b59de67f32e0af85b19c__0  slide-1 slide-odd'><div data-rel='slideshow-1' class='avia-slide-wrap '   ><img decoding=\"async\" fetchpriority=\"high\" class=\"wp-image-10740 avia-img-lazy-loading-not-10740\"  src=\"https:\/\/www.castello-seeschloss.ch\/wp-content\/uploads\/2024\/03\/castello-seeschloss-ascona-schweiz-romantikhotel-restaurant-al-lago-aussenansicht-1500x430-1.jpg\" width=\"1500\" height=\"430\" title='castello-seeschloss-ascona-schweiz-romantikhotel-restaurant-al-lago-aussenansicht-1500x430' alt=''  itemprop=\"thumbnailUrl\"  style='min-height:400px; min-width:1396px; ' \/><\/div><\/li><li  class='avia-slideshow-slide av-xd2uh1-829c3c691365b59de67f32e0af85b19c__1  slide-2 slide-even'><div data-rel='slideshow-1' class='avia-slide-wrap '   ><img decoding=\"async\" fetchpriority=\"high\" class=\"wp-image-10752 avia-img-lazy-loading-not-10752\"  src=\"https:\/\/www.castello-seeschloss.ch\/wp-content\/uploads\/2024\/03\/castello-seeschloss-ascona-schweiz-romantikhotel-restaurant-al-lago-innenansicht-1500x430-1.jpg\" width=\"1500\" height=\"430\" title='castello-seeschloss-ascona-schweiz-romantikhotel-restaurant-al-lago-innenansicht-1500x430' alt=''  itemprop=\"thumbnailUrl\"  style='min-height:400px; min-width:1396px; ' \/><\/div><\/li><li  class='avia-slideshow-slide av-xd2uh1-829c3c691365b59de67f32e0af85b19c__2  slide-3 slide-odd'><div data-rel='slideshow-1' class='avia-slide-wrap '   ><img decoding=\"async\" fetchpriority=\"high\" class=\"wp-image-10744 avia-img-lazy-loading-not-10744\"  src=\"https:\/\/www.castello-seeschloss.ch\/wp-content\/uploads\/2024\/03\/castello-seeschloss-ascona-schweiz-romantikhotel-restaurant-al-lago-blick-auf-den-see-1500x430-1.jpg\" width=\"1500\" height=\"430\" title='castello-seeschloss-ascona-schweiz-romantikhotel-restaurant-al-lago-blick-auf-den-see-1500x430' alt=''  itemprop=\"thumbnailUrl\"  style='min-height:400px; min-width:1396px; ' \/><\/div><\/li><li  class='avia-slideshow-slide av-xd2uh1-829c3c691365b59de67f32e0af85b19c__3  slide-4 slide-even'><div data-rel='slideshow-1' class='avia-slide-wrap '   ><img decoding=\"async\" fetchpriority=\"high\" class=\"wp-image-10756 avia-img-lazy-loading-not-10756\"  src=\"https:\/\/www.castello-seeschloss.ch\/wp-content\/uploads\/2024\/03\/castello-seeschloss-ascona-schweiz-romantikhotel-restaurant-al-lago-rosette-1500x430-1.jpg\" width=\"1500\" height=\"430\" title='castello-seeschloss-ascona-schweiz-romantikhotel-restaurant-al-lago-rosette-1500x430' alt=''  itemprop=\"thumbnailUrl\"  style='min-height:400px; min-width:1396px; ' \/><\/div><\/li><li  class='avia-slideshow-slide av-xd2uh1-829c3c691365b59de67f32e0af85b19c__4  slide-5 slide-odd'><div data-rel='slideshow-1' class='avia-slide-wrap '   ><img decoding=\"async\" fetchpriority=\"high\" class=\"wp-image-10748 avia-img-lazy-loading-not-10748\"  src=\"https:\/\/www.castello-seeschloss.ch\/wp-content\/uploads\/2024\/03\/castello-seeschloss-ascona-schweiz-romantikhotel-restaurant-al-lago-buescion-1500x430-1.jpg\" width=\"1500\" height=\"430\" title='castello-seeschloss-ascona-schweiz-romantikhotel-restaurant-al-lago-buescion-1500x430' alt=''  itemprop=\"thumbnailUrl\"  style='min-height:400px; min-width:1396px; ' \/><\/div><\/li><li  class='avia-slideshow-slide av-xd2uh1-829c3c691365b59de67f32e0af85b19c__5  slide-6 slide-even'><div data-rel='slideshow-1' class='avia-slide-wrap '   ><img decoding=\"async\" fetchpriority=\"high\" class=\"wp-image-10760 avia-img-lazy-loading-not-10760\"  src=\"https:\/\/www.castello-seeschloss.ch\/wp-content\/uploads\/2024\/03\/castello-seeschloss-ascona-schweiz-romantikhotel-restaurant-al-lago-schweinebauch-1500x430-1.jpg\" width=\"1500\" height=\"430\" title='castello-seeschloss-ascona-schweiz-romantikhotel-restaurant-al-lago-schweinebauch-1500x430' alt=''  itemprop=\"thumbnailUrl\"  style='min-height:400px; min-width:1396px; ' \/><\/div><\/li><\/ul><div class='avia-slideshow-arrows avia-slideshow-controls' ><a href='#prev' class='prev-slide  avia-svg-icon avia-font-svg_entypo-fontello' data-av_svg_icon='left-open-big' data-av_iconset='svg_entypo-fontello' tabindex='-1' title=\"Pr\u00e9c\u00e9dent\"><svg version=\"1.1\" xmlns=\"http:\/\/www.w3.org\/2000\/svg\" width=\"15\" height=\"32\" viewBox=\"0 0 15 32\" preserveAspectRatio=\"xMidYMid meet\" aria-labelledby='av-svg-title-1' aria-describedby='av-svg-desc-1' role=\"graphics-symbol\" aria-hidden=\"true\">\n<title id='av-svg-title-1'>Pr\u00e9c\u00e9dent<\/title>\n<desc id='av-svg-desc-1'>Pr\u00e9c\u00e9dent<\/desc>\n<path d=\"M14.464 27.84q0.832 0.832 0 1.536-0.832 0.832-1.536 0l-12.544-12.608q-0.768-0.768 0-1.6l12.544-12.608q0.704-0.832 1.536 0 0.832 0.704 0 1.536l-11.456 11.904z\"><\/path>\n<\/svg><span class='avia_hidden_link_text'>Pr\u00e9c\u00e9dent<\/span><\/a><a href='#next' class='next-slide  avia-svg-icon avia-font-svg_entypo-fontello' data-av_svg_icon='right-open-big' data-av_iconset='svg_entypo-fontello' tabindex='-1' title=\"Suivant\"><svg version=\"1.1\" xmlns=\"http:\/\/www.w3.org\/2000\/svg\" width=\"15\" height=\"32\" viewBox=\"0 0 15 32\" preserveAspectRatio=\"xMidYMid meet\" aria-labelledby='av-svg-title-2' aria-describedby='av-svg-desc-2' role=\"graphics-symbol\" aria-hidden=\"true\">\n<title id='av-svg-title-2'>Suivant<\/title>\n<desc id='av-svg-desc-2'>Suivant<\/desc>\n<path d=\"M0.416 27.84l11.456-11.84-11.456-11.904q-0.832-0.832 0-1.536 0.832-0.832 1.536 0l12.544 12.608q0.768 0.832 0 1.6l-12.544 12.608q-0.704 0.832-1.536 0-0.832-0.704 0-1.536z\"><\/path>\n<\/svg><span class='avia_hidden_link_text'>Suivant<\/span><\/a><\/div><div class='avia-slideshow-dots avia-slideshow-controls'><a href='#1' class='goto-slide active' >1<\/a><a href='#2' class='goto-slide ' >2<\/a><a href='#3' class='goto-slide ' >3<\/a><a href='#4' class='goto-slide ' >4<\/a><a href='#5' class='goto-slide ' >5<\/a><a href='#6' class='goto-slide ' >6<\/a><\/div><\/div><\/div><div id='after_full_slider_1'  class='main_color av_default_container_wrap container_wrap fullsize'  ><div class='container av-section-cont-open' ><div class='template-page content  av-content-full alpha units'><div class='post-entry post-entry-type-page post-entry-2228'><div class='entry-content-wrapper clearfix'>\n\n<style type=\"text\/css\" data-created_by=\"avia_inline_auto\" id=\"style-css-av-j5pf9x-dcea2455015310d4bbd355b97ffd636a\">\n#top .av-special-heading.av-j5pf9x-dcea2455015310d4bbd355b97ffd636a{\npadding-bottom:20px;\nfont-size:40px;\n}\nbody .av-special-heading.av-j5pf9x-dcea2455015310d4bbd355b97ffd636a .av-special-heading-tag .heading-char{\nfont-size:25px;\n}\n#top #wrap_all .av-special-heading.av-j5pf9x-dcea2455015310d4bbd355b97ffd636a .av-special-heading-tag{\nfont-size:40px;\n}\n.av-special-heading.av-j5pf9x-dcea2455015310d4bbd355b97ffd636a .av-subheading{\nfont-size:15px;\n}\n\n@media only screen and (min-width: 480px) and (max-width: 767px){ \n#top #wrap_all .av-special-heading.av-j5pf9x-dcea2455015310d4bbd355b97ffd636a .av-special-heading-tag{\nfont-size:0.8em;\n}\n}\n\n@media only screen and (max-width: 479px){ \n#top #wrap_all .av-special-heading.av-j5pf9x-dcea2455015310d4bbd355b97ffd636a .av-special-heading-tag{\nfont-size:0.8em;\n}\n}\n<\/style>\n<div  class='av-special-heading av-j5pf9x-dcea2455015310d4bbd355b97ffd636a av-special-heading-h1 blockquote modern-quote modern-centered  avia-builder-el-1  el_after_av_slideshow_full  el_before_av_gallery  avia-builder-el-first  av-inherit-size'><h1 class='av-special-heading-tag '  itemprop=\"headline\"  >Ristorante al \u00bbLago\u00ab<\/h1><div class=\"special-heading-border\"><div class=\"special-heading-inner-border\"><\/div><\/div><\/div>\n\n<style type=\"text\/css\" data-created_by=\"avia_inline_auto\" id=\"style-css-av-hgo2c5-8aeb61c8adce0fe6076c10de14faf6e4\">\n#top .avia-gallery.av-hgo2c5-8aeb61c8adce0fe6076c10de14faf6e4 .avia-gallery-thumb a{\nwidth:33.3333%;\n}\n<\/style>\n<div  class='avia-gallery av-hgo2c5-8aeb61c8adce0fe6076c10de14faf6e4 avia_animate_when_visible  avia-builder-el-2  el_after_av_heading  el_before_av_section  avia-builder-el-last  avia_lazyload avia-gallery-animate avia-gallery-1'  itemprop=\"image\" itemscope=\"itemscope\" itemtype=\"https:\/\/schema.org\/ImageObject\" ><meta itemprop=\"contentURL\" content=\"https:\/\/www.castello-seeschloss.ch\/fr\/ristorante-al-lago\/\"><div class='avia-gallery-thumb'><a href=\"https:\/\/www.castello-seeschloss.ch\/wp-content\/uploads\/2017\/01\/DSC4535-1030x687.jpg\" data-srcset=\"https:\/\/www.castello-seeschloss.ch\/wp-content\/uploads\/2017\/01\/DSC4535-1030x687.jpg 1030w, https:\/\/www.castello-seeschloss.ch\/wp-content\/uploads\/2017\/01\/DSC4535-300x200.jpg 300w, https:\/\/www.castello-seeschloss.ch\/wp-content\/uploads\/2017\/01\/DSC4535-768x512.jpg 768w, https:\/\/www.castello-seeschloss.ch\/wp-content\/uploads\/2017\/01\/DSC4535.jpg 1200w, https:\/\/www.castello-seeschloss.ch\/wp-content\/uploads\/2017\/01\/DSC4535-705x470.jpg 705w, https:\/\/www.castello-seeschloss.ch\/wp-content\/uploads\/2017\/01\/DSC4535-450x300.jpg 450w\" data-sizes=\"(max-width: 1024px) 100vw, 1024px\" data-rel='gallery-1' data-prev-img='https:\/\/www.castello-seeschloss.ch\/wp-content\/uploads\/2017\/01\/DSC4535-495x400.jpg' class='first_thumb lightbox ' data-onclick='1' title='_DSC4535'  itemprop=\"thumbnailUrl\"  ><img decoding=\"async\" fetchpriority=\"high\" class=\"wp-image-10308 avia-img-lazy-loading-not-10308\"   src=\"https:\/\/www.castello-seeschloss.ch\/wp-content\/uploads\/2017\/01\/DSC4535-260x185.jpg\" width=\"260\" height=\"185\"  title='_DSC4535' alt='' \/><div class='big-prev-fake'><img decoding=\"async\" fetchpriority=\"high\" class=\"wp-image-10308 avia-img-lazy-loading-not-10308\"  width=\"495\" height=\"400\" src=\"https:\/\/www.castello-seeschloss.ch\/wp-content\/uploads\/2017\/01\/DSC4535-495x400.jpg\" title='_DSC4535' alt='' srcset=\"https:\/\/www.castello-seeschloss.ch\/wp-content\/uploads\/2017\/01\/DSC4535-495x400.jpg 495w, https:\/\/www.castello-seeschloss.ch\/wp-content\/uploads\/2017\/01\/DSC4535-845x684.jpg 845w\" sizes=\"(max-width: 495px) 100vw, 495px\" \/><\/div><\/a><a href=\"https:\/\/www.castello-seeschloss.ch\/wp-content\/uploads\/2017\/01\/al-la-carte-Pavillon-Richtung-Turm-687x1030.jpg\" data-srcset=\"https:\/\/www.castello-seeschloss.ch\/wp-content\/uploads\/2017\/01\/al-la-carte-Pavillon-Richtung-Turm-687x1030.jpg 687w, https:\/\/www.castello-seeschloss.ch\/wp-content\/uploads\/2017\/01\/al-la-carte-Pavillon-Richtung-Turm-200x300.jpg 200w, https:\/\/www.castello-seeschloss.ch\/wp-content\/uploads\/2017\/01\/al-la-carte-Pavillon-Richtung-Turm-768x1152.jpg 768w, https:\/\/www.castello-seeschloss.ch\/wp-content\/uploads\/2017\/01\/al-la-carte-Pavillon-Richtung-Turm-1000x1500.jpg 1000w, https:\/\/www.castello-seeschloss.ch\/wp-content\/uploads\/2017\/01\/al-la-carte-Pavillon-Richtung-Turm-470x705.jpg 470w, https:\/\/www.castello-seeschloss.ch\/wp-content\/uploads\/2017\/01\/al-la-carte-Pavillon-Richtung-Turm-450x675.jpg 450w, https:\/\/www.castello-seeschloss.ch\/wp-content\/uploads\/2017\/01\/al-la-carte-Pavillon-Richtung-Turm.jpg 1200w\" data-sizes=\"(max-width: 683px) 100vw, 683px\" data-rel='gallery-1' data-prev-img='https:\/\/www.castello-seeschloss.ch\/wp-content\/uploads\/2017\/01\/al-la-carte-Pavillon-Richtung-Turm-495x400.jpg' class='lightbox ' data-onclick='2' title='al la carte Pavillon Richtung Turm'  itemprop=\"thumbnailUrl\"  ><img decoding=\"async\" fetchpriority=\"high\" class=\"wp-image-10302 avia-img-lazy-loading-not-10302\"   src=\"https:\/\/www.castello-seeschloss.ch\/wp-content\/uploads\/2017\/01\/al-la-carte-Pavillon-Richtung-Turm-260x185.jpg\" width=\"260\" height=\"185\"  title='al la carte Pavillon Richtung Turm' alt='' \/><div class='big-prev-fake'><img decoding=\"async\" fetchpriority=\"high\" class=\"wp-image-10302 avia-img-lazy-loading-not-10302\"  width=\"495\" height=\"400\" src=\"https:\/\/www.castello-seeschloss.ch\/wp-content\/uploads\/2017\/01\/al-la-carte-Pavillon-Richtung-Turm-495x400.jpg\" title='al la carte Pavillon Richtung Turm' alt='' srcset=\"https:\/\/www.castello-seeschloss.ch\/wp-content\/uploads\/2017\/01\/al-la-carte-Pavillon-Richtung-Turm-495x400.jpg 495w, https:\/\/www.castello-seeschloss.ch\/wp-content\/uploads\/2017\/01\/al-la-carte-Pavillon-Richtung-Turm-845x684.jpg 845w\" sizes=\"(max-width: 495px) 100vw, 495px\" \/><\/div><\/a><a href=\"https:\/\/www.castello-seeschloss.ch\/wp-content\/uploads\/2017\/03\/Castello_Seeschloss_0119_KL-687x1030.jpg\" data-srcset=\"https:\/\/www.castello-seeschloss.ch\/wp-content\/uploads\/2017\/03\/Castello_Seeschloss_0119_KL-687x1030.jpg 687w, https:\/\/www.castello-seeschloss.ch\/wp-content\/uploads\/2017\/03\/Castello_Seeschloss_0119_KL-200x300.jpg 200w, https:\/\/www.castello-seeschloss.ch\/wp-content\/uploads\/2017\/03\/Castello_Seeschloss_0119_KL-768x1152.jpg 768w, https:\/\/www.castello-seeschloss.ch\/wp-content\/uploads\/2017\/03\/Castello_Seeschloss_0119_KL-1000x1500.jpg 1000w, https:\/\/www.castello-seeschloss.ch\/wp-content\/uploads\/2017\/03\/Castello_Seeschloss_0119_KL-470x705.jpg 470w, https:\/\/www.castello-seeschloss.ch\/wp-content\/uploads\/2017\/03\/Castello_Seeschloss_0119_KL-450x675.jpg 450w, https:\/\/www.castello-seeschloss.ch\/wp-content\/uploads\/2017\/03\/Castello_Seeschloss_0119_KL.jpg 1200w\" data-sizes=\"(max-width: 683px) 100vw, 683px\" data-rel='gallery-1' data-prev-img='https:\/\/www.castello-seeschloss.ch\/wp-content\/uploads\/2017\/03\/Castello_Seeschloss_0119_KL-495x400.jpg' class='lightbox ' data-onclick='3' title='Castello_Seeschloss_0119_KL'  itemprop=\"thumbnailUrl\"  ><img decoding=\"async\" fetchpriority=\"high\" class=\"wp-image-10275 avia-img-lazy-loading-not-10275\"   src=\"https:\/\/www.castello-seeschloss.ch\/wp-content\/uploads\/2017\/03\/Castello_Seeschloss_0119_KL-260x185.jpg\" width=\"260\" height=\"185\"  title='Castello_Seeschloss_0119_KL' alt='' \/><div class='big-prev-fake'><img decoding=\"async\" fetchpriority=\"high\" class=\"wp-image-10275 avia-img-lazy-loading-not-10275\"  width=\"495\" height=\"400\" src=\"https:\/\/www.castello-seeschloss.ch\/wp-content\/uploads\/2017\/03\/Castello_Seeschloss_0119_KL-495x400.jpg\" title='Castello_Seeschloss_0119_KL' alt='' srcset=\"https:\/\/www.castello-seeschloss.ch\/wp-content\/uploads\/2017\/03\/Castello_Seeschloss_0119_KL-495x400.jpg 495w, https:\/\/www.castello-seeschloss.ch\/wp-content\/uploads\/2017\/03\/Castello_Seeschloss_0119_KL-845x684.jpg 845w\" sizes=\"(max-width: 495px) 100vw, 495px\" \/><\/div><\/a><\/div><\/div>\n<\/div><\/div><\/div><!-- close content main div --><\/div><\/div>\n<style type=\"text\/css\" data-created_by=\"avia_inline_auto\" id=\"style-css-av-my2z3p-80af2bfcee305aac03535b2f842618e3\">\n.avia-section.av-my2z3p-80af2bfcee305aac03535b2f842618e3 .av-extra-border-element .av-extra-border-inner{\nbackground-color:#ffffff;\n}\n<\/style>\n<div id='av_section_1'  class='avia-section av-my2z3p-80af2bfcee305aac03535b2f842618e3 main_color avia-section-no-padding avia-no-border-styling  avia-builder-el-3  el_after_av_gallery  el_before_av_section  avia-bg-style-scroll av-arrow-down-section container_wrap fullsize'  ><div class='container av-section-cont-open' ><div class='template-page content  av-content-full alpha units'><div class='post-entry post-entry-type-page post-entry-2228'><div class='entry-content-wrapper clearfix'>\n\n<style type=\"text\/css\" data-created_by=\"avia_inline_auto\" id=\"style-css-av-fcuaqd-ae7f1968ef3d9f7462d9b5fda28df018\">\n.flex_column.av-fcuaqd-ae7f1968ef3d9f7462d9b5fda28df018{\nborder-radius:0px 0px 0px 0px;\npadding:0px 0px 0px 0px;\n}\n<\/style>\n<div  class='flex_column av-fcuaqd-ae7f1968ef3d9f7462d9b5fda28df018 av_one_full  avia-builder-el-4  avia-builder-el-no-sibling  first flex_column_div av-zero-column-padding  '     ><section  class='av_textblock_section av-ep3yk5-d69561eba7178b2d02c3781d4f607b01 '   itemscope=\"itemscope\" itemtype=\"https:\/\/schema.org\/CreativeWork\" ><div class='avia_textblock'  itemprop=\"text\" ><p><strong>Votre plaisir culinaire au bord du lac Majeur<\/strong><br \/>\nNotre restaurant \u00ab al Lago \u00bb, situ\u00e9 dans le pittoresque jardin du ch\u00e2teau, directement sur la place d&rsquo;Ascona, est une oasis de verdure offrant une vue imprenable sur le lac Majeur et les \u00eeles de Brissago.<\/p>\n<p><strong>Une diversit\u00e9 culinaire \u00e0 toute heure de la journ\u00e9e<\/strong><br \/>\n\u00c0 midi, nous vous servons de d\u00e9licieux menus du jour, des collations sucr\u00e9es et sal\u00e9es ainsi que des g\u00e2teaux maison, des glaces et les meilleures sp\u00e9cialit\u00e9s de caf\u00e9. Le soir, le restaurant se transforme en un univers gastronomique \u00e9l\u00e9gant qui offre une exp\u00e9rience incomparable.<\/p>\n<p><strong>D\u00e9couvrez la cuisine r\u00e9gionale avec une touche italienne.<\/strong><br \/>\n\u00c0 partir de 12h00, vous pourrez choisir parmi une s\u00e9lection de plats du jour raffin\u00e9s, de petites collations et de plats \u00e0 la carte exquis. Notre chef Alberto Pavan et son \u00e9quipe vous r\u00e9galeront avec des cr\u00e9ations r\u00e9gionales qui allient la l\u00e9g\u00e8ret\u00e9 de l&rsquo;Italie, des ingr\u00e9dients frais et une vari\u00e9t\u00e9 d&rsquo;herbes aromatiques.<\/p>\n<p><strong>Un lieu incomparable au bord du lac<\/strong><br \/>\nAu milieu du jardin fleuri du ch\u00e2teau et directement au bord du lac Majeur, vous d\u00e9gusterez des plats uniques dans une ambiance de r\u00eave. Laissez-vous choyer par les d\u00e9lices culinaires de ce lieu exceptionnel.<\/p>\n<p><strong>Menu:<\/strong><\/p>\n<h2><\/h2>\n<h2><\/h2>\n<h2><\/h2>\n<\/div><\/section><\/div>\n\n<\/div><\/div><\/div><!-- close content main div --><\/div><div class='av-extra-border-element border-extra-arrow-down'><div class='av-extra-border-outer'><div class='av-extra-border-inner'><\/div><\/div><\/div><\/div>\n<style type=\"text\/css\" data-created_by=\"avia_inline_auto\" id=\"style-css-av-3xj7n8-704345acbd9d29ac01c47b7bd5d3f0e8\">\n.avia-section.av-3xj7n8-704345acbd9d29ac01c47b7bd5d3f0e8{\nmargin-top:30px;\nmargin-bottom:130px;\n}\n<\/style>\n<div id='av_section_2'  class='avia-section av-3xj7n8-704345acbd9d29ac01c47b7bd5d3f0e8 main_color avia-section-no-padding avia-no-border-styling  avia-builder-el-6  el_after_av_section  avia-builder-el-last  avia-bg-style-scroll container_wrap fullsize'  ><div class='container av-section-cont-open' ><div class='template-page content  av-content-full alpha units'><div class='post-entry post-entry-type-page post-entry-2228'><div class='entry-content-wrapper clearfix'>\n<div  class='av-catalogue-container av-lx8tag79-cf84ae873ccd980c79f2500289de55a2  avia-builder-el-7  el_before_av_image  avia-builder-el-first  cc-menu-cards'><ul class='av-catalogue-list'>\n<li><div class='av-catalogue-item av-lx8ta4q7-204dc6f27c9f25d82f6cb4af4e37392b' ><div class=\"av-catalogue-item-inner\"><div class=\"av-catalogue-title-container\"><div class='av-catalogue-title'><\/div><div class='av-catalogue-price'><\/div><\/div><div class=\"av-catalogue-content\">\n<a href=\"https:\/\/www.castello-seeschloss.ch\/wp-content\/uploads\/2026\/03\/Speisekarte-Primavera-2026.pdf\" target=\"_blank\" rel=\"noopener\">Notre carte menu 2026<\/a><br \/>\n<\/div><\/div><\/div><\/li>\n<li><div class='av-catalogue-item av-lx8taf8m-0c37abd7b7c1e2453a32b2f53ae938e2' ><div class=\"av-catalogue-item-inner\"><div class=\"av-catalogue-title-container\"><div class='av-catalogue-title'><\/div><div class='av-catalogue-price'><\/div><\/div><div class=\"av-catalogue-content\">\n<a href=\"https:\/\/www.castello-seeschloss.ch\/wp-content\/uploads\/2026\/03\/Weinkarte-2026.pdf\" target=\"_blank\" rel=\"noopener\">Carte de vins<\/a><br \/>\n<\/div><\/div><\/div><\/li>\n<\/ul><\/div>\n\n<style type=\"text\/css\" data-created_by=\"avia_inline_auto\" id=\"style-css-av-2ksgck-55d91b756456be839b40403c37d2b724\">\n.avia-image-container.av-2ksgck-55d91b756456be839b40403c37d2b724 img.avia_image{\nbox-shadow:none;\n}\n.avia-image-container.av-2ksgck-55d91b756456be839b40403c37d2b724 .av-image-caption-overlay-center{\ncolor:#ffffff;\n}\n<\/style>\n<div  class='avia-image-container av-2ksgck-55d91b756456be839b40403c37d2b724 av-styling- avia-align-center  avia-builder-el-8  el_after_av_catalogue  avia-builder-el-last '   itemprop=\"image\" itemscope=\"itemscope\" itemtype=\"https:\/\/schema.org\/ImageObject\" ><div class=\"avia-image-container-inner\"><div class=\"avia-image-overlay-wrap\"><img decoding=\"async\" fetchpriority=\"high\" class='wp-image-6859 avia-img-lazy-loading-not-6859 avia_image ' src=\"https:\/\/www.castello-seeschloss.ch\/wp-content\/uploads\/2019\/03\/Rosette-Seitenansicht-1030x687.jpg\" alt='' title='Rosette Seitenansicht'  height=\"683\" width=\"1024\"  itemprop=\"thumbnailUrl\" srcset=\"https:\/\/www.castello-seeschloss.ch\/wp-content\/uploads\/2019\/03\/Rosette-Seitenansicht-1030x687.jpg 1030w, https:\/\/www.castello-seeschloss.ch\/wp-content\/uploads\/2019\/03\/Rosette-Seitenansicht-300x200.jpg 300w, https:\/\/www.castello-seeschloss.ch\/wp-content\/uploads\/2019\/03\/Rosette-Seitenansicht-768x512.jpg 768w, https:\/\/www.castello-seeschloss.ch\/wp-content\/uploads\/2019\/03\/Rosette-Seitenansicht.jpg 1200w, https:\/\/www.castello-seeschloss.ch\/wp-content\/uploads\/2019\/03\/Rosette-Seitenansicht-705x470.jpg 705w, https:\/\/www.castello-seeschloss.ch\/wp-content\/uploads\/2019\/03\/Rosette-Seitenansicht-450x300.jpg 450w\" sizes=\"(max-width: 1024px) 100vw, 1024px\" \/><\/div><\/div><\/div>\n\n","protected":false},"excerpt":{"rendered":"","protected":false},"author":1,"featured_media":0,"parent":0,"menu_order":0,"comment_status":"closed","ping_status":"closed","template":"","meta":{"footnotes":""},"class_list":["post-2228","page","type-page","status-publish","hentry"],"yoast_head":"<!-- This site is optimized with the Yoast SEO plugin v27.2 - https:\/\/yoast.com\/product\/yoast-seo-wordpress\/ -->\n<title>Ristorante al Lago - Romantik Hotel Castello Seeschloss<\/title>\n<meta name=\"description\" content=\"Restaurant Al Lago \u00e0 Ascona : cuisine m\u00e9diterran\u00e9enne et tessinoise sur une \u00e9l\u00e9gante terrasse au bord du lac Majeur, id\u00e9ale pour des d\u00e9jeuners et des d\u00eeners romantiques.\" \/>\n<meta name=\"robots\" content=\"index, follow, max-snippet:-1, max-image-preview:large, max-video-preview:-1\" \/>\n<link rel=\"canonical\" href=\"https:\/\/www.castello-seeschloss.ch\/fr\/ristorante-al-lago\/\" \/>\n<meta property=\"og:locale\" content=\"fr_FR\" \/>\n<meta property=\"og:type\" content=\"article\" \/>\n<meta property=\"og:title\" content=\"Ristorante al Lago - Romantik Hotel Castello Seeschloss\" \/>\n<meta property=\"og:description\" content=\"Restaurant Al Lago \u00e0 Ascona : cuisine m\u00e9diterran\u00e9enne et tessinoise sur une \u00e9l\u00e9gante terrasse au bord du lac Majeur, id\u00e9ale pour des d\u00e9jeuners et des d\u00eeners romantiques.\" \/>\n<meta property=\"og:url\" content=\"https:\/\/www.castello-seeschloss.ch\/fr\/ristorante-al-lago\/\" \/>\n<meta property=\"og:site_name\" content=\"Romantik Hotel Castello Seeschloss\" \/>\n<meta property=\"article:modified_time\" content=\"2026-03-26T11:51:04+00:00\" \/>\n<meta name=\"twitter:card\" content=\"summary_large_image\" \/>\n<script type=\"application\/ld+json\" class=\"yoast-schema-graph\">{\"@context\":\"https:\/\/schema.org\",\"@graph\":[{\"@type\":\"WebPage\",\"@id\":\"https:\/\/www.castello-seeschloss.ch\/fr\/ristorante-al-lago\/\",\"url\":\"https:\/\/www.castello-seeschloss.ch\/fr\/ristorante-al-lago\/\",\"name\":\"Ristorante al Lago - Romantik Hotel Castello Seeschloss\",\"isPartOf\":{\"@id\":\"https:\/\/www.castello-seeschloss.ch\/#website\"},\"datePublished\":\"2022-09-15T09:20:40+00:00\",\"dateModified\":\"2026-03-26T11:51:04+00:00\",\"description\":\"Restaurant Al Lago \u00e0 Ascona : cuisine m\u00e9diterran\u00e9enne et tessinoise sur une \u00e9l\u00e9gante terrasse au bord du lac Majeur, id\u00e9ale pour des d\u00e9jeuners et des d\u00eeners romantiques.\",\"breadcrumb\":{\"@id\":\"https:\/\/www.castello-seeschloss.ch\/fr\/ristorante-al-lago\/#breadcrumb\"},\"inLanguage\":\"fr-FR\",\"potentialAction\":[{\"@type\":\"ReadAction\",\"target\":[\"https:\/\/www.castello-seeschloss.ch\/fr\/ristorante-al-lago\/\"]}]},{\"@type\":\"BreadcrumbList\",\"@id\":\"https:\/\/www.castello-seeschloss.ch\/fr\/ristorante-al-lago\/#breadcrumb\",\"itemListElement\":[{\"@type\":\"ListItem\",\"position\":1,\"name\":\"Startseite\",\"item\":\"https:\/\/www.castello-seeschloss.ch\/fr\/\"},{\"@type\":\"ListItem\",\"position\":2,\"name\":\"Ristorante al Lago\"}]},{\"@type\":\"WebSite\",\"@id\":\"https:\/\/www.castello-seeschloss.ch\/#website\",\"url\":\"https:\/\/www.castello-seeschloss.ch\/\",\"name\":\"Romantik Hotel Castello Seeschloss\",\"description\":\"Ascona Tessin\",\"potentialAction\":[{\"@type\":\"SearchAction\",\"target\":{\"@type\":\"EntryPoint\",\"urlTemplate\":\"https:\/\/www.castello-seeschloss.ch\/?s={search_term_string}\"},\"query-input\":{\"@type\":\"PropertyValueSpecification\",\"valueRequired\":true,\"valueName\":\"search_term_string\"}}],\"inLanguage\":\"fr-FR\"}]}<\/script>\n<!-- \/ Yoast SEO plugin. -->","yoast_head_json":{"title":"Ristorante al Lago - Romantik Hotel Castello Seeschloss","description":"Restaurant Al Lago \u00e0 Ascona : cuisine m\u00e9diterran\u00e9enne et tessinoise sur une \u00e9l\u00e9gante terrasse au bord du lac Majeur, id\u00e9ale pour des d\u00e9jeuners et des d\u00eeners romantiques.","robots":{"index":"index","follow":"follow","max-snippet":"max-snippet:-1","max-image-preview":"max-image-preview:large","max-video-preview":"max-video-preview:-1"},"canonical":"https:\/\/www.castello-seeschloss.ch\/fr\/ristorante-al-lago\/","og_locale":"fr_FR","og_type":"article","og_title":"Ristorante al Lago - Romantik Hotel Castello Seeschloss","og_description":"Restaurant Al Lago \u00e0 Ascona : cuisine m\u00e9diterran\u00e9enne et tessinoise sur une \u00e9l\u00e9gante terrasse au bord du lac Majeur, id\u00e9ale pour des d\u00e9jeuners et des d\u00eeners romantiques.","og_url":"https:\/\/www.castello-seeschloss.ch\/fr\/ristorante-al-lago\/","og_site_name":"Romantik Hotel Castello Seeschloss","article_modified_time":"2026-03-26T11:51:04+00:00","twitter_card":"summary_large_image","schema":{"@context":"https:\/\/schema.org","@graph":[{"@type":"WebPage","@id":"https:\/\/www.castello-seeschloss.ch\/fr\/ristorante-al-lago\/","url":"https:\/\/www.castello-seeschloss.ch\/fr\/ristorante-al-lago\/","name":"Ristorante al Lago - Romantik Hotel Castello Seeschloss","isPartOf":{"@id":"https:\/\/www.castello-seeschloss.ch\/#website"},"datePublished":"2022-09-15T09:20:40+00:00","dateModified":"2026-03-26T11:51:04+00:00","description":"Restaurant Al Lago \u00e0 Ascona : cuisine m\u00e9diterran\u00e9enne et tessinoise sur une \u00e9l\u00e9gante terrasse au bord du lac Majeur, id\u00e9ale pour des d\u00e9jeuners et des d\u00eeners romantiques.","breadcrumb":{"@id":"https:\/\/www.castello-seeschloss.ch\/fr\/ristorante-al-lago\/#breadcrumb"},"inLanguage":"fr-FR","potentialAction":[{"@type":"ReadAction","target":["https:\/\/www.castello-seeschloss.ch\/fr\/ristorante-al-lago\/"]}]},{"@type":"BreadcrumbList","@id":"https:\/\/www.castello-seeschloss.ch\/fr\/ristorante-al-lago\/#breadcrumb","itemListElement":[{"@type":"ListItem","position":1,"name":"Startseite","item":"https:\/\/www.castello-seeschloss.ch\/fr\/"},{"@type":"ListItem","position":2,"name":"Ristorante al Lago"}]},{"@type":"WebSite","@id":"https:\/\/www.castello-seeschloss.ch\/#website","url":"https:\/\/www.castello-seeschloss.ch\/","name":"Romantik Hotel Castello Seeschloss","description":"Ascona Tessin","potentialAction":[{"@type":"SearchAction","target":{"@type":"EntryPoint","urlTemplate":"https:\/\/www.castello-seeschloss.ch\/?s={search_term_string}"},"query-input":{"@type":"PropertyValueSpecification","valueRequired":true,"valueName":"search_term_string"}}],"inLanguage":"fr-FR"}]}},"publishpress_future_workflow_manual_trigger":{"enabledWorkflows":[]},"_links":{"self":[{"href":"https:\/\/www.castello-seeschloss.ch\/fr\/wp-json\/wp\/v2\/pages\/2228","targetHints":{"allow":["GET"]}}],"collection":[{"href":"https:\/\/www.castello-seeschloss.ch\/fr\/wp-json\/wp\/v2\/pages"}],"about":[{"href":"https:\/\/www.castello-seeschloss.ch\/fr\/wp-json\/wp\/v2\/types\/page"}],"author":[{"embeddable":true,"href":"https:\/\/www.castello-seeschloss.ch\/fr\/wp-json\/wp\/v2\/users\/1"}],"replies":[{"embeddable":true,"href":"https:\/\/www.castello-seeschloss.ch\/fr\/wp-json\/wp\/v2\/comments?post=2228"}],"version-history":[{"count":3,"href":"https:\/\/www.castello-seeschloss.ch\/fr\/wp-json\/wp\/v2\/pages\/2228\/revisions"}],"predecessor-version":[{"id":15383,"href":"https:\/\/www.castello-seeschloss.ch\/fr\/wp-json\/wp\/v2\/pages\/2228\/revisions\/15383"}],"wp:attachment":[{"href":"https:\/\/www.castello-seeschloss.ch\/fr\/wp-json\/wp\/v2\/media?parent=2228"}],"curies":[{"name":"wp","href":"https:\/\/api.w.org\/{rel}","templated":true}]}}