{"id":1491,"date":"2017-01-23T02:00:38","date_gmt":"2017-01-23T01:00:38","guid":{"rendered":"https:\/\/www.castello-seeschloss.ch\/?post_type=portfolio&#038;p=1491\/"},"modified":"2025-06-05T11:47:51","modified_gmt":"2025-06-05T09:47:51","slug":"easy-zimmer","status":"publish","type":"portfolio","link":"https:\/\/www.castello-seeschloss.ch\/fr\/portfolio-item\/easy-zimmer\/","title":{"rendered":"Type Easy"},"content":{"rendered":"<\/p>\n\n<style type=\"text\/css\" data-created_by=\"avia_inline_auto\" id=\"style-css-av-p8g8o-24feb86c23ef157c3c5a94fd2f1706cc\">\n.avia-section.av-p8g8o-24feb86c23ef157c3c5a94fd2f1706cc{\nbackground-repeat:no-repeat;\nbackground-image:url(https:\/\/www.castello-seeschloss.ch\/wp-content\/uploads\/2017\/01\/505.jpeg);\nbackground-position:50% 50%;\nbackground-attachment:scroll;\n}\n<\/style>\n<div id='av_section_1'  class='avia-section av-p8g8o-24feb86c23ef157c3c5a94fd2f1706cc main_color avia-section-default avia-no-shadow  avia-builder-el-0  el_before_av_heading  avia-builder-el-first  cc-portfolio-top avia-full-stretch avia-bg-style-scroll av-minimum-height av-minimum-height-custom av-height-custom  container_wrap fullsize'  data-section-bg-repeat='stretch' data-av_minimum_height_px='300'><div class='container av-section-cont-open' style='height:300px'><main  role=\"main\" itemprop=\"mainContentOfPage\"  class='template-page content  av-content-full alpha units'><div class='post-entry post-entry-type-page post-entry-1491'><div class='entry-content-wrapper clearfix'>\n<div class='flex_column_table av-ozcb4-9261c74c6d553c25fdbb4324d4f8e4eb sc-av_one_half av-equal-height-column-flextable'>\n<style type=\"text\/css\" data-created_by=\"avia_inline_auto\" id=\"style-css-av-ozcb4-9261c74c6d553c25fdbb4324d4f8e4eb\">\n#top .flex_column_table.av-equal-height-column-flextable.av-ozcb4-9261c74c6d553c25fdbb4324d4f8e4eb{\nmargin-top:75px;\nmargin-bottom:0px;\n}\n.flex_column.av-ozcb4-9261c74c6d553c25fdbb4324d4f8e4eb{\nborder-radius:0px 0px 0px 0px;\npadding:30px 30px 30px 30px;\nbackground-color:rgba(255,255,255,0.6);\n}\n<\/style>\n<div  class='flex_column av-ozcb4-9261c74c6d553c25fdbb4324d4f8e4eb av_one_half  avia-builder-el-1  el_before_av_one_half  avia-builder-el-first  first no_margin flex_column_table_cell av-equal-height-column av-align-top  '     ><style type=\"text\/css\" data-created_by=\"avia_inline_auto\" id=\"style-css-av-ltj1gzhl-6e14a2847a14283d2a4183bd99d17091\">\n#top .avia-gallery.av-ltj1gzhl-6e14a2847a14283d2a4183bd99d17091 .avia-gallery-thumb a{\nwidth:20%;\n}\n<\/style>\n<div  class='avia-gallery av-ltj1gzhl-6e14a2847a14283d2a4183bd99d17091 avia_animate_when_visible  avia-builder-el-2  avia-builder-el-no-sibling  avia_lazyload av-slideshow-ui av-loop-manual-endless av-control-hidden av-navigate-arrows hover-effect av-control-hidden avia-gallery-animate avia-gallery-1'  itemprop=\"image\" itemscope=\"itemscope\" itemtype=\"https:\/\/schema.org\/ImageObject\" ><meta itemprop=\"contentURL\" content=\"https:\/\/www.castello-seeschloss.ch\/fr\/portfolio-item\/easy-zimmer\/\"><div class='avia-gallery-big-wrapper'><a class='avia-gallery-big fakeLightbox lightbox avia-gallery-big-crop-thumb ' href=\"https:\/\/www.castello-seeschloss.ch\/wp-content\/uploads\/2017\/01\/505-1024x768.jpeg\" data-srcset=\"https:\/\/www.castello-seeschloss.ch\/wp-content\/uploads\/2017\/01\/505-1024x768.jpeg 1024w, https:\/\/www.castello-seeschloss.ch\/wp-content\/uploads\/2017\/01\/505-300x225.jpeg 300w, https:\/\/www.castello-seeschloss.ch\/wp-content\/uploads\/2017\/01\/505-768x576.jpeg 768w, https:\/\/www.castello-seeschloss.ch\/wp-content\/uploads\/2017\/01\/505-1536x1153.jpeg 1536w, https:\/\/www.castello-seeschloss.ch\/wp-content\/uploads\/2017\/01\/505.jpeg 1599w, https:\/\/www.castello-seeschloss.ch\/wp-content\/uploads\/2017\/01\/505-1500x1126.jpeg 1500w, https:\/\/www.castello-seeschloss.ch\/wp-content\/uploads\/2017\/01\/505-705x529.jpeg 705w\" data-sizes=\"(max-width: 1024px) 100vw, 1024px\"  data-onclick='1' title='505' ><span class='avia-gallery-big-inner'  itemprop=\"thumbnailUrl\" ><img decoding=\"async\" fetchpriority=\"high\" class=\"wp-image-14416 avia-img-lazy-loading-not-14416\"  width=\"845\" height=\"684\" src=\"https:\/\/www.castello-seeschloss.ch\/wp-content\/uploads\/2017\/01\/505-845x684.jpeg\" title='505' alt='' srcset=\"https:\/\/www.castello-seeschloss.ch\/wp-content\/uploads\/2017\/01\/505-845x684.jpeg 845w, https:\/\/www.castello-seeschloss.ch\/wp-content\/uploads\/2017\/01\/505-495x400.jpeg 495w\" sizes=\"(max-width: 845px) 100vw, 845px\" \/><\/span><\/a><\/div><div class='avia-gallery-thumb'><a href=\"https:\/\/www.castello-seeschloss.ch\/wp-content\/uploads\/2017\/01\/505-1024x768.jpeg\" data-srcset=\"https:\/\/www.castello-seeschloss.ch\/wp-content\/uploads\/2017\/01\/505-1024x768.jpeg 1024w, https:\/\/www.castello-seeschloss.ch\/wp-content\/uploads\/2017\/01\/505-300x225.jpeg 300w, https:\/\/www.castello-seeschloss.ch\/wp-content\/uploads\/2017\/01\/505-768x576.jpeg 768w, https:\/\/www.castello-seeschloss.ch\/wp-content\/uploads\/2017\/01\/505-1536x1153.jpeg 1536w, https:\/\/www.castello-seeschloss.ch\/wp-content\/uploads\/2017\/01\/505.jpeg 1599w, https:\/\/www.castello-seeschloss.ch\/wp-content\/uploads\/2017\/01\/505-1500x1126.jpeg 1500w, https:\/\/www.castello-seeschloss.ch\/wp-content\/uploads\/2017\/01\/505-705x529.jpeg 705w\" data-sizes=\"(max-width: 1024px) 100vw, 1024px\" data-rel='gallery-1' data-prev-img='https:\/\/www.castello-seeschloss.ch\/wp-content\/uploads\/2017\/01\/505-845x684.jpeg' class='first_thumb lightbox ' data-onclick='1' title='505'  itemprop=\"thumbnailUrl\"  ><img decoding=\"async\" fetchpriority=\"high\" class=\"wp-image-14416 avia-img-lazy-loading-not-14416\"   src=\"https:\/\/www.castello-seeschloss.ch\/wp-content\/uploads\/2017\/01\/505-180x180.jpeg\" width=\"180\" height=\"180\"  title='505' alt='' srcset=\"https:\/\/www.castello-seeschloss.ch\/wp-content\/uploads\/2017\/01\/505-180x180.jpeg 180w, https:\/\/www.castello-seeschloss.ch\/wp-content\/uploads\/2017\/01\/505-150x150.jpeg 150w, https:\/\/www.castello-seeschloss.ch\/wp-content\/uploads\/2017\/01\/505-36x36.jpeg 36w\" sizes=\"(max-width: 180px) 100vw, 180px\" \/><div class='big-prev-fake'><img decoding=\"async\" fetchpriority=\"high\" class=\"wp-image-14416 avia-img-lazy-loading-not-14416\"  width=\"845\" height=\"684\" src=\"https:\/\/www.castello-seeschloss.ch\/wp-content\/uploads\/2017\/01\/505-845x684.jpeg\" title='505' alt='' srcset=\"https:\/\/www.castello-seeschloss.ch\/wp-content\/uploads\/2017\/01\/505-845x684.jpeg 845w, https:\/\/www.castello-seeschloss.ch\/wp-content\/uploads\/2017\/01\/505-495x400.jpeg 495w\" sizes=\"(max-width: 845px) 100vw, 845px\" \/><\/div><\/a><a href=\"https:\/\/www.castello-seeschloss.ch\/wp-content\/uploads\/2017\/01\/506-1024x768.jpeg\" data-srcset=\"https:\/\/www.castello-seeschloss.ch\/wp-content\/uploads\/2017\/01\/506-1024x768.jpeg 1024w, https:\/\/www.castello-seeschloss.ch\/wp-content\/uploads\/2017\/01\/506-300x225.jpeg 300w, https:\/\/www.castello-seeschloss.ch\/wp-content\/uploads\/2017\/01\/506-768x576.jpeg 768w, https:\/\/www.castello-seeschloss.ch\/wp-content\/uploads\/2017\/01\/506-1536x1153.jpeg 1536w, https:\/\/www.castello-seeschloss.ch\/wp-content\/uploads\/2017\/01\/506.jpeg 1599w, https:\/\/www.castello-seeschloss.ch\/wp-content\/uploads\/2017\/01\/506-1500x1126.jpeg 1500w, https:\/\/www.castello-seeschloss.ch\/wp-content\/uploads\/2017\/01\/506-705x529.jpeg 705w\" data-sizes=\"(max-width: 1024px) 100vw, 1024px\" data-rel='gallery-1' data-prev-img='https:\/\/www.castello-seeschloss.ch\/wp-content\/uploads\/2017\/01\/506-845x684.jpeg' class='lightbox ' data-onclick='2' title='506'  itemprop=\"thumbnailUrl\"  ><img decoding=\"async\" fetchpriority=\"high\" class=\"wp-image-14420 avia-img-lazy-loading-not-14420\"   src=\"https:\/\/www.castello-seeschloss.ch\/wp-content\/uploads\/2017\/01\/506-180x180.jpeg\" width=\"180\" height=\"180\"  title='506' alt='' srcset=\"https:\/\/www.castello-seeschloss.ch\/wp-content\/uploads\/2017\/01\/506-180x180.jpeg 180w, https:\/\/www.castello-seeschloss.ch\/wp-content\/uploads\/2017\/01\/506-150x150.jpeg 150w, https:\/\/www.castello-seeschloss.ch\/wp-content\/uploads\/2017\/01\/506-36x36.jpeg 36w\" sizes=\"(max-width: 180px) 100vw, 180px\" \/><div class='big-prev-fake'><img decoding=\"async\" fetchpriority=\"high\" class=\"wp-image-14420 avia-img-lazy-loading-not-14420\"  width=\"845\" height=\"684\" src=\"https:\/\/www.castello-seeschloss.ch\/wp-content\/uploads\/2017\/01\/506-845x684.jpeg\" title='506' alt='' srcset=\"https:\/\/www.castello-seeschloss.ch\/wp-content\/uploads\/2017\/01\/506-845x684.jpeg 845w, https:\/\/www.castello-seeschloss.ch\/wp-content\/uploads\/2017\/01\/506-495x400.jpeg 495w\" sizes=\"(max-width: 845px) 100vw, 845px\" \/><\/div><\/a><a href=\"https:\/\/www.castello-seeschloss.ch\/wp-content\/uploads\/2017\/01\/einzelzimmer-easy-original-181344-1030x773.jpg\" data-rel='gallery-1' data-prev-img='https:\/\/www.castello-seeschloss.ch\/wp-content\/uploads\/2017\/01\/einzelzimmer-easy-original-181344-845x684.jpg' class='lightbox ' data-onclick='3' title='Easy Zimmer'  itemprop=\"thumbnailUrl\"  ><img decoding=\"async\" fetchpriority=\"high\" class=\"wp-image-10126 avia-img-lazy-loading-not-10126\"  data-avia-tooltip='Easy Zimmer' src=\"https:\/\/www.castello-seeschloss.ch\/wp-content\/uploads\/2017\/01\/einzelzimmer-easy-original-181344-180x180.jpg\" width=\"180\" height=\"180\"  title='' alt='' \/><div class='big-prev-fake'><img decoding=\"async\" fetchpriority=\"high\" class=\"wp-image-10126 avia-img-lazy-loading-not-10126\"  width=\"845\" height=\"684\" src=\"https:\/\/www.castello-seeschloss.ch\/wp-content\/uploads\/2017\/01\/einzelzimmer-easy-original-181344-845x684.jpg\" title='' alt='' \/><\/div><\/a><a href=\"https:\/\/www.castello-seeschloss.ch\/wp-content\/uploads\/2017\/01\/Impression_Restaurant-Al-Lago-1030x579.jpg\" data-srcset=\"https:\/\/www.castello-seeschloss.ch\/wp-content\/uploads\/2017\/01\/Impression_Restaurant-Al-Lago-1030x579.jpg 1030w, https:\/\/www.castello-seeschloss.ch\/wp-content\/uploads\/2017\/01\/Impression_Restaurant-Al-Lago-300x169.jpg 300w, https:\/\/www.castello-seeschloss.ch\/wp-content\/uploads\/2017\/01\/Impression_Restaurant-Al-Lago-768x432.jpg 768w, https:\/\/www.castello-seeschloss.ch\/wp-content\/uploads\/2017\/01\/Impression_Restaurant-Al-Lago-705x397.jpg 705w, https:\/\/www.castello-seeschloss.ch\/wp-content\/uploads\/2017\/01\/Impression_Restaurant-Al-Lago-450x253.jpg 450w, https:\/\/www.castello-seeschloss.ch\/wp-content\/uploads\/2017\/01\/Impression_Restaurant-Al-Lago.jpg 1200w\" data-sizes=\"(max-width: 1024px) 100vw, 1024px\" data-rel='gallery-1' data-prev-img='https:\/\/www.castello-seeschloss.ch\/wp-content\/uploads\/2017\/01\/Impression_Restaurant-Al-Lago-845x684.jpg' class='lightbox ' data-onclick='4' title='Ristorante \u00abal Lago\u00bb'  itemprop=\"thumbnailUrl\"  ><img decoding=\"async\" fetchpriority=\"high\" class=\"wp-image-9975 avia-img-lazy-loading-not-9975\"  data-avia-tooltip='Ristorante \u00abal Lago\u00bb' src=\"https:\/\/www.castello-seeschloss.ch\/wp-content\/uploads\/2017\/01\/Impression_Restaurant-Al-Lago-180x180.jpg\" width=\"180\" height=\"180\"  title='Impression_Restaurant-Al-Lago' alt='' srcset=\"https:\/\/www.castello-seeschloss.ch\/wp-content\/uploads\/2017\/01\/Impression_Restaurant-Al-Lago-180x180.jpg 180w, https:\/\/www.castello-seeschloss.ch\/wp-content\/uploads\/2017\/01\/Impression_Restaurant-Al-Lago-80x80.jpg 80w, https:\/\/www.castello-seeschloss.ch\/wp-content\/uploads\/2017\/01\/Impression_Restaurant-Al-Lago-36x36.jpg 36w, https:\/\/www.castello-seeschloss.ch\/wp-content\/uploads\/2017\/01\/Impression_Restaurant-Al-Lago-120x120.jpg 120w, https:\/\/www.castello-seeschloss.ch\/wp-content\/uploads\/2017\/01\/Impression_Restaurant-Al-Lago-450x450.jpg 450w\" sizes=\"(max-width: 180px) 100vw, 180px\" \/><div class='big-prev-fake'><img decoding=\"async\" fetchpriority=\"high\" class=\"wp-image-9975 avia-img-lazy-loading-not-9975\"  width=\"845\" height=\"684\" src=\"https:\/\/www.castello-seeschloss.ch\/wp-content\/uploads\/2017\/01\/Impression_Restaurant-Al-Lago-845x684.jpg\" title='Impression_Restaurant-Al-Lago' alt='' srcset=\"https:\/\/www.castello-seeschloss.ch\/wp-content\/uploads\/2017\/01\/Impression_Restaurant-Al-Lago-845x684.jpg 845w, https:\/\/www.castello-seeschloss.ch\/wp-content\/uploads\/2017\/01\/Impression_Restaurant-Al-Lago-495x400.jpg 495w\" sizes=\"(max-width: 845px) 100vw, 845px\" \/><\/div><\/a><a href=\"https:\/\/www.castello-seeschloss.ch\/wp-content\/uploads\/2017\/01\/Impression_Hotel-Aussenansicht-1030x579.jpg\" data-srcset=\"https:\/\/www.castello-seeschloss.ch\/wp-content\/uploads\/2017\/01\/Impression_Hotel-Aussenansicht-1030x579.jpg 1030w, https:\/\/www.castello-seeschloss.ch\/wp-content\/uploads\/2017\/01\/Impression_Hotel-Aussenansicht-300x169.jpg 300w, https:\/\/www.castello-seeschloss.ch\/wp-content\/uploads\/2017\/01\/Impression_Hotel-Aussenansicht-768x432.jpg 768w, https:\/\/www.castello-seeschloss.ch\/wp-content\/uploads\/2017\/01\/Impression_Hotel-Aussenansicht-705x397.jpg 705w, https:\/\/www.castello-seeschloss.ch\/wp-content\/uploads\/2017\/01\/Impression_Hotel-Aussenansicht-450x253.jpg 450w, https:\/\/www.castello-seeschloss.ch\/wp-content\/uploads\/2017\/01\/Impression_Hotel-Aussenansicht.jpg 1200w\" data-sizes=\"(max-width: 1024px) 100vw, 1024px\" data-rel='gallery-1' data-prev-img='https:\/\/www.castello-seeschloss.ch\/wp-content\/uploads\/2017\/01\/Impression_Hotel-Aussenansicht-845x684.jpg' class='lightbox ' data-onclick='5' title='Hotel Castello Seeschloss'  itemprop=\"thumbnailUrl\"  ><img decoding=\"async\" fetchpriority=\"high\" class=\"wp-image-9972 avia-img-lazy-loading-not-9972\"  data-avia-tooltip='Hotel Castello Seeschloss' src=\"https:\/\/www.castello-seeschloss.ch\/wp-content\/uploads\/2017\/01\/Impression_Hotel-Aussenansicht-180x180.jpg\" width=\"180\" height=\"180\"  title='Impression_Hotel-Aussenansicht' alt='' srcset=\"https:\/\/www.castello-seeschloss.ch\/wp-content\/uploads\/2017\/01\/Impression_Hotel-Aussenansicht-180x180.jpg 180w, https:\/\/www.castello-seeschloss.ch\/wp-content\/uploads\/2017\/01\/Impression_Hotel-Aussenansicht-80x80.jpg 80w, https:\/\/www.castello-seeschloss.ch\/wp-content\/uploads\/2017\/01\/Impression_Hotel-Aussenansicht-36x36.jpg 36w, https:\/\/www.castello-seeschloss.ch\/wp-content\/uploads\/2017\/01\/Impression_Hotel-Aussenansicht-120x120.jpg 120w, https:\/\/www.castello-seeschloss.ch\/wp-content\/uploads\/2017\/01\/Impression_Hotel-Aussenansicht-450x450.jpg 450w\" sizes=\"(max-width: 180px) 100vw, 180px\" \/><div class='big-prev-fake'><img decoding=\"async\" fetchpriority=\"high\" class=\"wp-image-9972 avia-img-lazy-loading-not-9972\"  width=\"845\" height=\"684\" src=\"https:\/\/www.castello-seeschloss.ch\/wp-content\/uploads\/2017\/01\/Impression_Hotel-Aussenansicht-845x684.jpg\" title='Impression_Hotel-Aussenansicht' alt='' srcset=\"https:\/\/www.castello-seeschloss.ch\/wp-content\/uploads\/2017\/01\/Impression_Hotel-Aussenansicht-845x684.jpg 845w, https:\/\/www.castello-seeschloss.ch\/wp-content\/uploads\/2017\/01\/Impression_Hotel-Aussenansicht-495x400.jpg 495w\" sizes=\"(max-width: 845px) 100vw, 845px\" \/><\/div><\/a><\/div><\/div><\/div>\n<style type=\"text\/css\" data-created_by=\"avia_inline_auto\" id=\"style-css-av-av_one_half-eb56453d9927f3d4875ec7b2a74ba017\">\n#top .flex_column_table.av-equal-height-column-flextable.av-av_one_half-eb56453d9927f3d4875ec7b2a74ba017{\nmargin-top:75px;\nmargin-bottom:0px;\n}\n.flex_column.av-av_one_half-eb56453d9927f3d4875ec7b2a74ba017{\nborder-radius:0px 0px 0px 0px;\npadding:30px 30px 30px 30px;\nbackground-color:#ffffff;\n}\n<\/style>\n<div  class='flex_column av-av_one_half-eb56453d9927f3d4875ec7b2a74ba017 av_one_half  avia-builder-el-3  el_after_av_one_half  avia-builder-el-last  no_margin flex_column_table_cell av-equal-height-column av-align-top  '     ><p><div  class='avia-button-wrap av-lubl9jdo-d4977b5eee3a90fee3ccc98d6448383e-wrap avia-button-center  avia-builder-el-4  el_before_av_textblock  avia-builder-el-first '><a href='https:\/\/ibe.romantikhotels.com\/channels\/romantikhotel-castello-seeschloss#start'  class='avia-button av-lubl9jdo-d4977b5eee3a90fee3ccc98d6448383e av-link-btn avia-icon_select-yes-right-icon avia-size-large avia-position-center avia-color-theme-color'  target=\"_blank\"  rel=\"noopener noreferrer\"  aria-label=\"R\u00e9server\"><span class='avia_iconbox_title' >R\u00e9server<\/span><span class='avia_button_icon avia_button_icon_right avia-iconfont avia-font-entypo-fontello' data-av_icon='\ue832' data-av_iconfont='entypo-fontello' ><\/span><\/a><\/div><br \/>\n<section  class='av_textblock_section av-mbj6iuol-021ebbc761dad0293f61047f7dfa3d5b '   itemscope=\"itemscope\" itemtype=\"https:\/\/schema.org\/CreativeWork\" ><div class='avia_textblock'  itemprop=\"text\" ><p data-pm-slice=\"1 1 &#091;&#093;\"><strong>Categorie Easy<\/strong><\/p>\n<p data-pm-slice=\"1 1 &#091;&#093;\">Chambres doubles tr\u00e8s spacieuses, meubl\u00e9es simplement, situ\u00e9es au entre-sous-sol, avec des fen\u00eatres mais sans vue. La surface de ces chambres est d&rsquo;environ 30-35 m\u00b2 et elles sont \u00e9quip\u00e9es de douche\/WC, s\u00e8che-cheveux, minibar, t\u00e9l\u00e9phone, TV\/radio, Wi-Fi.<\/p>\n<p data-pm-slice=\"1 1 &#091;&#093;\">\n<p data-pm-slice=\"1 1 &#091;&#093;\">\n<p><b>Conditions d&rsquo;annulation<\/b><\/p>\n<p>Nous facturons:<\/p>\n<ul>\n<li>jusqu&rsquo;\u00e0 7 jours avant votre arriv\u00e9e, pas de frais d&rsquo;annulation<\/li>\n<li>moins de 7 jours avant votre arriv\u00e9e, 100% de tous les services r\u00e9serv\u00e9s<\/li>\n<\/ul>\n<p>Nous vous remercions de votre attention:<\/p>\n<p>Si vous souhaitez annuler une r\u00e9servation, veuillez nous en informer par \u00e9crit.<\/p>\n<\/div><\/section><br \/>\n\n<style type=\"text\/css\" data-created_by=\"avia_inline_auto\" id=\"style-css-av-av_textblock-e2611cd0b218f7fef69b87a10407bcb3\">\n#top .av_textblock_section.av-av_textblock-e2611cd0b218f7fef69b87a10407bcb3 .avia_textblock{\ntext-align:center;\n}\n<\/style>\n<section  class='av_textblock_section av-av_textblock-e2611cd0b218f7fef69b87a10407bcb3 '   itemscope=\"itemscope\" itemtype=\"https:\/\/schema.org\/CreativeWork\" ><div class='avia_textblock cc-portfolio-contact'  itemprop=\"text\" ><p style=\"text-align: center;\"><a href=\"https:\/\/www.castello-seeschloss.ch\/fr\/contact\/\" data-wplink-url-error=\"true\">Afficher la page contact<\/a><\/p>\n<\/div><\/section><\/p><\/div><\/div><!--close column table wrapper. Autoclose: 1 --><\/div><\/div><\/main><!-- close content main element --><\/div><\/div><div id='after_section_1'  class='main_color av_default_container_wrap container_wrap fullsize'  ><div class='container av-section-cont-open' ><div class='template-page content  av-content-full alpha units'><div class='post-entry post-entry-type-page post-entry-1491'><div class='entry-content-wrapper clearfix'>\n<style type=\"text\/css\" data-created_by=\"avia_inline_auto\" id=\"style-css-av-5vvv5s-7179e75f0a9cbf9723404f22f0c48d52\">\n#top .av-special-heading.av-5vvv5s-7179e75f0a9cbf9723404f22f0c48d52{\npadding-bottom:20px;\nfont-size:40px;\n}\nbody .av-special-heading.av-5vvv5s-7179e75f0a9cbf9723404f22f0c48d52 .av-special-heading-tag .heading-char{\nfont-size:25px;\n}\n#top #wrap_all .av-special-heading.av-5vvv5s-7179e75f0a9cbf9723404f22f0c48d52 .av-special-heading-tag{\nfont-size:40px;\n}\n.av-special-heading.av-5vvv5s-7179e75f0a9cbf9723404f22f0c48d52 .av-subheading{\nfont-size:15px;\n}\n\n@media only screen and (min-width: 480px) and (max-width: 767px){ \n#top #wrap_all .av-special-heading.av-5vvv5s-7179e75f0a9cbf9723404f22f0c48d52 .av-special-heading-tag{\nfont-size:0.8em;\n}\n}\n\n@media only screen and (max-width: 479px){ \n#top #wrap_all .av-special-heading.av-5vvv5s-7179e75f0a9cbf9723404f22f0c48d52 .av-special-heading-tag{\nfont-size:0.8em;\n}\n}\n<\/style>\n<div  class='av-special-heading av-5vvv5s-7179e75f0a9cbf9723404f22f0c48d52 av-special-heading-h1 blockquote modern-quote modern-centered  avia-builder-el-7  el_after_av_section  el_before_av_table  avia-builder-el-first  av-inherit-size'><h1 class='av-special-heading-tag '  itemprop=\"headline\"  >Type Easy (10 &#8211; 45 m\u00b2)<\/h1><div class='av-subheading av-subheading_below'><p>\u00e0 partir de 250 CHF \/ nuit<\/p>\n<\/div><div class=\"special-heading-border\"><div class=\"special-heading-inner-border\"><\/div><\/div><\/div><\/p>\n<div class='avia-data-table-wrap av-av_table-0524c7e19a49549b17f137d45fb8f58f avia_responsive_table avia-table-1'><table  class='avia-table avia-data-table avia_pricing_minimal  avia-builder-el-8  el_after_av_heading  el_before_av_textblock '  itemscope=\"itemscope\" itemtype=\"https:\/\/schema.org\/Table\" ><tbody><tr class='avia-heading-row'><th class='avia-highlight-col'>\u00a0<\/th><th class=''>Baisse- moyenne- und fine saison*<\/th><th class=''>Haute saison*<\/th><\/tr><tr class=''><td class='avia-highlight-col'>Chambre single<\/td><td class=''>CHF 100.\u2013 \u00e0 CHF 125.\u2013<\/td><td class=''>CHF 140.\u2013 \u00e0 CHF 145.\u2013<\/td><\/tr><tr class=''><td class='avia-highlight-col'>Chambre double<\/td><td class=''>CHF 180.\u2013 \u00e0 CHF 230.\u2013<\/td><td class=''>CHF 250.\u2013 \u00e0 CHF 260.\u2013<\/td><\/tr><\/tbody><\/table><\/div><style type='text\/css'>.avia-table-1 td:nth-of-type(1):before { content: '\u00a0'; } .avia-table-1 td:nth-of-type(2):before { content: 'Baisse- moyenne- und fine saison*'; } .avia-table-1 td:nth-of-type(3):before { content: 'Haute saison*'; } <\/style>\n\n<style type=\"text\/css\" data-created_by=\"avia_inline_auto\" id=\"style-css-av-av_textblock-a2276d10a400a6df57d56f5f107de3db\">\n#top .av_textblock_section.av-av_textblock-a2276d10a400a6df57d56f5f107de3db .avia_textblock{\ntext-align:center;\n}\n<\/style>\n<section  class='av_textblock_section av-av_textblock-a2276d10a400a6df57d56f5f107de3db '   itemscope=\"itemscope\" itemtype=\"https:\/\/schema.org\/CreativeWork\" ><div class='avia_textblock'  itemprop=\"text\" ><p>Les prix s&rsquo;entendent par chambre et par nuit avec le petit d\u00e9jeuner du buffet, TVA et service compris. La City Tax (par personne et nuit CHF 4.50) n&rsquo;est pas comprise.<\/p>\n<\/div><\/section>\n<\/div><\/div><\/div><!-- close content main div --><\/div><\/div><div id='av_section_2'  class='avia-section av-av_section-3ca119dd201e722ff05b4716496ba72b main_color avia-section-no-padding avia-no-border-styling  avia-builder-el-10  el_after_av_textblock  avia-builder-el-last  cc-portfolio-bottom avia-bg-style-scroll container_wrap fullsize'  ><div class='container av-section-cont-open' ><div class='template-page content  av-content-full alpha units'><div class='post-entry post-entry-type-page post-entry-1491'><div class='entry-content-wrapper clearfix'>\n\n<style type=\"text\/css\" data-created_by=\"avia_inline_auto\" id=\"style-css-av-av_hr-2a48472833d555223c2e4434bd42acfc\">\n#top .hr.av-av_hr-2a48472833d555223c2e4434bd42acfc{\nmargin-top:0px;\nmargin-bottom:50px;\n}\n.hr.av-av_hr-2a48472833d555223c2e4434bd42acfc .hr-inner{\nwidth:45%;\nborder-color:#adadad;\nmax-width:45%;\n}\n.hr.av-av_hr-2a48472833d555223c2e4434bd42acfc .av-seperator-icon{\ncolor:#d86025;\n}\n.hr.av-av_hr-2a48472833d555223c2e4434bd42acfc .av-seperator-icon.avia-svg-icon svg:first-child{\nfill:#d86025;\nstroke:#d86025;\n}\n<\/style>\n<div  class='hr av-av_hr-2a48472833d555223c2e4434bd42acfc hr-custom  avia-builder-el-11  el_before_av_one_fourth  avia-builder-el-first  hr-center hr-icon-yes'><span class='hr-inner inner-border-av-border-thin'><span class=\"hr-inner-style\"><\/span><\/span><span class='av-seperator-icon avia-iconfont avia-font-entypo-fontello' data-av_icon='\ue8ce' data-av_iconfont='entypo-fontello' ><\/span><span class='hr-inner inner-border-av-border-thin'><span class=\"hr-inner-style\"><\/span><\/span><\/div>\n\n<style type=\"text\/css\" data-created_by=\"avia_inline_auto\" id=\"style-css-av-av_one_fourth-2273f2ea52081c6d89573fd57db1e4d8\">\n#top .flex_column.av-av_one_fourth-2273f2ea52081c6d89573fd57db1e4d8{\nmargin-top:30px;\nmargin-bottom:30px;\n}\n.flex_column.av-av_one_fourth-2273f2ea52081c6d89573fd57db1e4d8{\nborder-radius:0px 0px 0px 0px;\npadding:0px 0px 0px 0px;\n}\n.responsive #top #wrap_all .flex_column.av-av_one_fourth-2273f2ea52081c6d89573fd57db1e4d8{\nmargin-top:30px;\nmargin-bottom:30px;\n}\n<\/style>\n<div  class='flex_column av-av_one_fourth-2273f2ea52081c6d89573fd57db1e4d8 av_one_fourth  avia-builder-el-12  el_after_av_hr  el_before_av_one_fourth  first flex_column_div av-zero-column-padding  '     ><article  class='iconbox iconbox_left av-av_icon_box-4bf14a086f01f6a50927f153c19489ea  avia-builder-el-13  avia-builder-el-no-sibling '  itemscope=\"itemscope\" itemtype=\"https:\/\/schema.org\/CreativeWork\" ><div class=\"iconbox_content\"><header class=\"entry-content-header\" aria-label=\"Ic\u00f4ne : 1-2 personnes\"><div class='iconbox_icon heading-color avia-iconfont avia-font-entypo-fontello' data-av_icon='\ue80b' data-av_iconfont='entypo-fontello'  ><\/div><h3 class='iconbox_content_title '  itemprop=\"headline\" >1-2 personnes<\/h3><\/header><div class='iconbox_content_container '  itemprop=\"text\" ><p>Chambres confortables<\/p>\n<\/div><\/div><footer class=\"entry-footer\"><\/footer><\/article><\/div>\n<style type=\"text\/css\" data-created_by=\"avia_inline_auto\" id=\"style-css-av-av_one_fourth-b71e18bdb5b27ee837dd13d3a084d41a\">\n#top .flex_column.av-av_one_fourth-b71e18bdb5b27ee837dd13d3a084d41a{\nmargin-top:30px;\nmargin-bottom:30px;\n}\n.flex_column.av-av_one_fourth-b71e18bdb5b27ee837dd13d3a084d41a{\nborder-radius:0px 0px 0px 0px;\npadding:0px 0px 0px 0px;\n}\n.responsive #top #wrap_all .flex_column.av-av_one_fourth-b71e18bdb5b27ee837dd13d3a084d41a{\nmargin-top:30px;\nmargin-bottom:30px;\n}\n<\/style>\n<div  class='flex_column av-av_one_fourth-b71e18bdb5b27ee837dd13d3a084d41a av_one_fourth  avia-builder-el-14  el_after_av_one_fourth  el_before_av_one_fourth  flex_column_div av-zero-column-padding  '     ><article  class='iconbox iconbox_left av-av_icon_box-b56adbf7c8725aa1f02f5beb5504748d  avia-builder-el-15  avia-builder-el-no-sibling '  itemscope=\"itemscope\" itemtype=\"https:\/\/schema.org\/CreativeWork\" ><div class=\"iconbox_content\"><header class=\"entry-content-header\" aria-label=\"Ic\u00f4ne : Salle de bain\"><div class='iconbox_icon heading-color avia-iconfont avia-font-entypo-fontello' data-av_icon='\ue8cc' data-av_iconfont='entypo-fontello'  ><\/div><h3 class='iconbox_content_title '  itemprop=\"headline\" >Salle de bain<\/h3><\/header><div class='iconbox_content_container '  itemprop=\"text\" ><p>Avec douche ou baignoire<\/p>\n<\/div><\/div><footer class=\"entry-footer\"><\/footer><\/article><\/div>\n<style type=\"text\/css\" data-created_by=\"avia_inline_auto\" id=\"style-css-av-av_one_fourth-b71e18bdb5b27ee837dd13d3a084d41a\">\n#top .flex_column.av-av_one_fourth-b71e18bdb5b27ee837dd13d3a084d41a{\nmargin-top:30px;\nmargin-bottom:30px;\n}\n.flex_column.av-av_one_fourth-b71e18bdb5b27ee837dd13d3a084d41a{\nborder-radius:0px 0px 0px 0px;\npadding:0px 0px 0px 0px;\n}\n.responsive #top #wrap_all .flex_column.av-av_one_fourth-b71e18bdb5b27ee837dd13d3a084d41a{\nmargin-top:30px;\nmargin-bottom:30px;\n}\n<\/style>\n<div  class='flex_column av-av_one_fourth-b71e18bdb5b27ee837dd13d3a084d41a av_one_fourth  avia-builder-el-16  el_after_av_one_fourth  el_before_av_one_fourth  flex_column_div av-zero-column-padding  '     ><article  class='iconbox iconbox_left av-av_icon_box-1afa5a83fa9a2f6148e60bf0cfdc6c44  avia-builder-el-17  avia-builder-el-no-sibling '  itemscope=\"itemscope\" itemtype=\"https:\/\/schema.org\/CreativeWork\" ><div class=\"iconbox_content\"><header class=\"entry-content-header\" aria-label=\"Ic\u00f4ne : Wi-Fi\"><div class='iconbox_icon heading-color avia-iconfont avia-font-entypo-fontello' data-av_icon='\ue8a7' data-av_iconfont='entypo-fontello'  ><\/div><h3 class='iconbox_content_title '  itemprop=\"headline\" >Wi-Fi<\/h3><\/header><div class='iconbox_content_container '  itemprop=\"text\" ><p>Acc\u00e8s gratuit \u00e0 Internet dans tout l&rsquo;h\u00f4tel<\/p>\n<\/div><\/div><footer class=\"entry-footer\"><\/footer><\/article><\/div>\n<style type=\"text\/css\" data-created_by=\"avia_inline_auto\" id=\"style-css-av-av_one_fourth-b71e18bdb5b27ee837dd13d3a084d41a\">\n#top .flex_column.av-av_one_fourth-b71e18bdb5b27ee837dd13d3a084d41a{\nmargin-top:30px;\nmargin-bottom:30px;\n}\n.flex_column.av-av_one_fourth-b71e18bdb5b27ee837dd13d3a084d41a{\nborder-radius:0px 0px 0px 0px;\npadding:0px 0px 0px 0px;\n}\n.responsive #top #wrap_all .flex_column.av-av_one_fourth-b71e18bdb5b27ee837dd13d3a084d41a{\nmargin-top:30px;\nmargin-bottom:30px;\n}\n<\/style>\n<div  class='flex_column av-av_one_fourth-b71e18bdb5b27ee837dd13d3a084d41a av_one_fourth  avia-builder-el-18  el_after_av_one_fourth  el_before_av_one_fourth  flex_column_div av-zero-column-padding  '     ><article  class='iconbox iconbox_left av-av_icon_box-38a9610426c606874c95b4b5e65ca3d8  avia-builder-el-19  avia-builder-el-no-sibling '  itemscope=\"itemscope\" itemtype=\"https:\/\/schema.org\/CreativeWork\" ><div class=\"iconbox_content\"><header class=\"entry-content-header\" aria-label=\"Ic\u00f4ne : Piscine\"><div class='iconbox_icon heading-color avia-iconfont avia-font-entypo-fontello' data-av_icon='\ue8ce' data-av_iconfont='entypo-fontello'  ><\/div><h3 class='iconbox_content_title '  itemprop=\"headline\" >Piscine<\/h3><\/header><div class='iconbox_content_container '  itemprop=\"text\" ><p>La piscine ext\u00e9rieure vous invite \u00e0 la d\u00e9tente et \u00e0 la relaxation<\/p>\n<\/div><\/div><footer class=\"entry-footer\"><\/footer><\/article><\/div>\n<style type=\"text\/css\" data-created_by=\"avia_inline_auto\" id=\"style-css-av-av_one_fourth-2273f2ea52081c6d89573fd57db1e4d8\">\n#top .flex_column.av-av_one_fourth-2273f2ea52081c6d89573fd57db1e4d8{\nmargin-top:30px;\nmargin-bottom:30px;\n}\n.flex_column.av-av_one_fourth-2273f2ea52081c6d89573fd57db1e4d8{\nborder-radius:0px 0px 0px 0px;\npadding:0px 0px 0px 0px;\n}\n.responsive #top #wrap_all .flex_column.av-av_one_fourth-2273f2ea52081c6d89573fd57db1e4d8{\nmargin-top:30px;\nmargin-bottom:30px;\n}\n<\/style>\n<div  class='flex_column av-av_one_fourth-2273f2ea52081c6d89573fd57db1e4d8 av_one_fourth  avia-builder-el-20  el_after_av_one_fourth  el_before_av_one_fourth  first flex_column_div av-zero-column-padding  column-top-margin'     ><article  class='iconbox iconbox_left av-av_icon_box-30e4c0fcebc45b08fbdb93d3f565f076  avia-builder-el-21  avia-builder-el-no-sibling '  itemscope=\"itemscope\" itemtype=\"https:\/\/schema.org\/CreativeWork\" ><div class=\"iconbox_content\"><header class=\"entry-content-header\" aria-label=\"Ic\u00f4ne : 24 R\u00e9ception\"><div class='iconbox_icon heading-color avia-iconfont avia-font-entypo-fontello' data-av_icon='\ue862' data-av_iconfont='entypo-fontello'  ><\/div><h3 class='iconbox_content_title '  itemprop=\"headline\" >24 R\u00e9ception<\/h3><\/header><div class='iconbox_content_container '  itemprop=\"text\" ><p>R\u00e9ception avec personnel<\/p>\n<\/div><\/div><footer class=\"entry-footer\"><\/footer><\/article><\/div>\n<style type=\"text\/css\" data-created_by=\"avia_inline_auto\" id=\"style-css-av-av_one_fourth-b71e18bdb5b27ee837dd13d3a084d41a\">\n#top .flex_column.av-av_one_fourth-b71e18bdb5b27ee837dd13d3a084d41a{\nmargin-top:30px;\nmargin-bottom:30px;\n}\n.flex_column.av-av_one_fourth-b71e18bdb5b27ee837dd13d3a084d41a{\nborder-radius:0px 0px 0px 0px;\npadding:0px 0px 0px 0px;\n}\n.responsive #top #wrap_all .flex_column.av-av_one_fourth-b71e18bdb5b27ee837dd13d3a084d41a{\nmargin-top:30px;\nmargin-bottom:30px;\n}\n<\/style>\n<div  class='flex_column av-av_one_fourth-b71e18bdb5b27ee837dd13d3a084d41a av_one_fourth  avia-builder-el-22  el_after_av_one_fourth  el_before_av_one_fourth  flex_column_div av-zero-column-padding  column-top-margin'     ><article  class='iconbox iconbox_left av-av_icon_box-fcf4b0402031e28c836f843044aacd9e  avia-builder-el-23  avia-builder-el-no-sibling '  itemscope=\"itemscope\" itemtype=\"https:\/\/schema.org\/CreativeWork\" ><div class=\"iconbox_content\"><header class=\"entry-content-header\" aria-label=\"Ic\u00f4ne : T\u00c9L\u00c9VISION\"><div class='iconbox_icon heading-color avia-iconfont avia-font-entypo-fontello' data-av_icon='\ue8ab' data-av_iconfont='entypo-fontello'  ><\/div><h3 class='iconbox_content_title '  itemprop=\"headline\" >T\u00c9L\u00c9VISION<\/h3><\/header><div class='iconbox_content_container '  itemprop=\"text\" ><p>Chaque chambre dispose de programmes internationaux<\/p>\n<\/div><\/div><footer class=\"entry-footer\"><\/footer><\/article><\/div>\n<style type=\"text\/css\" data-created_by=\"avia_inline_auto\" id=\"style-css-av-av_one_fourth-b71e18bdb5b27ee837dd13d3a084d41a\">\n#top .flex_column.av-av_one_fourth-b71e18bdb5b27ee837dd13d3a084d41a{\nmargin-top:30px;\nmargin-bottom:30px;\n}\n.flex_column.av-av_one_fourth-b71e18bdb5b27ee837dd13d3a084d41a{\nborder-radius:0px 0px 0px 0px;\npadding:0px 0px 0px 0px;\n}\n.responsive #top #wrap_all .flex_column.av-av_one_fourth-b71e18bdb5b27ee837dd13d3a084d41a{\nmargin-top:30px;\nmargin-bottom:30px;\n}\n<\/style>\n<div  class='flex_column av-av_one_fourth-b71e18bdb5b27ee837dd13d3a084d41a av_one_fourth  avia-builder-el-24  el_after_av_one_fourth  el_before_av_one_fourth  flex_column_div av-zero-column-padding  column-top-margin'     ><article  class='iconbox iconbox_left av-av_icon_box-ee092fa31f524281417caae8448f2b65  avia-builder-el-25  avia-builder-el-no-sibling '  itemscope=\"itemscope\" itemtype=\"https:\/\/schema.org\/CreativeWork\" ><div class=\"iconbox_content\"><header class=\"entry-content-header\" aria-label=\"Ic\u00f4ne : Petit d\u00e9jeuner\"><div class='iconbox_icon heading-color avia-iconfont avia-font-entypo-fontello' data-av_icon='\ue812' data-av_iconfont='entypo-fontello'  ><\/div><h3 class='iconbox_content_title '  itemprop=\"headline\" >Petit d\u00e9jeuner<\/h3><\/header><div class='iconbox_content_container '  itemprop=\"text\" ><p>Riche buffet de 7h30 \u00e0 11h00<\/p>\n<\/div><\/div><footer class=\"entry-footer\"><\/footer><\/article><\/div>\n<style type=\"text\/css\" data-created_by=\"avia_inline_auto\" id=\"style-css-av-av_one_fourth-b71e18bdb5b27ee837dd13d3a084d41a\">\n#top .flex_column.av-av_one_fourth-b71e18bdb5b27ee837dd13d3a084d41a{\nmargin-top:30px;\nmargin-bottom:30px;\n}\n.flex_column.av-av_one_fourth-b71e18bdb5b27ee837dd13d3a084d41a{\nborder-radius:0px 0px 0px 0px;\npadding:0px 0px 0px 0px;\n}\n.responsive #top #wrap_all .flex_column.av-av_one_fourth-b71e18bdb5b27ee837dd13d3a084d41a{\nmargin-top:30px;\nmargin-bottom:30px;\n}\n<\/style>\n<div  class='flex_column av-av_one_fourth-b71e18bdb5b27ee837dd13d3a084d41a av_one_fourth  avia-builder-el-26  el_after_av_one_fourth  el_before_av_one_full  flex_column_div av-zero-column-padding  column-top-margin'     ><article  class='iconbox iconbox_left av-av_icon_box-fc20c45eb241d9748e71409b1e6b52df  avia-builder-el-27  avia-builder-el-no-sibling '  itemscope=\"itemscope\" itemtype=\"https:\/\/schema.org\/CreativeWork\" ><div class=\"iconbox_content\"><header class=\"entry-content-header\" aria-label=\"Ic\u00f4ne : Service en chambre\"><div class='iconbox_icon heading-color avia-iconfont avia-font-entypo-fontello' data-av_icon='\ue83d' data-av_iconfont='entypo-fontello'  ><\/div><h3 class='iconbox_content_title '  itemprop=\"headline\" >Service en chambre<\/h3><\/header><div class='iconbox_content_container '  itemprop=\"text\" ><p>Service de nettoyage et de pr\u00e9paration des chambres<\/p>\n<\/div><\/div><footer class=\"entry-footer\"><\/footer><\/article><\/div>\n<style type=\"text\/css\" data-created_by=\"avia_inline_auto\" id=\"style-css-av-av_one_full-43099820475611fbbfa5180d953d86ba\">\n.flex_column.av-av_one_full-43099820475611fbbfa5180d953d86ba{\nborder-radius:0px 0px 0px 0px;\npadding:0px 0px 0px 0px;\n}\n<\/style>\n<div  class='flex_column av-av_one_full-43099820475611fbbfa5180d953d86ba av_one_full  avia-builder-el-28  el_after_av_one_fourth  avia-builder-el-last  first flex_column_div av-animated-generic bottom-to-top av-zero-column-padding  column-top-margin'     ><style type=\"text\/css\" data-created_by=\"avia_inline_auto\" id=\"style-css-av-av_textblock-a2276d10a400a6df57d56f5f107de3db\">\n#top .av_textblock_section.av-av_textblock-a2276d10a400a6df57d56f5f107de3db .avia_textblock{\ntext-align:center;\n}\n<\/style>\n<section  class='av_textblock_section av-av_textblock-a2276d10a400a6df57d56f5f107de3db '   itemscope=\"itemscope\" itemtype=\"https:\/\/schema.org\/CreativeWork\" ><div class='avia_textblock'  itemprop=\"text\" ><p>Toutes nos chambres sont non-fumeurs et disposent d&rsquo;une baignoire\/WC ou d&rsquo;une douche\/WC, de l&rsquo;air conditionn\u00e9, d&rsquo;un minibar, d&rsquo;un coffre-fort, d&rsquo;un t\u00e9l\u00e9phone, d&rsquo;une radio\/TV et d&rsquo;une connexion Wi-Fi gratuite.<\/p>\n<\/div><\/section><\/div>\n\n","protected":false},"excerpt":{"rendered":"<p>ab CHF 180.-<\/p>\n","protected":false},"author":2,"featured_media":14416,"comment_status":"open","ping_status":"closed","template":"","meta":{"footnotes":""},"tags":[],"portfolio_entries":[50],"class_list":["post-1491","portfolio","type-portfolio","status-publish","has-post-thumbnail","hentry","portfolio_entries-chambres"],"yoast_head":"<!-- This site is optimized with the Yoast SEO plugin v27.2 - https:\/\/yoast.com\/product\/yoast-seo-wordpress\/ -->\n<title>Type Easy - Romantik Hotel Castello Seeschloss<\/title>\n<meta name=\"robots\" content=\"index, follow, max-snippet:-1, max-image-preview:large, max-video-preview:-1\" \/>\n<link rel=\"canonical\" href=\"https:\/\/www.castello-seeschloss.ch\/fr\/portfolio-item\/easy-zimmer\/\" \/>\n<meta property=\"og:locale\" content=\"fr_FR\" \/>\n<meta property=\"og:type\" content=\"article\" \/>\n<meta property=\"og:title\" content=\"Type Easy - Romantik Hotel Castello Seeschloss\" \/>\n<meta property=\"og:description\" content=\"ab CHF 180.-\" \/>\n<meta property=\"og:url\" content=\"https:\/\/www.castello-seeschloss.ch\/fr\/portfolio-item\/easy-zimmer\/\" \/>\n<meta property=\"og:site_name\" content=\"Romantik Hotel Castello Seeschloss\" \/>\n<meta property=\"article:modified_time\" content=\"2025-06-05T09:47:51+00:00\" \/>\n<meta property=\"og:image\" content=\"https:\/\/www.castello-seeschloss.ch\/wp-content\/uploads\/2017\/01\/505.jpeg\" \/>\n\t<meta property=\"og:image:width\" content=\"1599\" \/>\n\t<meta property=\"og:image:height\" content=\"1200\" \/>\n\t<meta property=\"og:image:type\" content=\"image\/jpeg\" \/>\n<meta name=\"twitter:card\" content=\"summary_large_image\" \/>\n<meta name=\"twitter:label1\" content=\"Dur\u00e9e de lecture estim\u00e9e\" \/>\n\t<meta name=\"twitter:data1\" content=\"4 minutes\" \/>\n<script type=\"application\/ld+json\" class=\"yoast-schema-graph\">{\"@context\":\"https:\/\/schema.org\",\"@graph\":[{\"@type\":\"WebPage\",\"@id\":\"https:\/\/www.castello-seeschloss.ch\/fr\/portfolio-item\/easy-zimmer\/\",\"url\":\"https:\/\/www.castello-seeschloss.ch\/fr\/portfolio-item\/easy-zimmer\/\",\"name\":\"Type Easy - Romantik Hotel Castello Seeschloss\",\"isPartOf\":{\"@id\":\"https:\/\/www.castello-seeschloss.ch\/#website\"},\"primaryImageOfPage\":{\"@id\":\"https:\/\/www.castello-seeschloss.ch\/fr\/portfolio-item\/easy-zimmer\/#primaryimage\"},\"image\":{\"@id\":\"https:\/\/www.castello-seeschloss.ch\/fr\/portfolio-item\/easy-zimmer\/#primaryimage\"},\"thumbnailUrl\":\"https:\/\/www.castello-seeschloss.ch\/wp-content\/uploads\/2017\/01\/505.jpeg\",\"datePublished\":\"2017-01-23T01:00:38+00:00\",\"dateModified\":\"2025-06-05T09:47:51+00:00\",\"breadcrumb\":{\"@id\":\"https:\/\/www.castello-seeschloss.ch\/fr\/portfolio-item\/easy-zimmer\/#breadcrumb\"},\"inLanguage\":\"fr-FR\",\"potentialAction\":[{\"@type\":\"ReadAction\",\"target\":[\"https:\/\/www.castello-seeschloss.ch\/fr\/portfolio-item\/easy-zimmer\/\"]}]},{\"@type\":\"ImageObject\",\"inLanguage\":\"fr-FR\",\"@id\":\"https:\/\/www.castello-seeschloss.ch\/fr\/portfolio-item\/easy-zimmer\/#primaryimage\",\"url\":\"https:\/\/www.castello-seeschloss.ch\/wp-content\/uploads\/2017\/01\/505.jpeg\",\"contentUrl\":\"https:\/\/www.castello-seeschloss.ch\/wp-content\/uploads\/2017\/01\/505.jpeg\",\"width\":1599,\"height\":1200},{\"@type\":\"BreadcrumbList\",\"@id\":\"https:\/\/www.castello-seeschloss.ch\/fr\/portfolio-item\/easy-zimmer\/#breadcrumb\",\"itemListElement\":[{\"@type\":\"ListItem\",\"position\":1,\"name\":\"Startseite\",\"item\":\"https:\/\/www.castello-seeschloss.ch\/fr\/\"},{\"@type\":\"ListItem\",\"position\":2,\"name\":\"Type Easy\"}]},{\"@type\":\"WebSite\",\"@id\":\"https:\/\/www.castello-seeschloss.ch\/#website\",\"url\":\"https:\/\/www.castello-seeschloss.ch\/\",\"name\":\"Romantik Hotel Castello Seeschloss\",\"description\":\"Ascona Tessin\",\"potentialAction\":[{\"@type\":\"SearchAction\",\"target\":{\"@type\":\"EntryPoint\",\"urlTemplate\":\"https:\/\/www.castello-seeschloss.ch\/?s={search_term_string}\"},\"query-input\":{\"@type\":\"PropertyValueSpecification\",\"valueRequired\":true,\"valueName\":\"search_term_string\"}}],\"inLanguage\":\"fr-FR\"}]}<\/script>\n<!-- \/ Yoast SEO plugin. -->","yoast_head_json":{"title":"Type Easy - Romantik Hotel Castello Seeschloss","robots":{"index":"index","follow":"follow","max-snippet":"max-snippet:-1","max-image-preview":"max-image-preview:large","max-video-preview":"max-video-preview:-1"},"canonical":"https:\/\/www.castello-seeschloss.ch\/fr\/portfolio-item\/easy-zimmer\/","og_locale":"fr_FR","og_type":"article","og_title":"Type Easy - Romantik Hotel Castello Seeschloss","og_description":"ab CHF 180.-","og_url":"https:\/\/www.castello-seeschloss.ch\/fr\/portfolio-item\/easy-zimmer\/","og_site_name":"Romantik Hotel Castello Seeschloss","article_modified_time":"2025-06-05T09:47:51+00:00","og_image":[{"width":1599,"height":1200,"url":"https:\/\/www.castello-seeschloss.ch\/wp-content\/uploads\/2017\/01\/505.jpeg","type":"image\/jpeg"}],"twitter_card":"summary_large_image","twitter_misc":{"Dur\u00e9e de lecture estim\u00e9e":"4 minutes"},"schema":{"@context":"https:\/\/schema.org","@graph":[{"@type":"WebPage","@id":"https:\/\/www.castello-seeschloss.ch\/fr\/portfolio-item\/easy-zimmer\/","url":"https:\/\/www.castello-seeschloss.ch\/fr\/portfolio-item\/easy-zimmer\/","name":"Type Easy - Romantik Hotel Castello Seeschloss","isPartOf":{"@id":"https:\/\/www.castello-seeschloss.ch\/#website"},"primaryImageOfPage":{"@id":"https:\/\/www.castello-seeschloss.ch\/fr\/portfolio-item\/easy-zimmer\/#primaryimage"},"image":{"@id":"https:\/\/www.castello-seeschloss.ch\/fr\/portfolio-item\/easy-zimmer\/#primaryimage"},"thumbnailUrl":"https:\/\/www.castello-seeschloss.ch\/wp-content\/uploads\/2017\/01\/505.jpeg","datePublished":"2017-01-23T01:00:38+00:00","dateModified":"2025-06-05T09:47:51+00:00","breadcrumb":{"@id":"https:\/\/www.castello-seeschloss.ch\/fr\/portfolio-item\/easy-zimmer\/#breadcrumb"},"inLanguage":"fr-FR","potentialAction":[{"@type":"ReadAction","target":["https:\/\/www.castello-seeschloss.ch\/fr\/portfolio-item\/easy-zimmer\/"]}]},{"@type":"ImageObject","inLanguage":"fr-FR","@id":"https:\/\/www.castello-seeschloss.ch\/fr\/portfolio-item\/easy-zimmer\/#primaryimage","url":"https:\/\/www.castello-seeschloss.ch\/wp-content\/uploads\/2017\/01\/505.jpeg","contentUrl":"https:\/\/www.castello-seeschloss.ch\/wp-content\/uploads\/2017\/01\/505.jpeg","width":1599,"height":1200},{"@type":"BreadcrumbList","@id":"https:\/\/www.castello-seeschloss.ch\/fr\/portfolio-item\/easy-zimmer\/#breadcrumb","itemListElement":[{"@type":"ListItem","position":1,"name":"Startseite","item":"https:\/\/www.castello-seeschloss.ch\/fr\/"},{"@type":"ListItem","position":2,"name":"Type Easy"}]},{"@type":"WebSite","@id":"https:\/\/www.castello-seeschloss.ch\/#website","url":"https:\/\/www.castello-seeschloss.ch\/","name":"Romantik Hotel Castello Seeschloss","description":"Ascona Tessin","potentialAction":[{"@type":"SearchAction","target":{"@type":"EntryPoint","urlTemplate":"https:\/\/www.castello-seeschloss.ch\/?s={search_term_string}"},"query-input":{"@type":"PropertyValueSpecification","valueRequired":true,"valueName":"search_term_string"}}],"inLanguage":"fr-FR"}]}},"publishpress_future_workflow_manual_trigger":{"enabledWorkflows":[]},"_links":{"self":[{"href":"https:\/\/www.castello-seeschloss.ch\/fr\/wp-json\/wp\/v2\/portfolio\/1491","targetHints":{"allow":["GET"]}}],"collection":[{"href":"https:\/\/www.castello-seeschloss.ch\/fr\/wp-json\/wp\/v2\/portfolio"}],"about":[{"href":"https:\/\/www.castello-seeschloss.ch\/fr\/wp-json\/wp\/v2\/types\/portfolio"}],"author":[{"embeddable":true,"href":"https:\/\/www.castello-seeschloss.ch\/fr\/wp-json\/wp\/v2\/users\/2"}],"replies":[{"embeddable":true,"href":"https:\/\/www.castello-seeschloss.ch\/fr\/wp-json\/wp\/v2\/comments?post=1491"}],"version-history":[{"count":0,"href":"https:\/\/www.castello-seeschloss.ch\/fr\/wp-json\/wp\/v2\/portfolio\/1491\/revisions"}],"wp:featuredmedia":[{"embeddable":true,"href":"https:\/\/www.castello-seeschloss.ch\/fr\/wp-json\/wp\/v2\/media\/14416"}],"wp:attachment":[{"href":"https:\/\/www.castello-seeschloss.ch\/fr\/wp-json\/wp\/v2\/media?parent=1491"}],"wp:term":[{"taxonomy":"post_tag","embeddable":true,"href":"https:\/\/www.castello-seeschloss.ch\/fr\/wp-json\/wp\/v2\/tags?post=1491"},{"taxonomy":"portfolio_entries","embeddable":true,"href":"https:\/\/www.castello-seeschloss.ch\/fr\/wp-json\/wp\/v2\/portfolio_entries?post=1491"}],"curies":[{"name":"wp","href":"https:\/\/api.w.org\/{rel}","templated":true}]}}